{"id":843254,"date":"2024-12-09T16:16:10","date_gmt":"2024-12-09T15:16:10","guid":{"rendered":"https:\/\/www.lourdes-france.com\/jubile2025-a-lourdes\/"},"modified":"2025-02-05T12:21:00","modified_gmt":"2025-02-05T11:21:00","slug":"jubile2025-a-lourdes","status":"publish","type":"page","link":"https:\/\/www.lourdes-france.com\/pt-br\/jubile2025-a-lourdes\/","title":{"rendered":"Jubileu 2025 em Lourdes"},"content":{"rendered":"\t\t<div data-elementor-type=\"wp-page\" data-elementor-id=\"843254\" class=\"elementor elementor-843254 elementor-840222\" data-elementor-post-type=\"page\">\n\t\t\t\t\t\t<section class=\"elementor-section elementor-top-section elementor-element elementor-element-2813f1c elementor-section-full_width elementor-section-stretched elementor-section-height-default elementor-section-height-default\" data-id=\"2813f1c\" data-element_type=\"section\" data-settings=\"{&quot;stretch_section&quot;:&quot;section-stretched&quot;,&quot;background_background&quot;:&quot;classic&quot;}\">\n\t\t\t\t\t\t\t<div class=\"elementor-background-overlay\"><\/div>\n\t\t\t\t\t\t\t<div class=\"elementor-container elementor-column-gap-default\">\n\t\t\t\t\t<div class=\"elementor-column elementor-col-100 elementor-top-column elementor-element elementor-element-e351cb5\" data-id=\"e351cb5\" data-element_type=\"column\">\n\t\t\t<div class=\"elementor-widget-wrap elementor-element-populated\">\n\t\t\t\t\t\t<div class=\"elementor-element elementor-element-5815d49 elementor-widget elementor-widget-heading\" data-id=\"5815d49\" data-element_type=\"widget\" data-widget_type=\"heading.default\">\n\t\t\t\t<div class=\"elementor-widget-container\">\n\t\t\t\t\t<h2 class=\"elementor-heading-title elementor-size-default\">Jubileu 2025 em Lourdes<\/h2>\t\t\t\t<\/div>\n\t\t\t\t<\/div>\n\t\t\t\t\t<\/div>\n\t\t<\/div>\n\t\t\t\t\t<\/div>\n\t\t<\/section>\n\t\t\t\t<section class=\"elementor-section elementor-top-section elementor-element elementor-element-9dc5932 elementor-section-boxed elementor-section-height-default elementor-section-height-default\" data-id=\"9dc5932\" data-element_type=\"section\">\n\t\t\t\t\t\t<div class=\"elementor-container elementor-column-gap-default\">\n\t\t\t\t\t<div class=\"elementor-column elementor-col-100 elementor-top-column elementor-element elementor-element-3f25079\" data-id=\"3f25079\" data-element_type=\"column\">\n\t\t\t<div class=\"elementor-widget-wrap elementor-element-populated\">\n\t\t\t\t\t\t<div class=\"elementor-element elementor-element-3209396 elementor-widget elementor-widget-heading\" data-id=\"3209396\" data-element_type=\"widget\" data-widget_type=\"heading.default\">\n\t\t\t\t<div class=\"elementor-widget-container\">\n\t\t\t\t\t<h3 class=\"elementor-heading-title elementor-size-default\">Todos os caminhos levam \u00e0 Esperan\u00e7a... <\/h3>\t\t\t\t<\/div>\n\t\t\t\t<\/div>\n\t\t\t\t<div class=\"elementor-element elementor-element-a670972 elementor-widget elementor-widget-text-editor\" data-id=\"a670972\" data-element_type=\"widget\" data-widget_type=\"text-editor.default\">\n\t\t\t\t<div class=\"elementor-widget-container\">\n\t\t\t\t\t\t\t\t\t<p>Peregrinos de todo o mundo convergir\u00e3o para Roma para atravessar a Porta Santa, mas ser\u00e1 poss\u00edvel experimentar tamb\u00e9m a gra\u00e7a do Jubileu no Santu\u00e1rio de Nossa Senhora de Lourdes. O Ano Jubilar ser\u00e1 oficialmente aberto em Lourdes durante a missa de 31 de dezembro na Gruta \u00e0s 23h.<\/p>\t\t\t\t\t\t\t\t<\/div>\n\t\t\t\t<\/div>\n\t\t\t\t<div class=\"elementor-element elementor-element-0d7097e elementor-widget elementor-widget-video\" data-id=\"0d7097e\" data-element_type=\"widget\" data-settings=\"{&quot;youtube_url&quot;:&quot;https:\\\/\\\/youtu.be\\\/lJa3yR94vWo&quot;,&quot;video_type&quot;:&quot;youtube&quot;,&quot;controls&quot;:&quot;yes&quot;}\" data-widget_type=\"video.default\">\n\t\t\t\t<div class=\"elementor-widget-container\">\n\t\t\t\t\t\t\t<div class=\"elementor-wrapper elementor-open-inline\">\n\t\t\t<div class=\"elementor-video\"><\/div>\t\t<\/div>\n\t\t\t\t\t\t<\/div>\n\t\t\t\t<\/div>\n\t\t\t\t<div class=\"elementor-element elementor-element-1ba4efb elementor-widget elementor-widget-heading\" data-id=\"1ba4efb\" data-element_type=\"widget\" data-widget_type=\"heading.default\">\n\t\t\t\t<div class=\"elementor-widget-container\">\n\t\t\t\t\t<h3 class=\"elementor-heading-title elementor-size-default\">Lourdes, Lugar do Jubileu<\/h3>\t\t\t\t<\/div>\n\t\t\t\t<\/div>\n\t\t\t\t<div class=\"elementor-element elementor-element-0b4a240 elementor-widget elementor-widget-text-editor\" data-id=\"0b4a240\" data-element_type=\"widget\" data-widget_type=\"text-editor.default\">\n\t\t\t\t<div class=\"elementor-widget-container\">\n\t\t\t\t\t\t\t\t\t<p><span style=\"font-family: Liberation Serif, serif;\"><span style=\"font-size: medium;\">Monsenhor Jean-Marc Micas, Bispo de Tarbes e Lourdes, estabeleceu, por <span style=\"text-decoration: underline;\"><strong>decreto<\/strong> <\/span>de 21 de novembro de 2024, que o Santu\u00e1rio de Nossa Senhora de Lourdes seja designado como um lugar onde os fi\u00e9is poder\u00e3o receber a gra\u00e7a da indulg\u00eancia plen\u00e1ria durante o Ano Jubilar.<\/span><\/span><\/p>\t\t\t\t\t\t\t\t<\/div>\n\t\t\t\t<\/div>\n\t\t\t\t<div class=\"elementor-element elementor-element-7f5e430 elementor-align-center elementor-widget elementor-widget-button\" data-id=\"7f5e430\" data-element_type=\"widget\" data-widget_type=\"button.default\">\n\t\t\t\t<div class=\"elementor-widget-container\">\n\t\t\t\t\t\t\t\t\t<div class=\"elementor-button-wrapper\">\n\t\t\t\t\t<a class=\"elementor-button elementor-button-link elementor-size-sm\" href=\"https:\/\/www.lourdes-france.com\/wp-content\/uploads\/2025\/02\/Decreto-en-portugais.pdf\" target=\"_blank\">\n\t\t\t\t\t\t<span class=\"elementor-button-content-wrapper\">\n\t\t\t\t\t\t\t\t\t<span class=\"elementor-button-text\">Leia o decreto de Monsenhor Jean-Marc Micas <\/span>\n\t\t\t\t\t<\/span>\n\t\t\t\t\t<\/a>\n\t\t\t\t<\/div>\n\t\t\t\t\t\t\t\t<\/div>\n\t\t\t\t<\/div>\n\t\t\t\t<div class=\"elementor-element elementor-element-6e7559b elementor-widget elementor-widget-text-editor\" data-id=\"6e7559b\" data-element_type=\"widget\" data-widget_type=\"text-editor.default\">\n\t\t\t\t<div class=\"elementor-widget-container\">\n\t\t\t\t\t\t\t\t\t<p align=\"justify\">A miss\u00e3o e o testemunho do Evangelho baseiam-se cada vez menos em a\u00e7\u00f5es, embora essenciais, do que na unidade vis\u00edvel, no respeito m\u00fatuo e no afeto fraterno. Para aqueles que n\u00e3o poder\u00e3o chegar a Roma, <strong>o Santu\u00e1rio de Lourdes convida voc\u00ea a viver uma peregrina\u00e7\u00e3o sob o olhar de Maria M\u00e3e da Esperan\u00e7a, Maria M\u00e3e da Igreja.<\/strong> Este per\u00edodo ser\u00e1 prop\u00edcio para rezar pela Igreja, pelo mundo, pela paz, assim como por todos os visitantes e peregrinos ao Santu\u00e1rio, para que todos estejam unidos na esperan\u00e7a, na f\u00e9 e na caridade.<\/p>\t\t\t\t\t\t\t\t<\/div>\n\t\t\t\t<\/div>\n\t\t\t\t<div class=\"elementor-element elementor-element-f63e738 elementor-widget elementor-widget-heading\" data-id=\"f63e738\" data-element_type=\"widget\" data-widget_type=\"heading.default\">\n\t\t\t\t<div class=\"elementor-widget-container\">\n\t\t\t\t\t<h3 class=\"elementor-heading-title elementor-size-default\">Recebendo a indulg\u00eancia plen\u00e1ria em Lourdes<\/h3>\t\t\t\t<\/div>\n\t\t\t\t<\/div>\n\t\t\t\t<div class=\"elementor-element elementor-element-648ce07 elementor-widget elementor-widget-text-editor\" data-id=\"648ce07\" data-element_type=\"widget\" data-widget_type=\"text-editor.default\">\n\t\t\t\t<div class=\"elementor-widget-container\">\n\t\t\t\t\t\t\t\t\t<p align=\"justify\"><strong>O Vaticano anunciou que a indulg\u00eancia plen\u00e1ria ser\u00e1 concedida<\/strong> como parte do Ano Jubilar de 2025. Ao conceder a indulg\u00eancia plen\u00e1ria, a Igreja cat\u00f3lica exprime o seu desejo de que os fi\u00e9is possam <strong>experimentar a miseric\u00f3rdia de Deus.<\/strong> De fato, conceder uma indulg\u00eancia plen\u00e1ria \u00e9 declarar a remiss\u00e3o ou perd\u00e3o dos pecados.<\/p>\t\t\t\t\t\t\t\t<\/div>\n\t\t\t\t<\/div>\n\t\t\t\t<div class=\"elementor-element elementor-element-13621cc elementor-align-center elementor-widget elementor-widget-button\" data-id=\"13621cc\" data-element_type=\"widget\" data-widget_type=\"button.default\">\n\t\t\t\t<div class=\"elementor-widget-container\">\n\t\t\t\t\t\t\t\t\t<div class=\"elementor-button-wrapper\">\n\t\t\t\t\t<a class=\"elementor-button elementor-button-link elementor-size-sm\" href=\"https:\/\/www.lourdes-france.com\/wp-content\/uploads\/2025\/02\/Conditions-en-portugais.pdf\" target=\"_blank\">\n\t\t\t\t\t\t<span class=\"elementor-button-content-wrapper\">\n\t\t\t\t\t\t\t\t\t<span class=\"elementor-button-text\">Receber a indulg\u00eancia plen\u00e1ria <\/span>\n\t\t\t\t\t<\/span>\n\t\t\t\t\t<\/a>\n\t\t\t\t<\/div>\n\t\t\t\t\t\t\t\t<\/div>\n\t\t\t\t<\/div>\n\t\t\t\t<div class=\"elementor-element elementor-element-7c18df0 elementor-widget elementor-widget-text-editor\" data-id=\"7c18df0\" data-element_type=\"widget\" data-widget_type=\"text-editor.default\">\n\t\t\t\t<div class=\"elementor-widget-container\">\n\t\t\t\t\t\t\t\t\t<p align=\"justify\"><span style=\"color: #000000;\"><span style=\"font-family: Liberation Serif, serif;\"><span style=\"font-size: medium;\"><b>As condi\u00e7\u00f5es para receber a gra\u00e7a da indulg\u00eancia plen\u00e1ria<br \/><\/b>Para obter a indulg\u00eancia plen\u00e1ria, \u00e9 necess\u00e1rio atender \u00e0s seguintes condi\u00e7\u00f5es: realizar o trabalho ao qual a indulg\u00eancia est\u00e1 anexada, como ir \u00e0 Catedral ou ao Santu\u00e1rio de Lourdes, e nos sete dias seguintes, \u00e9 necess\u00e1rio receber o perd\u00e3o por meio da <strong>confiss\u00e3o sacramental,<\/strong> receber a <strong>comunh\u00e3o eucar\u00edstica<\/strong> e <strong>rezar pelas inten\u00e7\u00f5es do Papa.<\/strong><\/span><\/span><\/span><\/p>\n<p><strong>Os<\/strong> <strong>fi\u00e9is<\/strong> podem receber a indulg\u00eancia realizando <strong>uma<\/strong> das seguintes obras: Participa\u00e7\u00e3o na<a href=\"https:\/\/www.lourdes-france.com\/pt-br\/peregrino-por-um-dia\/via-sacra\/\" target=\"_blank\" rel=\"noopener\"><strong> Via Sacra<\/strong><\/a>, rezar o <a href=\"https:\/\/www.lourdes-france.com\/pt-br\/peregrino-por-um-dia\/le-chapelet\/\" target=\"_blank\" rel=\"noopener\"><strong>ter\u00e7o<\/strong><\/a>, participar de uma <a href=\"https:\/\/www.lourdes-france.com\/pt-br\/peregrino-por-um-dia\/procissao-luminosa\/\" target=\"_blank\" rel=\"noopener\"><strong>prociss\u00e3o mariana<\/strong><\/a> no Santu\u00e1rio de Nossa Senhora de Lourdes, fazer a <strong>Viagem Jubilar<\/strong> no Santu\u00e1rio.<br \/>Dado que a miseric\u00f3rdia divina ser\u00e1 amplamente oferecida durante o Ano jubilar, os <a href=\"https:\/\/www.lourdes-france.com\/pt-br\/os-capelaes-de-lourdes\/\" target=\"_blank\" rel=\"noopener\"><strong>capel\u00e3es<\/strong> <\/a>colocar-se-\u00e3o generosamente dispon\u00edveis para celebrar o <strong>sacramento da Penit\u00eancia.<\/strong><\/p>\n<p><strong>Todos os caminhos de Lourdes levam \u00e0 Esperan\u00e7a:<\/strong> <br \/>\u2013 Levar em prociss\u00e3o a chama da esperan\u00e7a com os irm\u00e3os e irm\u00e3s doentes.<br \/>\u2013 Cantar esperan\u00e7a em todas as l\u00ednguas.<br \/>\u2013 Rezar a Maria, caminho da esperan\u00e7a.<\/p>\t\t\t\t\t\t\t\t<\/div>\n\t\t\t\t<\/div>\n\t\t\t\t<div class=\"elementor-element elementor-element-e832e04 elementor-widget elementor-widget-heading\" data-id=\"e832e04\" data-element_type=\"widget\" data-widget_type=\"heading.default\">\n\t\t\t\t<div class=\"elementor-widget-container\">\n\t\t\t\t\t<h4 class=\"elementor-heading-title elementor-size-default\">A Trilha do Jubileu, uma viagem pelo Santu\u00e1rio<\/h4>\t\t\t\t<\/div>\n\t\t\t\t<\/div>\n\t\t\t\t<div class=\"elementor-element elementor-element-3aa8b48 elementor-widget elementor-widget-text-editor\" data-id=\"3aa8b48\" data-element_type=\"widget\" data-widget_type=\"text-editor.default\">\n\t\t\t\t<div class=\"elementor-widget-container\">\n\t\t\t\t\t\t\t\t\t<p><span style=\"color: #000000;\"><strong>O Caminho Jubilar, uma novidade para o Ano Jubilar em Lourdes.<\/strong><br \/><\/span><\/p>\n<p><span style=\"color: #000000;\"><strong>A partir de 11 de fevereiro<\/strong> de 2025, os peregrinos presentes em Lourdes poder\u00e3o completar o <em><strong>Caminho do Jubileu.<\/strong><\/em> Este caminho ser\u00e1 oferecido nos fins de semana at\u00e9 a abertura da temporada de peregrina\u00e7\u00e3o, depois todos os dias durante a temporada e as f\u00e9rias escolares.<\/span><\/p>\n<p><span style=\"color: #000000;\">O ponto de encontro \u00e9 definido no Centro de Informa\u00e7\u00f5es. Ao longo do caminho, os peregrinos meditar\u00e3o o Evangelho dos disc\u00edpulos de Ema\u00fas enquanto passam por lugares que s\u00e3o espa\u00e7os de consola\u00e7\u00e3o e esperan\u00e7a no Santu\u00e1rio, como o <strong>OCH<\/strong> (Escrit\u00f3rio Crist\u00e3o para Deficientes), a <strong>Hospitalit\u00e9 Notre-Dame de Lourdes<\/strong> e o<strong> Accueil Notre-Dame.<\/strong><\/span><\/p>\n<p><span style=\"color: #000000;\">Aos p\u00e9s da Virgem coroada, os peregrinos ser\u00e3o convidados a dirigir-se \u00e0s <a href=\"https:\/\/www.lourdes-france.org\/pt-br\/3-basilicas\/\" target=\"_blank\" rel=\"noopener\"><strong>bas\u00edlicas<\/strong> <\/a>onde se celebra todos os dias a Eucaristia, assim como \u00e0 <strong>Capela da Reconcilia\u00e7\u00e3o<\/strong> para receber o<strong> sacramento da miseric\u00f3rdia de Deus.<\/strong> Passando pelo jardim do recolhimento, os peregrinos poder\u00e3o descobrir Maria, Consoladora dos Aflitos, Aquela que, em 25 de mar\u00e7o de 1858, revelou seu nome: &#8220;<a href=\"https:\/\/www.lourdes-france.com\/pt-br\/mensagem-lourdes\/\" target=\"_blank\" rel=\"noopener\"><em><strong>Eu sou a Imaculada Concei\u00e7\u00e3o&#8221;<\/strong><\/em><\/a>.<\/span> <\/p>\n<p><span style=\"color: #000000;\">O passeio terminar\u00e1 na rotunda do Bom Samaritano com o<a href=\"https:\/\/www.lourdes-france.com\/pt-br\/peregrino-por-um-dia\/agua-da-gruta\/\" target=\"_blank\" rel=\"noopener\"><strong> Gesto da \u00c1gua<\/strong><\/a>, s\u00edmbolo de purifica\u00e7\u00e3o e renova\u00e7\u00e3o.<\/span><\/p>\t\t\t\t\t\t\t\t<\/div>\n\t\t\t\t<\/div>\n\t\t\t\t<div class=\"elementor-element elementor-element-c2c5234 elementor-blockquote--skin-quotation elementor-widget elementor-widget-blockquote\" data-id=\"c2c5234\" data-element_type=\"widget\" data-widget_type=\"blockquote.default\">\n\t\t\t\t<div class=\"elementor-widget-container\">\n\t\t\t\t\t\t\t<blockquote class=\"elementor-blockquote\">\n\t\t\t<p class=\"elementor-blockquote__content\">\n\t\t\t\tDeus est\u00e1 sempre pronto para o perd\u00e3o e nunca se cansa de oferec\u00ea-lo de maneiras sempre novas e inesperadas... No sacramento da reconcilia\u00e7\u00e3o, Deus perdoa os pecados, e eles s\u00e3o verdadeiramente apagados, enquanto a marca negativa dos pecados permanece em nossos comportamentos e pensamentos. A miseric\u00f3rdia de Deus \u00e9 mais forte do que isso, no entanto. Torna-se a indulg\u00eancia do Pai que alcan\u00e7a o pecador perdoado atrav\u00e9s da Esposa de Cristo (a Igreja), e o liberta de tudo o que resta das consequ\u00eancias do pecado, permitindo-lhe agir com caridade, crescer no amor em vez de cair no pecado.\n\t\t\t<\/p>\n\t\t\t\t\t\t\t<div class=\"e-q-footer\">\n\t\t\t\t\t\t\t\t\t\t\t<cite class=\"elementor-blockquote__author\">MV n\u00b022, Papa Francisco.<\/cite>\n\t\t\t\t\t\t\t\t\t\t\t\t\t\t<\/div>\n\t\t\t\t\t<\/blockquote>\n\t\t\t\t\t\t<\/div>\n\t\t\t\t<\/div>\n\t\t\t\t\t<\/div>\n\t\t<\/div>\n\t\t\t\t\t<\/div>\n\t\t<\/section>\n\t\t\t\t<section class=\"elementor-section elementor-top-section elementor-element elementor-element-f6c136d elementor-section-boxed elementor-section-height-default elementor-section-height-default\" data-id=\"f6c136d\" data-element_type=\"section\">\n\t\t\t\t\t\t<div class=\"elementor-container elementor-column-gap-default\">\n\t\t\t\t\t<div class=\"elementor-column elementor-col-50 elementor-top-column elementor-element elementor-element-e9aea2c\" data-id=\"e9aea2c\" data-element_type=\"column\">\n\t\t\t<div class=\"elementor-widget-wrap elementor-element-populated\">\n\t\t\t\t\t\t<div class=\"elementor-element elementor-element-a3b3258 elementor-widget__width-initial elementor-widget elementor-widget-image\" data-id=\"a3b3258\" data-element_type=\"widget\" data-widget_type=\"image.default\">\n\t\t\t\t<div class=\"elementor-widget-container\">\n\t\t\t\t\t\t\t\t\t\t\t\t\t\t\t<img fetchpriority=\"high\" decoding=\"async\" width=\"794\" height=\"600\" src=\"https:\/\/www.lourdes-france.com\/wp-content\/uploads\/2025\/02\/Logo-Jubile.jpg\" class=\"attachment-large size-large wp-image-843290\" alt=\"\" srcset=\"https:\/\/www.lourdes-france.com\/wp-content\/uploads\/2025\/02\/Logo-Jubile.jpg 794w, https:\/\/www.lourdes-france.com\/wp-content\/uploads\/2025\/02\/Logo-Jubile-300x227.jpg 300w, https:\/\/www.lourdes-france.com\/wp-content\/uploads\/2025\/02\/Logo-Jubile-768x580.jpg 768w\" sizes=\"(max-width: 794px) 100vw, 794px\" \/>\t\t\t\t\t\t\t\t\t\t\t\t\t\t\t<\/div>\n\t\t\t\t<\/div>\n\t\t\t\t\t<\/div>\n\t\t<\/div>\n\t\t\t\t<div class=\"elementor-column elementor-col-50 elementor-top-column elementor-element elementor-element-7248d29\" data-id=\"7248d29\" data-element_type=\"column\">\n\t\t\t<div class=\"elementor-widget-wrap elementor-element-populated\">\n\t\t\t\t\t\t<div class=\"elementor-element elementor-element-25652bb elementor-widget elementor-widget-image\" data-id=\"25652bb\" data-element_type=\"widget\" data-widget_type=\"image.default\">\n\t\t\t\t<div class=\"elementor-widget-container\">\n\t\t\t\t\t\t\t\t\t\t\t\t\t\t\t<img decoding=\"async\" width=\"1024\" height=\"528\" src=\"https:\/\/www.lourdes-france.com\/wp-content\/uploads\/2025\/02\/logo-jubile-2025_pr-2-1024x528.png\" class=\"attachment-large size-large wp-image-843274\" alt=\"\" srcset=\"https:\/\/www.lourdes-france.com\/wp-content\/uploads\/2025\/02\/logo-jubile-2025_pr-2-1024x528.png 1024w, https:\/\/www.lourdes-france.com\/wp-content\/uploads\/2025\/02\/logo-jubile-2025_pr-2-300x155.png 300w, https:\/\/www.lourdes-france.com\/wp-content\/uploads\/2025\/02\/logo-jubile-2025_pr-2-768x396.png 768w, https:\/\/www.lourdes-france.com\/wp-content\/uploads\/2025\/02\/logo-jubile-2025_pr-2-1536x791.png 1536w, https:\/\/www.lourdes-france.com\/wp-content\/uploads\/2025\/02\/logo-jubile-2025_pr-2.png 1667w\" sizes=\"(max-width: 1024px) 100vw, 1024px\" \/>\t\t\t\t\t\t\t\t\t\t\t\t\t\t\t<\/div>\n\t\t\t\t<\/div>\n\t\t\t\t\t<\/div>\n\t\t<\/div>\n\t\t\t\t\t<\/div>\n\t\t<\/section>\n\t\t\t\t<\/div>\n\t\t","protected":false},"excerpt":{"rendered":"<p>Jubileu 2025 em Lourdes Todos os caminhos levam \u00e0 Esperan\u00e7a&#8230; Peregrinos de todo o mundo convergir\u00e3o para Roma para atravessar a Porta Santa, mas ser\u00e1 poss\u00edvel experimentar tamb\u00e9m a gra\u00e7a do Jubileu no Santu\u00e1rio de Nossa Senhora de Lourdes. O &hellip; <a href=\"https:\/\/www.lourdes-france.com\/pt-br\/jubile2025-a-lourdes\/\">Conte\u00fado<\/a><\/p>\n","protected":false},"author":9,"featured_media":0,"parent":0,"menu_order":0,"comment_status":"closed","ping_status":"closed","template":"","meta":{"_acf_changed":false,"footnotes":""},"class_list":["post-843254","page","type-page","status-publish","hentry"],"acf":[],"yoast_head":"<!-- This site is optimized with the Yoast SEO Premium plugin v24.0 (Yoast SEO v26.3) - https:\/\/yoast.com\/wordpress\/plugins\/seo\/ -->\n<title>Jubil\u00e9 2025 \u00e0 Lourdes<\/title>\n<meta name=\"description\" content=\"Peregrinos de todo o mundo estar\u00e3o convergindo para Roma para atravessar a Porta Santa. Experimente a gra\u00e7a do Jubileu em Lourdes.\" \/>\n<meta name=\"robots\" content=\"index, follow, max-snippet:-1, max-image-preview:large, max-video-preview:-1\" \/>\n<link rel=\"canonical\" href=\"https:\/\/www.lourdes-france.com\/pt-br\/jubile2025-a-lourdes\/\" \/>\n<meta property=\"og:locale\" content=\"pt_BR\" \/>\n<meta property=\"og:type\" content=\"article\" \/>\n<meta property=\"og:title\" content=\"Jubileu 2025 em Lourdes\" \/>\n<meta property=\"og:description\" content=\"Peregrinos de todo o mundo estar\u00e3o convergindo para Roma para atravessar a Porta Santa. Experimente a gra\u00e7a do Jubileu em Lourdes.\" \/>\n<meta property=\"og:url\" content=\"https:\/\/www.lourdes-france.com\/pt-br\/jubile2025-a-lourdes\/\" \/>\n<meta property=\"og:site_name\" content=\"Vivre le p\u00e8lerinage de Lourdes\" \/>\n<meta property=\"article:modified_time\" content=\"2025-02-05T11:21:00+00:00\" \/>\n<meta property=\"og:image\" content=\"https:\/\/www.lourdes-france.com\/wp-content\/uploads\/2024\/12\/1er-decembre-scaled.jpg\" \/>\n\t<meta property=\"og:image:width\" content=\"2560\" \/>\n\t<meta property=\"og:image:height\" content=\"1707\" \/>\n\t<meta property=\"og:image:type\" content=\"image\/jpeg\" \/>\n<meta name=\"twitter:card\" content=\"summary_large_image\" \/>\n<meta name=\"twitter:label1\" content=\"Est. tempo de leitura\" \/>\n\t<meta name=\"twitter:data1\" content=\"4 minutos\" \/>\n<script type=\"application\/ld+json\" class=\"yoast-schema-graph\">{\"@context\":\"https:\/\/schema.org\",\"@graph\":[{\"@type\":\"WebPage\",\"@id\":\"https:\/\/www.lourdes-france.com\/pt-br\/jubile2025-a-lourdes\/\",\"url\":\"https:\/\/www.lourdes-france.com\/pt-br\/jubile2025-a-lourdes\/\",\"name\":\"Jubil\u00e9 2025 \u00e0 Lourdes\",\"isPartOf\":{\"@id\":\"https:\/\/www.lourdes-france.com\/pt-br\/#website\"},\"primaryImageOfPage\":{\"@id\":\"https:\/\/www.lourdes-france.com\/pt-br\/jubile2025-a-lourdes\/#primaryimage\"},\"image\":{\"@id\":\"https:\/\/www.lourdes-france.com\/pt-br\/jubile2025-a-lourdes\/#primaryimage\"},\"thumbnailUrl\":\"https:\/\/www.lourdes-france.com\/wp-content\/uploads\/2025\/02\/Logo-Jubile.jpg\",\"datePublished\":\"2024-12-09T15:16:10+00:00\",\"dateModified\":\"2025-02-05T11:21:00+00:00\",\"description\":\"Peregrinos de todo o mundo estar\u00e3o convergindo para Roma para atravessar a Porta Santa. Experimente a gra\u00e7a do Jubileu em Lourdes.\",\"breadcrumb\":{\"@id\":\"https:\/\/www.lourdes-france.com\/pt-br\/jubile2025-a-lourdes\/#breadcrumb\"},\"inLanguage\":\"pt-BR\",\"potentialAction\":[{\"@type\":\"ReadAction\",\"target\":[\"https:\/\/www.lourdes-france.com\/pt-br\/jubile2025-a-lourdes\/\"]}]},{\"@type\":\"ImageObject\",\"inLanguage\":\"pt-BR\",\"@id\":\"https:\/\/www.lourdes-france.com\/pt-br\/jubile2025-a-lourdes\/#primaryimage\",\"url\":\"https:\/\/www.lourdes-france.com\/wp-content\/uploads\/2025\/02\/Logo-Jubile.jpg\",\"contentUrl\":\"https:\/\/www.lourdes-france.com\/wp-content\/uploads\/2025\/02\/Logo-Jubile.jpg\"},{\"@type\":\"BreadcrumbList\",\"@id\":\"https:\/\/www.lourdes-france.com\/pt-br\/jubile2025-a-lourdes\/#breadcrumb\",\"itemListElement\":[{\"@type\":\"ListItem\",\"position\":1,\"name\":\"Accueil\",\"item\":\"https:\/\/www.lourdes-france.com\/pt-br\/\"},{\"@type\":\"ListItem\",\"position\":2,\"name\":\"Jubileu 2025 em Lourdes\"}]},{\"@type\":\"WebSite\",\"@id\":\"https:\/\/www.lourdes-france.com\/pt-br\/#website\",\"url\":\"https:\/\/www.lourdes-france.com\/pt-br\/\",\"name\":\"Sanctuaire Notre-Dame de Lourdes\",\"description\":\"\",\"publisher\":{\"@id\":\"https:\/\/www.lourdes-france.com\/pt-br\/#organization\"},\"potentialAction\":[{\"@type\":\"SearchAction\",\"target\":{\"@type\":\"EntryPoint\",\"urlTemplate\":\"https:\/\/www.lourdes-france.com\/pt-br\/?s={search_term_string}\"},\"query-input\":{\"@type\":\"PropertyValueSpecification\",\"valueRequired\":true,\"valueName\":\"search_term_string\"}}],\"inLanguage\":\"pt-BR\"},{\"@type\":\"Organization\",\"@id\":\"https:\/\/www.lourdes-france.com\/pt-br\/#organization\",\"name\":\"Sanctuaire Notre-Dame de Lourdes\",\"url\":\"https:\/\/www.lourdes-france.com\/pt-br\/\",\"logo\":{\"@type\":\"ImageObject\",\"inLanguage\":\"pt-BR\",\"@id\":\"https:\/\/www.lourdes-france.com\/pt-br\/#\/schema\/logo\/image\/\",\"url\":\"https:\/\/www.lourdes-france.com\/wp-content\/uploads\/2021\/11\/logo-small.png\",\"contentUrl\":\"https:\/\/www.lourdes-france.com\/wp-content\/uploads\/2021\/11\/logo-small.png\",\"width\":834,\"height\":521,\"caption\":\"Sanctuaire Notre-Dame de Lourdes\"},\"image\":{\"@id\":\"https:\/\/www.lourdes-france.com\/pt-br\/#\/schema\/logo\/image\/\"}}]}<\/script>\n<!-- \/ Yoast SEO Premium plugin. -->","yoast_head_json":{"title":"Jubil\u00e9 2025 \u00e0 Lourdes","description":"Peregrinos de todo o mundo estar\u00e3o convergindo para Roma para atravessar a Porta Santa. Experimente a gra\u00e7a do Jubileu em Lourdes.","robots":{"index":"index","follow":"follow","max-snippet":"max-snippet:-1","max-image-preview":"max-image-preview:large","max-video-preview":"max-video-preview:-1"},"canonical":"https:\/\/www.lourdes-france.com\/pt-br\/jubile2025-a-lourdes\/","og_locale":"pt_BR","og_type":"article","og_title":"Jubileu 2025 em Lourdes","og_description":"Peregrinos de todo o mundo estar\u00e3o convergindo para Roma para atravessar a Porta Santa. Experimente a gra\u00e7a do Jubileu em Lourdes.","og_url":"https:\/\/www.lourdes-france.com\/pt-br\/jubile2025-a-lourdes\/","og_site_name":"Vivre le p\u00e8lerinage de Lourdes","article_modified_time":"2025-02-05T11:21:00+00:00","og_image":[{"width":2560,"height":1707,"url":"https:\/\/www.lourdes-france.com\/wp-content\/uploads\/2024\/12\/1er-decembre-scaled.jpg","type":"image\/jpeg"}],"twitter_card":"summary_large_image","twitter_misc":{"Est. tempo de leitura":"4 minutos"},"schema":{"@context":"https:\/\/schema.org","@graph":[{"@type":"WebPage","@id":"https:\/\/www.lourdes-france.com\/pt-br\/jubile2025-a-lourdes\/","url":"https:\/\/www.lourdes-france.com\/pt-br\/jubile2025-a-lourdes\/","name":"Jubil\u00e9 2025 \u00e0 Lourdes","isPartOf":{"@id":"https:\/\/www.lourdes-france.com\/pt-br\/#website"},"primaryImageOfPage":{"@id":"https:\/\/www.lourdes-france.com\/pt-br\/jubile2025-a-lourdes\/#primaryimage"},"image":{"@id":"https:\/\/www.lourdes-france.com\/pt-br\/jubile2025-a-lourdes\/#primaryimage"},"thumbnailUrl":"https:\/\/www.lourdes-france.com\/wp-content\/uploads\/2025\/02\/Logo-Jubile.jpg","datePublished":"2024-12-09T15:16:10+00:00","dateModified":"2025-02-05T11:21:00+00:00","description":"Peregrinos de todo o mundo estar\u00e3o convergindo para Roma para atravessar a Porta Santa. Experimente a gra\u00e7a do Jubileu em Lourdes.","breadcrumb":{"@id":"https:\/\/www.lourdes-france.com\/pt-br\/jubile2025-a-lourdes\/#breadcrumb"},"inLanguage":"pt-BR","potentialAction":[{"@type":"ReadAction","target":["https:\/\/www.lourdes-france.com\/pt-br\/jubile2025-a-lourdes\/"]}]},{"@type":"ImageObject","inLanguage":"pt-BR","@id":"https:\/\/www.lourdes-france.com\/pt-br\/jubile2025-a-lourdes\/#primaryimage","url":"https:\/\/www.lourdes-france.com\/wp-content\/uploads\/2025\/02\/Logo-Jubile.jpg","contentUrl":"https:\/\/www.lourdes-france.com\/wp-content\/uploads\/2025\/02\/Logo-Jubile.jpg"},{"@type":"BreadcrumbList","@id":"https:\/\/www.lourdes-france.com\/pt-br\/jubile2025-a-lourdes\/#breadcrumb","itemListElement":[{"@type":"ListItem","position":1,"name":"Accueil","item":"https:\/\/www.lourdes-france.com\/pt-br\/"},{"@type":"ListItem","position":2,"name":"Jubileu 2025 em Lourdes"}]},{"@type":"WebSite","@id":"https:\/\/www.lourdes-france.com\/pt-br\/#website","url":"https:\/\/www.lourdes-france.com\/pt-br\/","name":"Sanctuaire Notre-Dame de Lourdes","description":"","publisher":{"@id":"https:\/\/www.lourdes-france.com\/pt-br\/#organization"},"potentialAction":[{"@type":"SearchAction","target":{"@type":"EntryPoint","urlTemplate":"https:\/\/www.lourdes-france.com\/pt-br\/?s={search_term_string}"},"query-input":{"@type":"PropertyValueSpecification","valueRequired":true,"valueName":"search_term_string"}}],"inLanguage":"pt-BR"},{"@type":"Organization","@id":"https:\/\/www.lourdes-france.com\/pt-br\/#organization","name":"Sanctuaire Notre-Dame de Lourdes","url":"https:\/\/www.lourdes-france.com\/pt-br\/","logo":{"@type":"ImageObject","inLanguage":"pt-BR","@id":"https:\/\/www.lourdes-france.com\/pt-br\/#\/schema\/logo\/image\/","url":"https:\/\/www.lourdes-france.com\/wp-content\/uploads\/2021\/11\/logo-small.png","contentUrl":"https:\/\/www.lourdes-france.com\/wp-content\/uploads\/2021\/11\/logo-small.png","width":834,"height":521,"caption":"Sanctuaire Notre-Dame de Lourdes"},"image":{"@id":"https:\/\/www.lourdes-france.com\/pt-br\/#\/schema\/logo\/image\/"}}]}},"_links":{"self":[{"href":"https:\/\/www.lourdes-france.com\/pt-br\/wp-json\/wp\/v2\/pages\/843254","targetHints":{"allow":["GET"]}}],"collection":[{"href":"https:\/\/www.lourdes-france.com\/pt-br\/wp-json\/wp\/v2\/pages"}],"about":[{"href":"https:\/\/www.lourdes-france.com\/pt-br\/wp-json\/wp\/v2\/types\/page"}],"author":[{"embeddable":true,"href":"https:\/\/www.lourdes-france.com\/pt-br\/wp-json\/wp\/v2\/users\/9"}],"replies":[{"embeddable":true,"href":"https:\/\/www.lourdes-france.com\/pt-br\/wp-json\/wp\/v2\/comments?post=843254"}],"version-history":[{"count":0,"href":"https:\/\/www.lourdes-france.com\/pt-br\/wp-json\/wp\/v2\/pages\/843254\/revisions"}],"wp:attachment":[{"href":"https:\/\/www.lourdes-france.com\/pt-br\/wp-json\/wp\/v2\/media?parent=843254"}],"curies":[{"name":"wp","href":"https:\/\/api.w.org\/{rel}","templated":true}]}}