{"id":807001,"date":"2021-12-14T10:25:42","date_gmt":"2021-12-14T09:25:42","guid":{"rendered":"https:\/\/www.lourdes-france.com\/jeunes-a-lourdes\/"},"modified":"2024-02-21T10:23:51","modified_gmt":"2024-02-21T09:23:51","slug":"jovens-em-lourdes","status":"publish","type":"page","link":"https:\/\/www.lourdes-france.com\/pt-br\/jovens-em-lourdes\/","title":{"rendered":"Jovens em Lourdes"},"content":{"rendered":"\t\t<div data-elementor-type=\"wp-page\" data-elementor-id=\"807001\" class=\"elementor elementor-807001 elementor-4809\" data-elementor-post-type=\"page\">\n\t\t\t\t\t\t<section class=\"elementor-section elementor-top-section elementor-element elementor-element-fa45ad8 elementor-section-stretched elementor-section-boxed elementor-section-height-default elementor-section-height-default\" data-id=\"fa45ad8\" data-element_type=\"section\" data-settings=\"{&quot;stretch_section&quot;:&quot;section-stretched&quot;,&quot;background_background&quot;:&quot;classic&quot;}\">\n\t\t\t\t\t\t<div class=\"elementor-container elementor-column-gap-default\">\n\t\t\t\t\t<div class=\"elementor-column elementor-col-20 elementor-top-column elementor-element elementor-element-c944ad0\" data-id=\"c944ad0\" data-element_type=\"column\">\n\t\t\t<div class=\"elementor-widget-wrap\">\n\t\t\t\t\t\t\t<\/div>\n\t\t<\/div>\n\t\t\t\t<div class=\"elementor-column elementor-col-20 elementor-top-column elementor-element elementor-element-a4915d2\" data-id=\"a4915d2\" data-element_type=\"column\">\n\t\t\t<div class=\"elementor-widget-wrap\">\n\t\t\t\t\t\t\t<\/div>\n\t\t<\/div>\n\t\t\t\t<div class=\"elementor-column elementor-col-20 elementor-top-column elementor-element elementor-element-74525e3\" data-id=\"74525e3\" data-element_type=\"column\">\n\t\t\t<div class=\"elementor-widget-wrap\">\n\t\t\t\t\t\t\t<\/div>\n\t\t<\/div>\n\t\t\t\t<div class=\"elementor-column elementor-col-20 elementor-top-column elementor-element elementor-element-f10e644\" data-id=\"f10e644\" data-element_type=\"column\">\n\t\t\t<div class=\"elementor-widget-wrap\">\n\t\t\t\t\t\t\t<\/div>\n\t\t<\/div>\n\t\t\t\t<div class=\"elementor-column elementor-col-20 elementor-top-column elementor-element elementor-element-1750db2\" data-id=\"1750db2\" data-element_type=\"column\">\n\t\t\t<div class=\"elementor-widget-wrap\">\n\t\t\t\t\t\t\t<\/div>\n\t\t<\/div>\n\t\t\t\t\t<\/div>\n\t\t<\/section>\n\t\t\t\t<section class=\"elementor-section elementor-top-section elementor-element elementor-element-d8963df elementor-section-stretched elementor-section-boxed elementor-section-height-default elementor-section-height-default\" data-id=\"d8963df\" data-element_type=\"section\" data-settings=\"{&quot;stretch_section&quot;:&quot;section-stretched&quot;,&quot;background_background&quot;:&quot;classic&quot;}\">\n\t\t\t\t\t\t<div class=\"elementor-container elementor-column-gap-default\">\n\t\t\t\t\t<div class=\"elementor-column elementor-col-100 elementor-top-column elementor-element elementor-element-d07e876\" data-id=\"d07e876\" data-element_type=\"column\">\n\t\t\t<div class=\"elementor-widget-wrap elementor-element-populated\">\n\t\t\t\t\t\t<div class=\"elementor-element elementor-element-5c2cdea elementor-widget elementor-widget-heading\" data-id=\"5c2cdea\" data-element_type=\"widget\" data-widget_type=\"heading.default\">\n\t\t\t\t<div class=\"elementor-widget-container\">\n\t\t\t\t\t<h1 class=\"elementor-heading-title elementor-size-default\">Jeunes \u00e0 Lourdes<\/h1>\t\t\t\t<\/div>\n\t\t\t\t<\/div>\n\t\t\t\t<div class=\"elementor-element elementor-element-1d2e5b2 elementor-widget elementor-widget-text-editor\" data-id=\"1d2e5b2\" data-element_type=\"widget\" data-widget_type=\"text-editor.default\">\n\t\t\t\t<div class=\"elementor-widget-container\">\n\t\t\t\t\t\t\t\t\t<p style=\"text-align: center;\"><span style=\"color: #ffffff;\"><br \/>\u00ab\u00a0Boulet aoue la gracia de bi\u00e9 aci penden quinze dias\u00a0?\u00a0\u00bb<\/span><br \/><span style=\"color: #ffffff;\">\u00ab\u00a0Voulez vous avoir la gr\u00e2ce de venir ici pendant quinze jours\u00a0?<\/span><\/p><p style=\"text-align: center;\"><span style=\"color: #ffffff;\">La pastorale des jeunes est ravie de vous accueillir\u2026 et l\u2019\u00e9quipe est pr\u00eate \u00e0 vous accompagner dans la mise en place d\u2019un programme de p\u00e8lerinage\u00a0!!<\/span><br \/><span style=\"color: #ffffff;\">Il est essentiel de s\u2019inscrire en ligne pour acc\u00e9der aux propositions pastorales (cat\u00e9ch\u00e8ses, visites des lieux de vie de Bernadette, t\u00e9moignages, ateliers\u2026) et pour pouvoir r\u00e9server une chapelle ou une salle de conf\u00e9rence lors de votre passage parmi nous.<\/span><br \/><span style=\"color: #ffffff;\">Un h\u00e9bergement et une restauration sont possibles au village des jeunes \u00e0 l\u2019ann\u00e9e selon les dates, les disponibilit\u00e9s et le nombre de personnes.<\/span><\/p>\t\t\t\t\t\t\t\t<\/div>\n\t\t\t\t<\/div>\n\t\t\t\t<div class=\"elementor-element elementor-element-75cba58 elementor-widget elementor-widget-image\" data-id=\"75cba58\" data-element_type=\"widget\" data-widget_type=\"image.default\">\n\t\t\t\t<div class=\"elementor-widget-container\">\n\t\t\t\t\t\t\t\t\t\t\t\t\t\t\t<img fetchpriority=\"high\" decoding=\"async\" width=\"300\" height=\"200\" src=\"https:\/\/www.lourdes-france.com\/wp-content\/uploads\/2022\/11\/livret-pastorale-jeunes-300x200.png\" class=\"attachment-medium size-medium wp-image-805880\" alt=\"\" srcset=\"https:\/\/www.lourdes-france.com\/wp-content\/uploads\/2022\/11\/livret-pastorale-jeunes-300x200.png 300w, https:\/\/www.lourdes-france.com\/wp-content\/uploads\/2022\/11\/livret-pastorale-jeunes.png 500w\" sizes=\"(max-width: 300px) 100vw, 300px\" \/>\t\t\t\t\t\t\t\t\t\t\t\t\t\t\t<\/div>\n\t\t\t\t<\/div>\n\t\t\t\t<div class=\"elementor-element elementor-element-fa26882 elementor-align-center elementor-widget elementor-widget-button\" data-id=\"fa26882\" data-element_type=\"widget\" data-widget_type=\"button.default\">\n\t\t\t\t<div class=\"elementor-widget-container\">\n\t\t\t\t\t\t\t\t\t<div class=\"elementor-button-wrapper\">\n\t\t\t\t\t<a class=\"elementor-button elementor-button-link elementor-size-sm\" href=\"https:\/\/www.lourdes-france.com\/wp-content\/uploads\/2022\/11\/Pastorale_des_Jeunes_2023.pdf\" target=\"_blank\">\n\t\t\t\t\t\t<span class=\"elementor-button-content-wrapper\">\n\t\t\t\t\t\t\t\t\t<span class=\"elementor-button-text\">T\u00c9L\u00c9CHARGER LE LIVRET DE LA PASTORALE DES JEUNES 2023<\/span>\n\t\t\t\t\t<\/span>\n\t\t\t\t\t<\/a>\n\t\t\t\t<\/div>\n\t\t\t\t\t\t\t\t<\/div>\n\t\t\t\t<\/div>\n\t\t\t\t<div class=\"elementor-element elementor-element-8f41899 elementor-widget elementor-widget-spacer\" data-id=\"8f41899\" data-element_type=\"widget\" data-widget_type=\"spacer.default\">\n\t\t\t\t<div class=\"elementor-widget-container\">\n\t\t\t\t\t\t\t<div class=\"elementor-spacer\">\n\t\t\t<div class=\"elementor-spacer-inner\"><\/div>\n\t\t<\/div>\n\t\t\t\t\t\t<\/div>\n\t\t\t\t<\/div>\n\t\t\t\t\t<\/div>\n\t\t<\/div>\n\t\t\t\t\t<\/div>\n\t\t<\/section>\n\t\t\t\t<section class=\"elementor-section elementor-top-section elementor-element elementor-element-ba0ef82 elementor-section-stretched elementor-section-boxed elementor-section-height-default elementor-section-height-default\" data-id=\"ba0ef82\" data-element_type=\"section\" data-settings=\"{&quot;stretch_section&quot;:&quot;section-stretched&quot;,&quot;background_background&quot;:&quot;classic&quot;}\">\n\t\t\t\t\t\t<div class=\"elementor-container elementor-column-gap-default\">\n\t\t\t\t\t<div class=\"elementor-column elementor-col-100 elementor-top-column elementor-element elementor-element-beabe24\" data-id=\"beabe24\" data-element_type=\"column\">\n\t\t\t<div class=\"elementor-widget-wrap elementor-element-populated\">\n\t\t\t\t\t\t<div class=\"elementor-element elementor-element-4ece529 elementor-skin-carousel elementor-arrows-yes elementor-widget elementor-widget-media-carousel\" data-id=\"4ece529\" data-element_type=\"widget\" data-settings=\"{&quot;space_between&quot;:{&quot;unit&quot;:&quot;px&quot;,&quot;size&quot;:20,&quot;sizes&quot;:[]},&quot;skin&quot;:&quot;carousel&quot;,&quot;effect&quot;:&quot;slide&quot;,&quot;show_arrows&quot;:&quot;yes&quot;,&quot;speed&quot;:500,&quot;space_between_tablet&quot;:{&quot;unit&quot;:&quot;px&quot;,&quot;size&quot;:10,&quot;sizes&quot;:[]},&quot;space_between_mobile&quot;:{&quot;unit&quot;:&quot;px&quot;,&quot;size&quot;:10,&quot;sizes&quot;:[]}}\" data-widget_type=\"media-carousel.default\">\n\t\t\t\t<div class=\"elementor-widget-container\">\n\t\t\t\t\t\t\t\t\t<div class=\"elementor-swiper\">\n\t\t\t\t\t<div class=\"elementor-main-swiper swiper\" role=\"region\" aria-roledescription=\"carousel\" aria-label=\"Slides\">\n\t\t\t\t<div class=\"swiper-wrapper\">\n\t\t\t\t\t\t\t\t\t\t\t<div class=\"swiper-slide\" role=\"group\" aria-roledescription=\"slide\">\n\t\t\t\t\t\t\t<a href=\"https:\/\/www.lourdes-france.com\/jeunes-a-lourdes\/village-des-jeunes\/\">\t\t<div class=\"elementor-carousel-image\" role=\"img\" aria-label=\"vignette_VDJ_500x333_img.jpg\" style=\"background-image: url(&#039;https:\/\/www.lourdes-france.com\/wp-content\/uploads\/2024\/02\/vignette_VDJ_500x333_img.jpg&#039;)\">\n\n\t\t\t\n\t\t\t\t\t<\/div>\n\t\t\t\t\t<div class=\"elementor-carousel-image-overlay e-overlay-animation-fade\">\n\t\t\t\t\t\t\t<\/div>\n\t\t\t<\/a>\t\t\t\t\t\t<\/div>\n\t\t\t\t\t\t\t\t\t\t\t<div class=\"swiper-slide\" role=\"group\" aria-roledescription=\"slide\">\n\t\t\t\t\t\t\t<a href=\"https:\/\/www.lourdes-france.com\/scoutisme\/\">\t\t<div class=\"elementor-carousel-image\" role=\"img\" aria-label=\"vignette_Scout_500x333_img.jpg\" style=\"background-image: url(&#039;https:\/\/www.lourdes-france.com\/wp-content\/uploads\/2024\/02\/vignette_Scout_500x333_img.jpg&#039;)\">\n\n\t\t\t\n\t\t\t\t\t<\/div>\n\t\t\t\t\t<div class=\"elementor-carousel-image-overlay e-overlay-animation-fade\">\n\t\t\t\t\t\t\t<\/div>\n\t\t\t<\/a>\t\t\t\t\t\t<\/div>\n\t\t\t\t\t\t\t\t\t\t\t<div class=\"swiper-slide\" role=\"group\" aria-roledescription=\"slide\">\n\t\t\t\t\t\t\t<a href=\"https:\/\/www.lourdes-france.com\/la-petite-maison-de-bernadette\/\">\t\t<div class=\"elementor-carousel-image\" role=\"img\" aria-label=\"vignette_Petite_Maison_500x333_img.jpg\" style=\"background-image: url(&#039;https:\/\/www.lourdes-france.com\/wp-content\/uploads\/2024\/02\/vignette_Petite_Maison_500x333_img.jpg&#039;)\">\n\n\t\t\t\n\t\t\t\t\t<\/div>\n\t\t\t\t\t<div class=\"elementor-carousel-image-overlay e-overlay-animation-fade\">\n\t\t\t\t\t\t\t<\/div>\n\t\t\t<\/a>\t\t\t\t\t\t<\/div>\n\t\t\t\t\t\t\t\t\t<\/div>\n\t\t\t\t\t\t\t\t\t\t\t\t\t\t\t<div class=\"elementor-swiper-button elementor-swiper-button-prev\" role=\"button\" tabindex=\"0\" aria-label=\"Anterior\">\n\t\t\t\t\t\t\t<i aria-hidden=\"true\" class=\"eicon-chevron-left\"><\/i>\t\t\t\t\t\t<\/div>\n\t\t\t\t\t\t<div class=\"elementor-swiper-button elementor-swiper-button-next\" role=\"button\" tabindex=\"0\" aria-label=\"Pr\u00f3ximo\">\n\t\t\t\t\t\t\t<i aria-hidden=\"true\" class=\"eicon-chevron-right\"><\/i>\t\t\t\t\t\t<\/div>\n\t\t\t\t\t\t\t\t\t\t\t\t\t\t\t\t\t<\/div>\n\t\t\t\t<\/div>\n\t\t\t\t\t\t\t\t<\/div>\n\t\t\t\t<\/div>\n\t\t\t\t<div class=\"elementor-element elementor-element-bb54b09 elementor-skin-carousel elementor-arrows-yes elementor-widget elementor-widget-media-carousel\" data-id=\"bb54b09\" data-element_type=\"widget\" data-settings=\"{&quot;space_between&quot;:{&quot;unit&quot;:&quot;px&quot;,&quot;size&quot;:20,&quot;sizes&quot;:[]},&quot;skin&quot;:&quot;carousel&quot;,&quot;effect&quot;:&quot;slide&quot;,&quot;show_arrows&quot;:&quot;yes&quot;,&quot;speed&quot;:500,&quot;space_between_tablet&quot;:{&quot;unit&quot;:&quot;px&quot;,&quot;size&quot;:10,&quot;sizes&quot;:[]},&quot;space_between_mobile&quot;:{&quot;unit&quot;:&quot;px&quot;,&quot;size&quot;:10,&quot;sizes&quot;:[]}}\" data-widget_type=\"media-carousel.default\">\n\t\t\t\t<div class=\"elementor-widget-container\">\n\t\t\t\t\t\t\t\t\t<div class=\"elementor-swiper\">\n\t\t\t\t\t<div class=\"elementor-main-swiper swiper\" role=\"region\" aria-roledescription=\"carousel\" aria-label=\"Slides\">\n\t\t\t\t<div class=\"swiper-wrapper\">\n\t\t\t\t\t\t\t\t\t\t\t<div class=\"swiper-slide\" role=\"group\" aria-roledescription=\"slide\">\n\t\t\t\t\t\t\t<a href=\"https:\/\/www.lourdes-france.com\/jeunes-a-lourdes\/tente-des-jeunes\/\">\t\t<div class=\"elementor-carousel-image\" role=\"img\" aria-label=\"\" style=\"background-image: url(&#039;https:\/\/www.lourdes-france.com\/wp-content\/uploads\/2023\/10\/530.jpg&#039;)\">\n\n\t\t\t\n\t\t\t\t\t<\/div>\n\t\t\t\t\t<div class=\"elementor-carousel-image-overlay e-overlay-animation-fade\">\n\t\t\t\t\t\t\t<\/div>\n\t\t\t<\/a>\t\t\t\t\t\t<\/div>\n\t\t\t\t\t\t\t\t\t<\/div>\n\t\t\t\t\t\t\t<\/div>\n\t\t\t\t<\/div>\n\t\t\t\t\t\t\t\t<\/div>\n\t\t\t\t<\/div>\n\t\t\t\t\t<\/div>\n\t\t<\/div>\n\t\t\t\t\t<\/div>\n\t\t<\/section>\n\t\t\t\t<\/div>\n\t\t","protected":false},"excerpt":{"rendered":"<p>Jeunes \u00e0 Lourdes \u00ab\u00a0Boulet aoue la gracia de bi\u00e9 aci penden quinze dias\u00a0?\u00a0\u00bb\u00ab\u00a0Voulez vous avoir la gr\u00e2ce de venir ici pendant quinze jours\u00a0? La pastorale des jeunes est ravie de vous accueillir\u2026 et l\u2019\u00e9quipe est pr\u00eate \u00e0 vous accompagner dans &hellip; <a href=\"https:\/\/www.lourdes-france.com\/pt-br\/jovens-em-lourdes\/\">Conte\u00fado<\/a><\/p>\n","protected":false},"author":1,"featured_media":0,"parent":0,"menu_order":0,"comment_status":"closed","ping_status":"closed","template":"","meta":{"_acf_changed":false,"footnotes":""},"class_list":["post-807001","page","type-page","status-publish","hentry"],"acf":[],"yoast_head":"<!-- This site is optimized with the Yoast SEO Premium plugin v24.0 (Yoast SEO v26.3) - https:\/\/yoast.com\/wordpress\/plugins\/seo\/ -->\n<title>Jovens em Lourdes - Vivre le p\u00e8lerinage de Lourdes<\/title>\n<meta name=\"robots\" content=\"index, follow, max-snippet:-1, max-image-preview:large, max-video-preview:-1\" \/>\n<link rel=\"canonical\" href=\"https:\/\/www.lourdes-france.com\/pt-br\/jovens-em-lourdes\/\" \/>\n<meta property=\"og:locale\" content=\"pt_BR\" \/>\n<meta property=\"og:type\" content=\"article\" \/>\n<meta property=\"og:title\" content=\"Jovens em Lourdes\" \/>\n<meta property=\"og:description\" content=\"Jeunes \u00e0 Lourdes \u00ab\u00a0Boulet aoue la gracia de bi\u00e9 aci penden quinze dias\u00a0?\u00a0\u00bb\u00ab\u00a0Voulez vous avoir la gr\u00e2ce de venir ici pendant quinze jours\u00a0? La pastorale des jeunes est ravie de vous accueillir\u2026 et l\u2019\u00e9quipe est pr\u00eate \u00e0 vous accompagner dans &hellip; Conte\u00fado\" \/>\n<meta property=\"og:url\" content=\"https:\/\/www.lourdes-france.com\/pt-br\/jovens-em-lourdes\/\" \/>\n<meta property=\"og:site_name\" content=\"Vivre le p\u00e8lerinage de Lourdes\" \/>\n<meta property=\"article:modified_time\" content=\"2024-02-21T09:23:51+00:00\" \/>\n<meta property=\"og:image\" content=\"https:\/\/www.lourdes-france.com\/wp-content\/uploads\/2021\/12\/vignette_jeunes_a_Lourdes_1920x1080_img.jpg\" \/>\n\t<meta property=\"og:image:width\" content=\"1920\" \/>\n\t<meta property=\"og:image:height\" content=\"1080\" \/>\n\t<meta property=\"og:image:type\" content=\"image\/jpeg\" \/>\n<meta name=\"twitter:card\" content=\"summary_large_image\" \/>\n<meta name=\"twitter:label1\" content=\"Est. tempo de leitura\" \/>\n\t<meta name=\"twitter:data1\" content=\"1 minuto\" \/>\n<script type=\"application\/ld+json\" class=\"yoast-schema-graph\">{\"@context\":\"https:\/\/schema.org\",\"@graph\":[{\"@type\":\"WebPage\",\"@id\":\"https:\/\/www.lourdes-france.com\/pt-br\/jovens-em-lourdes\/\",\"url\":\"https:\/\/www.lourdes-france.com\/pt-br\/jovens-em-lourdes\/\",\"name\":\"Jovens em Lourdes - Vivre le p\u00e8lerinage de Lourdes\",\"isPartOf\":{\"@id\":\"https:\/\/www.lourdes-france.com\/pt-br\/#website\"},\"primaryImageOfPage\":{\"@id\":\"https:\/\/www.lourdes-france.com\/pt-br\/jovens-em-lourdes\/#primaryimage\"},\"image\":{\"@id\":\"https:\/\/www.lourdes-france.com\/pt-br\/jovens-em-lourdes\/#primaryimage\"},\"thumbnailUrl\":\"https:\/\/www.lourdes-france.com\/wp-content\/uploads\/2022\/11\/livret-pastorale-jeunes-300x200.png\",\"datePublished\":\"2021-12-14T09:25:42+00:00\",\"dateModified\":\"2024-02-21T09:23:51+00:00\",\"breadcrumb\":{\"@id\":\"https:\/\/www.lourdes-france.com\/pt-br\/jovens-em-lourdes\/#breadcrumb\"},\"inLanguage\":\"pt-BR\",\"potentialAction\":[{\"@type\":\"ReadAction\",\"target\":[\"https:\/\/www.lourdes-france.com\/pt-br\/jovens-em-lourdes\/\"]}]},{\"@type\":\"ImageObject\",\"inLanguage\":\"pt-BR\",\"@id\":\"https:\/\/www.lourdes-france.com\/pt-br\/jovens-em-lourdes\/#primaryimage\",\"url\":\"https:\/\/www.lourdes-france.com\/wp-content\/uploads\/2022\/11\/livret-pastorale-jeunes-300x200.png\",\"contentUrl\":\"https:\/\/www.lourdes-france.com\/wp-content\/uploads\/2022\/11\/livret-pastorale-jeunes-300x200.png\"},{\"@type\":\"BreadcrumbList\",\"@id\":\"https:\/\/www.lourdes-france.com\/pt-br\/jovens-em-lourdes\/#breadcrumb\",\"itemListElement\":[{\"@type\":\"ListItem\",\"position\":1,\"name\":\"Accueil\",\"item\":\"https:\/\/www.lourdes-france.com\/pt-br\/\"},{\"@type\":\"ListItem\",\"position\":2,\"name\":\"Jovens em Lourdes\"}]},{\"@type\":\"WebSite\",\"@id\":\"https:\/\/www.lourdes-france.com\/pt-br\/#website\",\"url\":\"https:\/\/www.lourdes-france.com\/pt-br\/\",\"name\":\"Sanctuaire Notre-Dame de Lourdes\",\"description\":\"\",\"publisher\":{\"@id\":\"https:\/\/www.lourdes-france.com\/pt-br\/#organization\"},\"potentialAction\":[{\"@type\":\"SearchAction\",\"target\":{\"@type\":\"EntryPoint\",\"urlTemplate\":\"https:\/\/www.lourdes-france.com\/pt-br\/?s={search_term_string}\"},\"query-input\":{\"@type\":\"PropertyValueSpecification\",\"valueRequired\":true,\"valueName\":\"search_term_string\"}}],\"inLanguage\":\"pt-BR\"},{\"@type\":\"Organization\",\"@id\":\"https:\/\/www.lourdes-france.com\/pt-br\/#organization\",\"name\":\"Sanctuaire Notre-Dame de Lourdes\",\"url\":\"https:\/\/www.lourdes-france.com\/pt-br\/\",\"logo\":{\"@type\":\"ImageObject\",\"inLanguage\":\"pt-BR\",\"@id\":\"https:\/\/www.lourdes-france.com\/pt-br\/#\/schema\/logo\/image\/\",\"url\":\"https:\/\/www.lourdes-france.com\/wp-content\/uploads\/2021\/11\/logo-small.png\",\"contentUrl\":\"https:\/\/www.lourdes-france.com\/wp-content\/uploads\/2021\/11\/logo-small.png\",\"width\":834,\"height\":521,\"caption\":\"Sanctuaire Notre-Dame de Lourdes\"},\"image\":{\"@id\":\"https:\/\/www.lourdes-france.com\/pt-br\/#\/schema\/logo\/image\/\"}}]}<\/script>\n<!-- \/ Yoast SEO Premium plugin. -->","yoast_head_json":{"title":"Jovens em Lourdes - Vivre le p\u00e8lerinage de Lourdes","robots":{"index":"index","follow":"follow","max-snippet":"max-snippet:-1","max-image-preview":"max-image-preview:large","max-video-preview":"max-video-preview:-1"},"canonical":"https:\/\/www.lourdes-france.com\/pt-br\/jovens-em-lourdes\/","og_locale":"pt_BR","og_type":"article","og_title":"Jovens em Lourdes","og_description":"Jeunes \u00e0 Lourdes \u00ab\u00a0Boulet aoue la gracia de bi\u00e9 aci penden quinze dias\u00a0?\u00a0\u00bb\u00ab\u00a0Voulez vous avoir la gr\u00e2ce de venir ici pendant quinze jours\u00a0? La pastorale des jeunes est ravie de vous accueillir\u2026 et l\u2019\u00e9quipe est pr\u00eate \u00e0 vous accompagner dans &hellip; Conte\u00fado","og_url":"https:\/\/www.lourdes-france.com\/pt-br\/jovens-em-lourdes\/","og_site_name":"Vivre le p\u00e8lerinage de Lourdes","article_modified_time":"2024-02-21T09:23:51+00:00","og_image":[{"width":1920,"height":1080,"url":"https:\/\/www.lourdes-france.com\/wp-content\/uploads\/2021\/12\/vignette_jeunes_a_Lourdes_1920x1080_img.jpg","type":"image\/jpeg"}],"twitter_card":"summary_large_image","twitter_misc":{"Est. tempo de leitura":"1 minuto"},"schema":{"@context":"https:\/\/schema.org","@graph":[{"@type":"WebPage","@id":"https:\/\/www.lourdes-france.com\/pt-br\/jovens-em-lourdes\/","url":"https:\/\/www.lourdes-france.com\/pt-br\/jovens-em-lourdes\/","name":"Jovens em Lourdes - Vivre le p\u00e8lerinage de Lourdes","isPartOf":{"@id":"https:\/\/www.lourdes-france.com\/pt-br\/#website"},"primaryImageOfPage":{"@id":"https:\/\/www.lourdes-france.com\/pt-br\/jovens-em-lourdes\/#primaryimage"},"image":{"@id":"https:\/\/www.lourdes-france.com\/pt-br\/jovens-em-lourdes\/#primaryimage"},"thumbnailUrl":"https:\/\/www.lourdes-france.com\/wp-content\/uploads\/2022\/11\/livret-pastorale-jeunes-300x200.png","datePublished":"2021-12-14T09:25:42+00:00","dateModified":"2024-02-21T09:23:51+00:00","breadcrumb":{"@id":"https:\/\/www.lourdes-france.com\/pt-br\/jovens-em-lourdes\/#breadcrumb"},"inLanguage":"pt-BR","potentialAction":[{"@type":"ReadAction","target":["https:\/\/www.lourdes-france.com\/pt-br\/jovens-em-lourdes\/"]}]},{"@type":"ImageObject","inLanguage":"pt-BR","@id":"https:\/\/www.lourdes-france.com\/pt-br\/jovens-em-lourdes\/#primaryimage","url":"https:\/\/www.lourdes-france.com\/wp-content\/uploads\/2022\/11\/livret-pastorale-jeunes-300x200.png","contentUrl":"https:\/\/www.lourdes-france.com\/wp-content\/uploads\/2022\/11\/livret-pastorale-jeunes-300x200.png"},{"@type":"BreadcrumbList","@id":"https:\/\/www.lourdes-france.com\/pt-br\/jovens-em-lourdes\/#breadcrumb","itemListElement":[{"@type":"ListItem","position":1,"name":"Accueil","item":"https:\/\/www.lourdes-france.com\/pt-br\/"},{"@type":"ListItem","position":2,"name":"Jovens em Lourdes"}]},{"@type":"WebSite","@id":"https:\/\/www.lourdes-france.com\/pt-br\/#website","url":"https:\/\/www.lourdes-france.com\/pt-br\/","name":"Sanctuaire Notre-Dame de Lourdes","description":"","publisher":{"@id":"https:\/\/www.lourdes-france.com\/pt-br\/#organization"},"potentialAction":[{"@type":"SearchAction","target":{"@type":"EntryPoint","urlTemplate":"https:\/\/www.lourdes-france.com\/pt-br\/?s={search_term_string}"},"query-input":{"@type":"PropertyValueSpecification","valueRequired":true,"valueName":"search_term_string"}}],"inLanguage":"pt-BR"},{"@type":"Organization","@id":"https:\/\/www.lourdes-france.com\/pt-br\/#organization","name":"Sanctuaire Notre-Dame de Lourdes","url":"https:\/\/www.lourdes-france.com\/pt-br\/","logo":{"@type":"ImageObject","inLanguage":"pt-BR","@id":"https:\/\/www.lourdes-france.com\/pt-br\/#\/schema\/logo\/image\/","url":"https:\/\/www.lourdes-france.com\/wp-content\/uploads\/2021\/11\/logo-small.png","contentUrl":"https:\/\/www.lourdes-france.com\/wp-content\/uploads\/2021\/11\/logo-small.png","width":834,"height":521,"caption":"Sanctuaire Notre-Dame de Lourdes"},"image":{"@id":"https:\/\/www.lourdes-france.com\/pt-br\/#\/schema\/logo\/image\/"}}]}},"_links":{"self":[{"href":"https:\/\/www.lourdes-france.com\/pt-br\/wp-json\/wp\/v2\/pages\/807001","targetHints":{"allow":["GET"]}}],"collection":[{"href":"https:\/\/www.lourdes-france.com\/pt-br\/wp-json\/wp\/v2\/pages"}],"about":[{"href":"https:\/\/www.lourdes-france.com\/pt-br\/wp-json\/wp\/v2\/types\/page"}],"author":[{"embeddable":true,"href":"https:\/\/www.lourdes-france.com\/pt-br\/wp-json\/wp\/v2\/users\/1"}],"replies":[{"embeddable":true,"href":"https:\/\/www.lourdes-france.com\/pt-br\/wp-json\/wp\/v2\/comments?post=807001"}],"version-history":[{"count":0,"href":"https:\/\/www.lourdes-france.com\/pt-br\/wp-json\/wp\/v2\/pages\/807001\/revisions"}],"wp:attachment":[{"href":"https:\/\/www.lourdes-france.com\/pt-br\/wp-json\/wp\/v2\/media?parent=807001"}],"curies":[{"name":"wp","href":"https:\/\/api.w.org\/{rel}","templated":true}]}}