{"id":806561,"date":"2021-10-19T16:25:48","date_gmt":"2021-10-19T14:25:48","guid":{"rendered":"https:\/\/www.lourdes-france.com\/bernadette-soubirous\/"},"modified":"2024-10-01T12:29:11","modified_gmt":"2024-10-01T10:29:11","slug":"vida-de-santa-bernadette-soubirous","status":"publish","type":"page","link":"https:\/\/www.lourdes-france.com\/pt-br\/vida-de-santa-bernadette-soubirous\/","title":{"rendered":"<strong>A vida de Santa Bernadette Soubirous<\/strong>"},"content":{"rendered":"\t\t<div data-elementor-type=\"wp-page\" data-elementor-id=\"806561\" class=\"elementor elementor-806561 elementor-3052\" data-elementor-post-type=\"page\">\n\t\t\t\t\t\t<section class=\"elementor-section elementor-top-section elementor-element elementor-element-d533bbd elementor-section-full_width elementor-section-stretched elementor-section-height-default elementor-section-height-default\" data-id=\"d533bbd\" data-element_type=\"section\" data-settings=\"{&quot;stretch_section&quot;:&quot;section-stretched&quot;,&quot;background_background&quot;:&quot;classic&quot;}\">\n\t\t\t\t\t\t\t<div class=\"elementor-background-overlay\"><\/div>\n\t\t\t\t\t\t\t<div class=\"elementor-container elementor-column-gap-default\">\n\t\t\t\t\t<div class=\"elementor-column elementor-col-100 elementor-top-column elementor-element elementor-element-9ab5709\" data-id=\"9ab5709\" data-element_type=\"column\">\n\t\t\t<div class=\"elementor-widget-wrap elementor-element-populated\">\n\t\t\t\t\t\t<div class=\"elementor-element elementor-element-ae1a519 elementor-widget elementor-widget-heading\" data-id=\"ae1a519\" data-element_type=\"widget\" data-widget_type=\"heading.default\">\n\t\t\t\t<div class=\"elementor-widget-container\">\n\t\t\t\t\t<h2 class=\"elementor-heading-title elementor-size-default\">Bernadette Soubirous<\/h2>\t\t\t\t<\/div>\n\t\t\t\t<\/div>\n\t\t\t\t\t<\/div>\n\t\t<\/div>\n\t\t\t\t\t<\/div>\n\t\t<\/section>\n\t\t\t\t<section class=\"elementor-section elementor-top-section elementor-element elementor-element-8c4e6ca elementor-section-stretched elementor-section-boxed elementor-section-height-default elementor-section-height-default\" data-id=\"8c4e6ca\" data-element_type=\"section\" data-settings=\"{&quot;background_background&quot;:&quot;classic&quot;,&quot;stretch_section&quot;:&quot;section-stretched&quot;}\">\n\t\t\t\t\t\t<div class=\"elementor-container elementor-column-gap-no\">\n\t\t\t\t\t<div class=\"elementor-column elementor-col-100 elementor-top-column elementor-element elementor-element-7bdbc38\" data-id=\"7bdbc38\" data-element_type=\"column\">\n\t\t\t<div class=\"elementor-widget-wrap elementor-element-populated\">\n\t\t\t\t\t\t<div class=\"elementor-element elementor-element-c84c287 elementor-blockquote--skin-quotation elementor-widget elementor-widget-blockquote\" data-id=\"c84c287\" data-element_type=\"widget\" data-widget_type=\"blockquote.default\">\n\t\t\t\t<div class=\"elementor-widget-container\">\n\t\t\t\t\t\t\t<blockquote class=\"elementor-blockquote\">\n\t\t\t<p class=\"elementor-blockquote__content\">\n\t\t\t\tTudo o que sabemos das Apari\u00e7\u00f5es e da Mensagem de Lourdes nos veio de Santa Bernadette Soubirous. S\u00f3 ela viu a Senhora e tudo depende do seu testemunho. Quem \u00e9 ela, ent\u00e3o? \nNa sua vida distinguem-se tr\u00eas per\u00edodos: a obscuridade da inf\u00e2ncia, uma vida \u201cp\u00fablica\u201d no tempo das apari\u00e7\u00f5es e do testemunho; depois, finalmente, uma vida \u201cescondida\u201d como religiosa em Nevers.\t\t\t<\/p>\n\t\t\t\t\t<\/blockquote>\n\t\t\t\t\t\t<\/div>\n\t\t\t\t<\/div>\n\t\t\t\t\t<\/div>\n\t\t<\/div>\n\t\t\t\t\t<\/div>\n\t\t<\/section>\n\t\t\t\t<section class=\"elementor-section elementor-top-section elementor-element elementor-element-1899323 elementor-section-boxed elementor-section-height-default elementor-section-height-default\" data-id=\"1899323\" data-element_type=\"section\">\n\t\t\t\t\t\t<div class=\"elementor-container elementor-column-gap-default\">\n\t\t\t\t\t<div class=\"elementor-column elementor-col-100 elementor-top-column elementor-element elementor-element-3b1e184\" data-id=\"3b1e184\" data-element_type=\"column\">\n\t\t\t<div class=\"elementor-widget-wrap elementor-element-populated\">\n\t\t\t\t\t\t<div class=\"elementor-element elementor-element-52b866e elementor-widget elementor-widget-text-editor\" data-id=\"52b866e\" data-element_type=\"widget\" data-widget_type=\"text-editor.default\">\n\t\t\t\t<div class=\"elementor-widget-container\">\n\t\t\t\t\t\t\t\t\t<div class=\"elementor-element elementor-element-4450a3ba elementor-widget elementor-widget-text-editor\" data-id=\"4450a3ba\" data-element_type=\"widget\" data-widget_type=\"text-editor.default\"><div class=\"elementor-widget-container\"><div class=\"elementor-text-editor elementor-clearfix\"><h3>Antes das apari\u00e7\u00f5es<\/h3><\/div><\/div><\/div><div class=\"elementor-element elementor-element-40bbe8f6 elementor-widget elementor-widget-text-editor\" data-id=\"40bbe8f6\" data-element_type=\"widget\" data-widget_type=\"text-editor.default\"><div class=\"elementor-widget-container\"><div class=\"elementor-text-editor elementor-clearfix\"><p>Quando se descreve as Apari\u00e7\u00f5es, Bernadette \u00e9 frequentemente apresentada como uma menina pobre, fr\u00e1gil e ignorante, vivendo em condi\u00e7\u00f5es miser\u00e1veis no Cachot, a antiga cadeia de Lourdes. \u00c9 verdade, mas nem sempre foi assim. Quando ela nasceu em 7 de janeiro de 1844, no Moinho Boly, ela era a primeira filha e a herdeira de Fran\u00e7ois Soubirous e Louise Casterot, que se casaram por amor. Bernadette cresceu em uma fam\u00edlia muito unida e ela era muito querida. Foram dez anos de felicidade que a tornaram forte e surpreendentemente equilibrada. A queda na mis\u00e9ria que se seguiu n\u00e3o conseguiu apagar esta riqueza humana. Bernadette, aos 14 anos, tinha apenas 1,40 m. de altura e sofria de crises de asma. Ela tinha uma natureza viva, espont\u00e2nea e generosa; era espirituosa e incapaz de enganar. Ela era orgulhosa, o que n\u00e3o escapou \u00e0 Madre Vauzou, no convento em Nevers, que a descreveu como tendo \u201cum car\u00e1ter fechado, muito sens\u00edvel\u201d. Bernadette lamentava seus defeitos e os combatia energicamente. Uma personalidade forte, mas sem educa\u00e7\u00e3o: sem escola ou catecismo. Aos 14 anos, ela n\u00e3o sabia ler nem escrever e sofria com isso, pois se sente exclu\u00edda.<\/p><\/div><\/div><\/div><div class=\"elementor-element elementor-element-532178d elementor-widget elementor-widget-text-editor\" data-id=\"532178d\" data-element_type=\"widget\" data-widget_type=\"text-editor.default\"><div class=\"elementor-widget-container\"><div class=\"elementor-text-editor elementor-clearfix\"><h3>\u00a0<\/h3><h3>A vida p\u00fablica<\/h3><\/div><\/div><\/div><div class=\"elementor-element elementor-element-f29be70 elementor-widget elementor-widget-text-editor\" data-id=\"f29be70\" data-element_type=\"widget\" data-widget_type=\"text-editor.default\"><div class=\"elementor-widget-container\"><div class=\"elementor-text-editor elementor-clearfix\"><p>As apari\u00e7\u00f5es come\u00e7aram em 11 de fevereiro de 1858. Para ajudar seus pais, Bernadette se encarregava principalmente de buscar madeira ca\u00edda nas margens do rio Gave. Aqui ela \u00e9 confrontada com o mist\u00e9rio. Um ru\u00eddo \u201ccomo uma rajada de vento\u201d, uma luz, uma presen\u00e7a. Sua rea\u00e7\u00e3o? Ela demonstra not\u00e1vel bom senso e discernimento; pensando que estava errada, ela mobiliza todos os seus recursos humanos: olha, esfrega os olhos, tenta entender. Em seguida, ela se volta para as companheiras para verificar suas impress\u00f5es: \u201cVoc\u00eas viram alguma coisa? &#8220;. Ela ent\u00e3o se volta para Deus e reza o ros\u00e1rio. Ela se volta para a Igreja e procura o conselho do padre Pomian durante a confiss\u00e3o: &#8220;Eu vi algo branco na forma de uma senhora&#8221;. Questionada pelo Delegado de Pol\u00edcia Jacomet, ela responde com uma seguran\u00e7a, uma prud\u00eancia e uma firmeza que surpreendem uma jovem inculta: \u201cAquer\u00f3 (Aquilo), eu n\u00e3o disse a Sant\u00edssima Virgem&#8230; Senhor, voc\u00ea mudou tudo o que eu disse\u201d. Ela diz o que viu com espantoso desprendimento e liberdade: \u201cEu sou a encarregada de contar, n\u00e3o de fazer voc\u00ea acreditar\u201d.<\/p><p>Ela narra as apari\u00e7\u00f5es com precis\u00e3o, sem acrescentar ou subtrair nada. Apenas uma vez, assustada com a dureza do padre Peyramale, ela acrescenta uma palavra: \u201cSenhor cura, a Senhora sempre pede a capela\u2026 mesmo \u201cmuito pequena\u201d. No seu relato sobre as apari\u00e7\u00f5es, Monsenhor Laurence destaca &#8220;a simplicidade, a franqueza, a mod\u00e9stia desta crian\u00e7a&#8230; ela d\u00e1, sem hesitar, respostas claras, precisas, marcadas por uma forte convic\u00e7\u00e3o&#8221;. Insens\u00edvel tanto \u00e0s amea\u00e7as quanto \u00e0s ofertas vantajosas, &#8220;a sinceridade de Bernadette \u00e9 ineg\u00e1vel: ela n\u00e3o quis enganar&#8221;. Mas ela n\u00e3o se enganou&#8230; v\u00edtima de uma alucina\u00e7\u00e3o? \u2013 pergunta o bispo. Ele ent\u00e3o evoca a calma de Bernadette, seu bom senso, a aus\u00eancia nela de qualquer exalta\u00e7\u00e3o e o fato de que as apari\u00e7\u00f5es n\u00e3o dependem de Bernadette: elas acontecem quando Bernadette n\u00e3o esperava, e na quinzena, duas vezes, quando Bernadette foi indo para a Gruta, a Senhora n\u00e3o estava l\u00e1.\u00a0<\/p><p>Para chegar a essas conclus\u00f5es, Bernadette teve que responder a curiosos, admiradores, jornalistas e outros, comparecer perante comiss\u00f5es civis e religiosas de inqu\u00e9rito. Aqui ela \u00e9 retirada das sombras e projetada no primeiro plano das not\u00edcias: \u201cuma tempestade midi\u00e1tica\u201d desce sobre ela. Foi preciso paci\u00eancia e humor para resistir e preservar a pureza de seu testemunho. Ela n\u00e3o aceita nada, nem presentes nem dinheiro: \u201cQuero ficar pobre\u201d. Ela n\u00e3o aben\u00e7oa os ros\u00e1rios que lhe s\u00e3o apresentados: \u201cN\u00e3o uso estola\u201d, dizia. Ela n\u00e3o vender\u00e1 medalhas: \u201cN\u00e3o sou comerciante. E, diante das fotos de dez centavos que a representam, ela diz: \u201cDez centavos, \u00e9 s\u00f3 isso que valho!\u201d.<\/p><p>Nessas condi\u00e7\u00f5es, n\u00e3o \u00e9 mais poss\u00edvel continuar vivendo no Cachot. Bernadette deve ser protegida. O padre Peyramale e o prefeito Lacad\u00e9 chegam a um acordo: Bernadette ser\u00e1 internada como \u201cpaciente indigente\u201d no hosp\u00edcio administrado pelas Irm\u00e3s de Nevers; ela chegou l\u00e1 em 15 de julho de 1860. O hosp\u00edcio \u00e9 uma esp\u00e9cie de hospital, escola e lugar de acolhida para os pobres. Aos 16 anos, ela aprendeu a ler e escrever. Ainda hoje se podem ver, na igreja de Bartr\u00e8s, os &#8220;bast\u00f5es&#8221; desenhados pela sua m\u00e3o! Depois disso, ela escrever\u00e1 com frequ\u00eancia para sua fam\u00edlia e at\u00e9 para o Papa! Ela visita seus pais, que foram realocados para a &#8220;casa paternal&#8221;. Cuida de alguns doentes, mas sobretudo procura o seu caminho: n\u00e3o serve para nada e sem dote, como ser freira? Por fim, entrou nas Irm\u00e3s de Nevers \u201cporque n\u00e3o fui atra\u00edda para l\u00e1\u201d. A partir de ent\u00e3o, uma verdade se imp\u00f4s em sua mente: \u201cEm Lourdes, a minha miss\u00e3o acabou\u201d.<\/p><p><span style=\"color: #997e4c; font-family: 'Playfair Display'; font-size: 42px;\">\u00a0<\/span><\/p><\/div><\/div><\/div><div class=\"elementor-element elementor-element-27de76bf elementor-widget elementor-widget-text-editor\" data-id=\"27de76bf\" data-element_type=\"widget\" data-widget_type=\"text-editor.default\"><div class=\"elementor-widget-container\"><div class=\"elementor-text-editor elementor-clearfix\"><h3>A vida \u201cescondida\u201d em Nevers<\/h3><div>\u00a0<\/div><\/div><\/div><\/div><div class=\"elementor-element elementor-element-2bdaf5cd elementor-widget elementor-widget-text-editor\" data-id=\"2bdaf5cd\" data-element_type=\"widget\" data-widget_type=\"text-editor.default\"><div class=\"elementor-widget-container\"><div class=\"elementor-text-editor elementor-clearfix\"><p>\u00c9 ela quem usa esta express\u00e3o: &#8220;Eu vim aqui para me esconder&#8221;. Em Lourdes, ela era Bernadette, a vidente. Em Nevers, tornou-se Irm\u00e3 Marie-Bernard, a caminho da santidade. Muitas vezes falamos da severidade dos superiores para com ela, mas \u00e9 preciso entender que Bernadette foi um caso \u00e0 parte, porque era necess\u00e1rio afast\u00e1-la da curiosidade, proteg\u00ea-la e proteger a congrega\u00e7\u00e3o. Bernadette contar\u00e1 a hist\u00f3ria das apari\u00e7\u00f5es diante da comunidade de irm\u00e3s reunida, no dia seguinte \u00e0 sua chegada; depois ela n\u00e3o deveria mais falar sobre isso<\/p><p>N\u00f3s a mantivemos na Casa M\u00e3e, quando ela gostaria tanto de cuidar dos doentes. No dia da profiss\u00e3o religiosa, nenhum trabalho foi designado para ela, ent\u00e3o o bispo lhe deu &#8220;o trabalho de rezar&#8221;. \u201cRezem pelos pecadores\u201d, dissera a Senhora. Ela ser\u00e1 fiel a isso. \u201cMinhas armas\u201d, escreveu ela ao Papa, \u201cs\u00e3o a ora\u00e7\u00e3o e o sacrif\u00edcio. \u201cA doen\u00e7a faz dela um pilar da enfermaria, e depois h\u00e1 as suas intermin\u00e1veis \u200b\u200bsess\u00f5es na sala de visitas\u2026 Mas, todos os dias, ela faz a sua peregrina\u00e7\u00e3o \u00e0 Gruta, em esp\u00edrito. Ela n\u00e3o vai falar de Lourdes, vai viver disso. \u201cVoc\u00ea deve ser a primeira a viver a mensagem\u201d, disse-lhe padre Douce, seu confessor. E, de fato, depois de ter sido auxiliar de enfermagem, ela entrou gradualmente no estado de doen\u00e7a. Ela far\u00e1 da doen\u00e7a o \u201cseu trabalho\u201d, aceitando em um ato de amor perfeito todas as cruzes, pelos pecadores: \u201cAfinal, eles s\u00e3o nossos irm\u00e3os.\u201d Nas longas noites de vig\u00edlia, unindo-se \u00e0s missas que se celebram por todo o mundo, oferece-se como &#8220;crucificada viva&#8221; no gigantesco combate das trevas e da luz, associada, com Maria, ao mist\u00e9rio da Reden\u00e7\u00e3o, com os olhos fixos no crucifixo: &#8220;\u00c9 da\u00ed que tiro minhas for\u00e7as. \u00bb<\/p><p>Bernadette morreu em Nevers em 16 de abril de 1879, aos 35 anos. A Igreja a proclamou santa em 8 de dezembro de 1933, n\u00e3o por ter sido favorecida pelas apari\u00e7\u00f5es, mas pela forma como respondeu a elas.<\/p><\/div><\/div><\/div>\t\t\t\t\t\t\t\t<\/div>\n\t\t\t\t<\/div>\n\t\t\t\t\t<\/div>\n\t\t<\/div>\n\t\t\t\t\t<\/div>\n\t\t<\/section>\n\t\t\t\t<\/div>\n\t\t","protected":false},"excerpt":{"rendered":"<p>Bernadette Soubirous Tudo o que sabemos das Apari\u00e7\u00f5es e da Mensagem de Lourdes nos veio de Santa Bernadette Soubirous. S\u00f3 ela viu a Senhora e tudo depende do seu testemunho. Quem \u00e9 ela, ent\u00e3o? Na sua vida distinguem-se tr\u00eas per\u00edodos: &hellip; <a href=\"https:\/\/www.lourdes-france.com\/pt-br\/vida-de-santa-bernadette-soubirous\/\">Conte\u00fado<\/a><\/p>\n","protected":false},"author":1,"featured_media":0,"parent":0,"menu_order":0,"comment_status":"closed","ping_status":"closed","template":"","meta":{"_acf_changed":false,"footnotes":""},"class_list":["post-806561","page","type-page","status-publish","hentry"],"acf":[],"yoast_head":"<!-- This site is optimized with the Yoast SEO Premium plugin v24.0 (Yoast SEO v26.3) - https:\/\/yoast.com\/wordpress\/plugins\/seo\/ -->\n<title>A vida de Santa Bernadette Soubirous - Vivre le p\u00e8lerinage de Lourdes<\/title>\n<meta name=\"description\" content=\"Tout ce que nous savons des apparitions et du Message de Lourdes nous vient de Bernadette. Elle seule a vu. Qui est-elle donc ? On peut distinguer trois p\u00e9riodes dans sa vie : les ann\u00e9es de son enfance au sein d\u2019une famille pauvre ; une vie \u00ab publique \u00bb au temps des apparitions et du t\u00e9moignage ; enfin, une vie \u00ab cach\u00e9e \u00bb comme religieuse, \u00e0 Nevers.\" \/>\n<meta name=\"robots\" content=\"index, follow, max-snippet:-1, max-image-preview:large, max-video-preview:-1\" \/>\n<link rel=\"canonical\" href=\"https:\/\/www.lourdes-france.com\/pt-br\/vida-de-santa-bernadette-soubirous\/\" \/>\n<meta property=\"og:locale\" content=\"pt_BR\" \/>\n<meta property=\"og:type\" content=\"article\" \/>\n<meta property=\"og:title\" content=\"A vida de Santa Bernadette Soubirous\" \/>\n<meta property=\"og:description\" content=\"Tout ce que nous savons des apparitions et du Message de Lourdes nous vient de Bernadette. Elle seule a vu. Qui est-elle donc ? On peut distinguer trois p\u00e9riodes dans sa vie : les ann\u00e9es de son enfance au sein d\u2019une famille pauvre ; une vie \u00ab publique \u00bb au temps des apparitions et du t\u00e9moignage ; enfin, une vie \u00ab cach\u00e9e \u00bb comme religieuse, \u00e0 Nevers.\" \/>\n<meta property=\"og:url\" content=\"https:\/\/www.lourdes-france.com\/pt-br\/vida-de-santa-bernadette-soubirous\/\" \/>\n<meta property=\"og:site_name\" content=\"Vivre le p\u00e8lerinage de Lourdes\" \/>\n<meta property=\"article:modified_time\" content=\"2024-10-01T10:29:11+00:00\" \/>\n<meta name=\"twitter:card\" content=\"summary_large_image\" \/>\n<meta name=\"twitter:label1\" content=\"Est. tempo de leitura\" \/>\n\t<meta name=\"twitter:data1\" content=\"13 minutos\" \/>\n<script type=\"application\/ld+json\" class=\"yoast-schema-graph\">{\"@context\":\"https:\/\/schema.org\",\"@graph\":[{\"@type\":\"WebPage\",\"@id\":\"https:\/\/www.lourdes-france.com\/pt-br\/vida-de-santa-bernadette-soubirous\/\",\"url\":\"https:\/\/www.lourdes-france.com\/pt-br\/vida-de-santa-bernadette-soubirous\/\",\"name\":\"A vida de Santa Bernadette Soubirous - Vivre le p\u00e8lerinage de Lourdes\",\"isPartOf\":{\"@id\":\"https:\/\/www.lourdes-france.com\/pt-br\/#website\"},\"datePublished\":\"2021-10-19T14:25:48+00:00\",\"dateModified\":\"2024-10-01T10:29:11+00:00\",\"description\":\"Tout ce que nous savons des apparitions et du Message de Lourdes nous vient de Bernadette. Elle seule a vu. Qui est-elle donc ? On peut distinguer trois p\u00e9riodes dans sa vie : les ann\u00e9es de son enfance au sein d\u2019une famille pauvre ; une vie \u00ab publique \u00bb au temps des apparitions et du t\u00e9moignage ; enfin, une vie \u00ab cach\u00e9e \u00bb comme religieuse, \u00e0 Nevers.\",\"breadcrumb\":{\"@id\":\"https:\/\/www.lourdes-france.com\/pt-br\/vida-de-santa-bernadette-soubirous\/#breadcrumb\"},\"inLanguage\":\"pt-BR\",\"potentialAction\":[{\"@type\":\"ReadAction\",\"target\":[\"https:\/\/www.lourdes-france.com\/pt-br\/vida-de-santa-bernadette-soubirous\/\"]}]},{\"@type\":\"BreadcrumbList\",\"@id\":\"https:\/\/www.lourdes-france.com\/pt-br\/vida-de-santa-bernadette-soubirous\/#breadcrumb\",\"itemListElement\":[{\"@type\":\"ListItem\",\"position\":1,\"name\":\"Accueil\",\"item\":\"https:\/\/www.lourdes-france.com\/pt-br\/\"},{\"@type\":\"ListItem\",\"position\":2,\"name\":\"A vida de Santa Bernadette Soubirous\"}]},{\"@type\":\"WebSite\",\"@id\":\"https:\/\/www.lourdes-france.com\/pt-br\/#website\",\"url\":\"https:\/\/www.lourdes-france.com\/pt-br\/\",\"name\":\"Sanctuaire Notre-Dame de Lourdes\",\"description\":\"\",\"publisher\":{\"@id\":\"https:\/\/www.lourdes-france.com\/pt-br\/#organization\"},\"potentialAction\":[{\"@type\":\"SearchAction\",\"target\":{\"@type\":\"EntryPoint\",\"urlTemplate\":\"https:\/\/www.lourdes-france.com\/pt-br\/?s={search_term_string}\"},\"query-input\":{\"@type\":\"PropertyValueSpecification\",\"valueRequired\":true,\"valueName\":\"search_term_string\"}}],\"inLanguage\":\"pt-BR\"},{\"@type\":\"Organization\",\"@id\":\"https:\/\/www.lourdes-france.com\/pt-br\/#organization\",\"name\":\"Sanctuaire Notre-Dame de Lourdes\",\"url\":\"https:\/\/www.lourdes-france.com\/pt-br\/\",\"logo\":{\"@type\":\"ImageObject\",\"inLanguage\":\"pt-BR\",\"@id\":\"https:\/\/www.lourdes-france.com\/pt-br\/#\/schema\/logo\/image\/\",\"url\":\"https:\/\/www.lourdes-france.com\/wp-content\/uploads\/2021\/11\/logo-small.png\",\"contentUrl\":\"https:\/\/www.lourdes-france.com\/wp-content\/uploads\/2021\/11\/logo-small.png\",\"width\":834,\"height\":521,\"caption\":\"Sanctuaire Notre-Dame de Lourdes\"},\"image\":{\"@id\":\"https:\/\/www.lourdes-france.com\/pt-br\/#\/schema\/logo\/image\/\"}}]}<\/script>\n<!-- \/ Yoast SEO Premium plugin. -->","yoast_head_json":{"title":"A vida de Santa Bernadette Soubirous - Vivre le p\u00e8lerinage de Lourdes","description":"Tout ce que nous savons des apparitions et du Message de Lourdes nous vient de Bernadette. Elle seule a vu. Qui est-elle donc ? On peut distinguer trois p\u00e9riodes dans sa vie : les ann\u00e9es de son enfance au sein d\u2019une famille pauvre ; une vie \u00ab publique \u00bb au temps des apparitions et du t\u00e9moignage ; enfin, une vie \u00ab cach\u00e9e \u00bb comme religieuse, \u00e0 Nevers.","robots":{"index":"index","follow":"follow","max-snippet":"max-snippet:-1","max-image-preview":"max-image-preview:large","max-video-preview":"max-video-preview:-1"},"canonical":"https:\/\/www.lourdes-france.com\/pt-br\/vida-de-santa-bernadette-soubirous\/","og_locale":"pt_BR","og_type":"article","og_title":"A vida de Santa Bernadette Soubirous","og_description":"Tout ce que nous savons des apparitions et du Message de Lourdes nous vient de Bernadette. Elle seule a vu. Qui est-elle donc ? On peut distinguer trois p\u00e9riodes dans sa vie : les ann\u00e9es de son enfance au sein d\u2019une famille pauvre ; une vie \u00ab publique \u00bb au temps des apparitions et du t\u00e9moignage ; enfin, une vie \u00ab cach\u00e9e \u00bb comme religieuse, \u00e0 Nevers.","og_url":"https:\/\/www.lourdes-france.com\/pt-br\/vida-de-santa-bernadette-soubirous\/","og_site_name":"Vivre le p\u00e8lerinage de Lourdes","article_modified_time":"2024-10-01T10:29:11+00:00","twitter_card":"summary_large_image","twitter_misc":{"Est. tempo de leitura":"13 minutos"},"schema":{"@context":"https:\/\/schema.org","@graph":[{"@type":"WebPage","@id":"https:\/\/www.lourdes-france.com\/pt-br\/vida-de-santa-bernadette-soubirous\/","url":"https:\/\/www.lourdes-france.com\/pt-br\/vida-de-santa-bernadette-soubirous\/","name":"A vida de Santa Bernadette Soubirous - Vivre le p\u00e8lerinage de Lourdes","isPartOf":{"@id":"https:\/\/www.lourdes-france.com\/pt-br\/#website"},"datePublished":"2021-10-19T14:25:48+00:00","dateModified":"2024-10-01T10:29:11+00:00","description":"Tout ce que nous savons des apparitions et du Message de Lourdes nous vient de Bernadette. Elle seule a vu. Qui est-elle donc ? On peut distinguer trois p\u00e9riodes dans sa vie : les ann\u00e9es de son enfance au sein d\u2019une famille pauvre ; une vie \u00ab publique \u00bb au temps des apparitions et du t\u00e9moignage ; enfin, une vie \u00ab cach\u00e9e \u00bb comme religieuse, \u00e0 Nevers.","breadcrumb":{"@id":"https:\/\/www.lourdes-france.com\/pt-br\/vida-de-santa-bernadette-soubirous\/#breadcrumb"},"inLanguage":"pt-BR","potentialAction":[{"@type":"ReadAction","target":["https:\/\/www.lourdes-france.com\/pt-br\/vida-de-santa-bernadette-soubirous\/"]}]},{"@type":"BreadcrumbList","@id":"https:\/\/www.lourdes-france.com\/pt-br\/vida-de-santa-bernadette-soubirous\/#breadcrumb","itemListElement":[{"@type":"ListItem","position":1,"name":"Accueil","item":"https:\/\/www.lourdes-france.com\/pt-br\/"},{"@type":"ListItem","position":2,"name":"A vida de Santa Bernadette Soubirous"}]},{"@type":"WebSite","@id":"https:\/\/www.lourdes-france.com\/pt-br\/#website","url":"https:\/\/www.lourdes-france.com\/pt-br\/","name":"Sanctuaire Notre-Dame de Lourdes","description":"","publisher":{"@id":"https:\/\/www.lourdes-france.com\/pt-br\/#organization"},"potentialAction":[{"@type":"SearchAction","target":{"@type":"EntryPoint","urlTemplate":"https:\/\/www.lourdes-france.com\/pt-br\/?s={search_term_string}"},"query-input":{"@type":"PropertyValueSpecification","valueRequired":true,"valueName":"search_term_string"}}],"inLanguage":"pt-BR"},{"@type":"Organization","@id":"https:\/\/www.lourdes-france.com\/pt-br\/#organization","name":"Sanctuaire Notre-Dame de Lourdes","url":"https:\/\/www.lourdes-france.com\/pt-br\/","logo":{"@type":"ImageObject","inLanguage":"pt-BR","@id":"https:\/\/www.lourdes-france.com\/pt-br\/#\/schema\/logo\/image\/","url":"https:\/\/www.lourdes-france.com\/wp-content\/uploads\/2021\/11\/logo-small.png","contentUrl":"https:\/\/www.lourdes-france.com\/wp-content\/uploads\/2021\/11\/logo-small.png","width":834,"height":521,"caption":"Sanctuaire Notre-Dame de Lourdes"},"image":{"@id":"https:\/\/www.lourdes-france.com\/pt-br\/#\/schema\/logo\/image\/"}}]}},"_links":{"self":[{"href":"https:\/\/www.lourdes-france.com\/pt-br\/wp-json\/wp\/v2\/pages\/806561","targetHints":{"allow":["GET"]}}],"collection":[{"href":"https:\/\/www.lourdes-france.com\/pt-br\/wp-json\/wp\/v2\/pages"}],"about":[{"href":"https:\/\/www.lourdes-france.com\/pt-br\/wp-json\/wp\/v2\/types\/page"}],"author":[{"embeddable":true,"href":"https:\/\/www.lourdes-france.com\/pt-br\/wp-json\/wp\/v2\/users\/1"}],"replies":[{"embeddable":true,"href":"https:\/\/www.lourdes-france.com\/pt-br\/wp-json\/wp\/v2\/comments?post=806561"}],"version-history":[{"count":0,"href":"https:\/\/www.lourdes-france.com\/pt-br\/wp-json\/wp\/v2\/pages\/806561\/revisions"}],"wp:attachment":[{"href":"https:\/\/www.lourdes-france.com\/pt-br\/wp-json\/wp\/v2\/media?parent=806561"}],"curies":[{"name":"wp","href":"https:\/\/api.w.org\/{rel}","templated":true}]}}