{"id":876218,"date":"2026-06-09T15:00:58","date_gmt":"2026-06-09T13:00:58","guid":{"rendered":"https:\/\/www.lourdes-france.com\/pape-a-lourdes\/"},"modified":"2026-08-27T15:25:39","modified_gmt":"2026-08-27T13:25:39","slug":"papa-en-lourdes","status":"publish","type":"page","link":"https:\/\/www.lourdes-france.com\/es\/papa-en-lourdes\/","title":{"rendered":"Papa en Lourdes"},"content":{"rendered":"\t\t<div data-elementor-type=\"wp-page\" data-elementor-id=\"876218\" class=\"elementor elementor-876218 elementor-875398\" data-elementor-post-type=\"page\">\n\t\t\t\t\t\t<section class=\"elementor-section elementor-top-section elementor-element elementor-element-6ff9995 elementor-section-boxed elementor-section-height-default elementor-section-height-default\" data-id=\"6ff9995\" data-element_type=\"section\" data-e-type=\"section\">\n\t\t\t\t\t\t<div class=\"elementor-container elementor-column-gap-no\">\n\t\t\t\t\t<div class=\"elementor-column elementor-col-100 elementor-top-column elementor-element elementor-element-188c684\" data-id=\"188c684\" data-element_type=\"column\" data-e-type=\"column\">\n\t\t\t<div class=\"elementor-widget-wrap elementor-element-populated\">\n\t\t\t\t\t\t<div class=\"elementor-element elementor-element-4f2afe1 elementor-widget elementor-widget-image\" data-id=\"4f2afe1\" data-element_type=\"widget\" data-e-type=\"widget\" data-widget_type=\"image.default\">\n\t\t\t\t<div class=\"elementor-widget-container\">\n\t\t\t\t\t\t\t\t\t\t\t\t\t\t\t<img fetchpriority=\"high\" decoding=\"async\" width=\"1024\" height=\"607\" src=\"https:\/\/www.lourdes-france.com\/wp-content\/uploads\/2024\/03\/visuel-annonce_ES_Web-1-1024x607.jpg\" class=\"attachment-large size-large wp-image-877522\" alt=\"\" srcset=\"https:\/\/www.lourdes-france.com\/wp-content\/uploads\/2024\/03\/visuel-annonce_ES_Web-1-1024x607.jpg 1024w, https:\/\/www.lourdes-france.com\/wp-content\/uploads\/2024\/03\/visuel-annonce_ES_Web-1-300x178.jpg 300w, https:\/\/www.lourdes-france.com\/wp-content\/uploads\/2024\/03\/visuel-annonce_ES_Web-1-768x455.jpg 768w, https:\/\/www.lourdes-france.com\/wp-content\/uploads\/2024\/03\/visuel-annonce_ES_Web-1.jpg 1080w\" sizes=\"(max-width: 1024px) 100vw, 1024px\" \/>\t\t\t\t\t\t\t\t\t\t\t\t\t\t\t<\/div>\n\t\t\t\t<\/div>\n\t\t\t\t<div class=\"elementor-element elementor-element-f578417 elementor-widget elementor-widget-heading\" data-id=\"f578417\" data-element_type=\"widget\" data-e-type=\"widget\" data-widget_type=\"heading.default\">\n\t\t\t\t<div class=\"elementor-widget-container\">\n\t\t\t\t\t<h1 class=\"elementor-heading-title elementor-size-default\">El Papa en Lourdes<\/h1>\t\t\t\t<\/div>\n\t\t\t\t<\/div>\n\t\t\t\t<div class=\"elementor-element elementor-element-b8ab05c elementor-widget elementor-widget-heading\" data-id=\"b8ab05c\" data-element_type=\"widget\" data-e-type=\"widget\" data-widget_type=\"heading.default\">\n\t\t\t\t<div class=\"elementor-widget-container\">\n\t\t\t\t\t<h2 class=\"elementor-heading-title elementor-size-default\">El Papa Le\u00f3n XIV de visita en Lourdes el 26 y el 27 de septiembre de 2026<\/h2>\t\t\t\t<\/div>\n\t\t\t\t<\/div>\n\t\t\t\t<div class=\"elementor-element elementor-element-d815f3d elementor-widget elementor-widget-text-editor\" data-id=\"d815f3d\" data-element_type=\"widget\" data-e-type=\"widget\" data-widget_type=\"text-editor.default\">\n\t\t\t\t<div class=\"elementor-widget-container\">\n\t\t\t\t\t\t\t\t\t<p>El Santuario de Nuestra Se\u00f1ora de Lourdes tendr\u00e1 la alegr\u00eda y el honor de acoger a Su Santidad el Papa Le\u00f3n XIV el s\u00e1bado 26 y el domingo 27 de septiembre de 2026. Durante su viaje apost\u00f3lico a Francia, se convertir\u00e1 en un peregrino m\u00e1s entre los peregrinos.<\/p>\t\t\t\t\t\t\t\t<\/div>\n\t\t\t\t<\/div>\n\t\t\t\t\t<\/div>\n\t\t<\/div>\n\t\t\t\t\t<\/div>\n\t\t<\/section>\n\t\t\t\t<section class=\"elementor-section elementor-top-section elementor-element elementor-element-1956b4b elementor-section-boxed elementor-section-height-default elementor-section-height-default\" data-id=\"1956b4b\" data-element_type=\"section\" data-e-type=\"section\" id=\"programme\">\n\t\t\t\t\t\t<div class=\"elementor-container elementor-column-gap-default\">\n\t\t\t\t\t<div class=\"elementor-column elementor-col-100 elementor-top-column elementor-element elementor-element-f8c2df3\" data-id=\"f8c2df3\" data-element_type=\"column\" data-e-type=\"column\">\n\t\t\t<div class=\"elementor-widget-wrap elementor-element-populated\">\n\t\t\t\t\t\t<section class=\"elementor-section elementor-inner-section elementor-element elementor-element-7d563d7 elementor-section-boxed elementor-section-height-default elementor-section-height-default\" data-id=\"7d563d7\" data-element_type=\"section\" data-e-type=\"section\">\n\t\t\t\t\t\t<div class=\"elementor-container elementor-column-gap-default\">\n\t\t\t\t\t<div class=\"elementor-column elementor-col-50 elementor-inner-column elementor-element elementor-element-39f48fa\" data-id=\"39f48fa\" data-element_type=\"column\" data-e-type=\"column\">\n\t\t\t<div class=\"elementor-widget-wrap elementor-element-populated\">\n\t\t\t\t\t\t<div class=\"elementor-element elementor-element-73447d3 elementor-widget elementor-widget-image\" data-id=\"73447d3\" data-element_type=\"widget\" data-e-type=\"widget\" data-widget_type=\"image.default\">\n\t\t\t\t<div class=\"elementor-widget-container\">\n\t\t\t\t\t\t\t\t\t\t\t\t\t\t\t<img decoding=\"async\" width=\"819\" height=\"1024\" src=\"https:\/\/www.lourdes-france.com\/wp-content\/uploads\/2026\/08\/visuel-programme-FR-819x1024.jpg\" class=\"attachment-large size-large wp-image-877464\" alt=\"\" srcset=\"https:\/\/www.lourdes-france.com\/wp-content\/uploads\/2026\/08\/visuel-programme-FR-819x1024.jpg 819w, https:\/\/www.lourdes-france.com\/wp-content\/uploads\/2026\/08\/visuel-programme-FR-240x300.jpg 240w, https:\/\/www.lourdes-france.com\/wp-content\/uploads\/2026\/08\/visuel-programme-FR-768x960.jpg 768w, https:\/\/www.lourdes-france.com\/wp-content\/uploads\/2026\/08\/visuel-programme-FR.jpg 1080w\" sizes=\"(max-width: 819px) 100vw, 819px\" \/>\t\t\t\t\t\t\t\t\t\t\t\t\t\t\t<\/div>\n\t\t\t\t<\/div>\n\t\t\t\t\t<\/div>\n\t\t<\/div>\n\t\t\t\t<div class=\"elementor-column elementor-col-50 elementor-inner-column elementor-element elementor-element-6d07d95\" data-id=\"6d07d95\" data-element_type=\"column\" data-e-type=\"column\">\n\t\t\t<div class=\"elementor-widget-wrap elementor-element-populated\">\n\t\t\t\t\t\t<div class=\"elementor-element elementor-element-7d9471b elementor-widget elementor-widget-heading\" data-id=\"7d9471b\" data-element_type=\"widget\" data-e-type=\"widget\" data-widget_type=\"heading.default\">\n\t\t\t\t<div class=\"elementor-widget-container\">\n\t\t\t\t\t<h2 class=\"elementor-heading-title elementor-size-default\">Programa en Lourdes<\/h2>\t\t\t\t<\/div>\n\t\t\t\t<\/div>\n\t\t\t\t<div class=\"elementor-element elementor-element-68f18b5 elementor-widget elementor-widget-text-editor\" data-id=\"68f18b5\" data-element_type=\"widget\" data-e-type=\"widget\" data-widget_type=\"text-editor.default\">\n\t\t\t\t<div class=\"elementor-widget-container\">\n\t\t\t\t\t\t\t\t\t<p><span style=\"color: #000000;\"><strong>26 de septiembre<\/strong><\/span><br \/>19:05 h: Llegada al aeropuerto internacional de \u00abTarbes-Lourdes-Pyr\u00e9n\u00e9es\u00bb<br \/>19:40 h: Oraci\u00f3n en la Gruta de las Apariciones<\/p><p><span style=\"color: #000000;\"><strong>27 de septiembre<\/strong><\/span><br \/>09:00 h: Encuentro con los obispos de la Conferencia Episcopal de Francia \u2013 Discurso del Santo Padre (hemiciclo de Santa Bernadette)<br \/>11:00 h: Misa dominical en la pradera, seguida del rezo del \u00c1ngelus<\/p><p>15:30 h: Encuentro con los hospitalarios y los enfermos en el \u00abAccueil Notre-Dame\u00bb \u2013 Discurso del Santo Padre<br \/>16:45 h: Encuentro privado con las religiosas de vida contemplativa (Monasterio del Carmelo de Lourdes)<br \/>21:00 h: Rezo del Santo Rosario y procesi\u00f3n mariana con antorchas \u2013 Discurso del Santo Padre<\/p>\t\t\t\t\t\t\t\t<\/div>\n\t\t\t\t<\/div>\n\t\t\t\t\t<\/div>\n\t\t<\/div>\n\t\t\t\t\t<\/div>\n\t\t<\/section>\n\t\t\t\t\t<\/div>\n\t\t<\/div>\n\t\t\t\t\t<\/div>\n\t\t<\/section>\n\t\t\t\t<section class=\"elementor-section elementor-top-section elementor-element elementor-element-aed4d5e elementor-section-boxed elementor-section-height-default elementor-section-height-default\" data-id=\"aed4d5e\" data-element_type=\"section\" data-e-type=\"section\" id=\"inscription\" data-settings=\"{&quot;background_background&quot;:&quot;classic&quot;}\">\n\t\t\t\t\t\t<div class=\"elementor-container elementor-column-gap-default\">\n\t\t\t\t\t<div class=\"elementor-column elementor-col-100 elementor-top-column elementor-element elementor-element-41d6675\" data-id=\"41d6675\" data-element_type=\"column\" data-e-type=\"column\">\n\t\t\t<div class=\"elementor-widget-wrap elementor-element-populated\">\n\t\t\t\t\t\t<div class=\"elementor-element elementor-element-9896b0a elementor-widget elementor-widget-heading\" data-id=\"9896b0a\" data-element_type=\"widget\" data-e-type=\"widget\" data-widget_type=\"heading.default\">\n\t\t\t\t<div class=\"elementor-widget-container\">\n\t\t\t\t\t<h2 class=\"elementor-heading-title elementor-size-default\">Las inscripciones est\u00e1n cerradas<\/h2>\t\t\t\t<\/div>\n\t\t\t\t<\/div>\n\t\t\t\t<div class=\"elementor-element elementor-element-25dfc41 elementor-widget elementor-widget-text-editor\" data-id=\"25dfc41\" data-element_type=\"widget\" data-e-type=\"widget\" data-widget_type=\"text-editor.default\">\n\t\t\t\t<div class=\"elementor-widget-container\">\n\t\t\t\t\t\t\t\t\t<p><strong><span style=\"color: #000000;\">Las inscripciones para participar en las celebraciones presididas por el papa Le\u00f3n XIV en Lourdes, el s\u00e1bado 26 y el domingo 27 de septiembre de 2026, ya est\u00e1n cerradas.<br \/><br \/><\/span><\/strong>Ante la excepcional afluencia prevista y con el fin de garantizar las mejores condiciones de acogida, seguridad y organizaci\u00f3n, el Santuario ha alcanzado su capacidad m\u00e1xima.<br \/><br \/>Seremos 150 000 personas las que rezaremos con el Papa en el Santuario.<br \/>Seremos millones los que seguiremos las celebraciones por televisi\u00f3n y radio.<br \/><br \/><strong><span style=\"color: #000000;\">Si ya se ha inscrito, su inscripci\u00f3n est\u00e1 correctamente registrada. <\/span><\/strong><br \/><strong><span style=\"color: #000000;\">Ya no es posible modificarla.<br \/><br \/><\/span><\/strong>En los pr\u00f3ximos d\u00edas se enviar\u00e1n por correo electr\u00f3nico los pases de acceso.<br \/>Estos deber\u00e1n presentarse a la entrada del Santuario para acceder a la pradera o a la Explanada.<\/p>\t\t\t\t\t\t\t\t<\/div>\n\t\t\t\t<\/div>\n\t\t\t\t\t<\/div>\n\t\t<\/div>\n\t\t\t\t\t<\/div>\n\t\t<\/section>\n\t\t\t\t<section class=\"elementor-section elementor-top-section elementor-element elementor-element-f99877a elementor-section-boxed elementor-section-height-default elementor-section-height-default\" data-id=\"f99877a\" data-element_type=\"section\" data-e-type=\"section\">\n\t\t\t\t\t\t<div class=\"elementor-container elementor-column-gap-default\">\n\t\t\t\t\t<div class=\"elementor-column elementor-col-100 elementor-top-column elementor-element elementor-element-0007fb1\" data-id=\"0007fb1\" data-element_type=\"column\" data-e-type=\"column\">\n\t\t\t<div class=\"elementor-widget-wrap elementor-element-populated\">\n\t\t\t\t\t\t<div class=\"elementor-element elementor-element-4b365e0 elementor-widget elementor-widget-heading\" data-id=\"4b365e0\" data-element_type=\"widget\" data-e-type=\"widget\" data-widget_type=\"heading.default\">\n\t\t\t\t<div class=\"elementor-widget-container\">\n\t\t\t\t\t<h4 class=\"elementor-heading-title elementor-size-default\">\"Esta visita es, ante todo, la del sucesor de Pedro, que viene a confirmar en la fe a sus hermanos y a dirigirse a toda nuestra sociedad.\"<\/h4>\t\t\t\t<\/div>\n\t\t\t\t<\/div>\n\t\t\t\t<div class=\"elementor-element elementor-element-db0272c elementor-widget elementor-widget-heading\" data-id=\"db0272c\" data-element_type=\"widget\" data-e-type=\"widget\" data-widget_type=\"heading.default\">\n\t\t\t\t<div class=\"elementor-widget-container\">\n\t\t\t\t\t<h5 class=\"elementor-heading-title elementor-size-default\">Mons. Jean-Marc Micas, obispo de Tarbes y Lourdes<\/h5>\t\t\t\t<\/div>\n\t\t\t\t<\/div>\n\t\t\t\t\t<\/div>\n\t\t<\/div>\n\t\t\t\t\t<\/div>\n\t\t<\/section>\n\t\t\t\t<section class=\"elementor-section elementor-top-section elementor-element elementor-element-82ebed0 elementor-section-boxed elementor-section-height-default elementor-section-height-default\" data-id=\"82ebed0\" data-element_type=\"section\" data-e-type=\"section\" data-settings=\"{&quot;background_background&quot;:&quot;classic&quot;}\">\n\t\t\t\t\t\t<div class=\"elementor-container elementor-column-gap-default\">\n\t\t\t\t\t<div class=\"elementor-column elementor-col-100 elementor-top-column elementor-element elementor-element-68f0f67\" data-id=\"68f0f67\" data-element_type=\"column\" data-e-type=\"column\">\n\t\t\t<div class=\"elementor-widget-wrap elementor-element-populated\">\n\t\t\t\t\t\t<div class=\"elementor-element elementor-element-6fd5bfb elementor-widget elementor-widget-heading\" data-id=\"6fd5bfb\" data-element_type=\"widget\" data-e-type=\"widget\" data-widget_type=\"heading.default\">\n\t\t\t\t<div class=\"elementor-widget-container\">\n\t\t\t\t\t<h3 class=\"elementor-heading-title elementor-size-default\">La visita del papa a Lourdes.<\/BR>\nUna misi\u00f3n excepcional para una cita hist\u00f3rica: colaboremos con el santuario en la acogida de cada peregrino<\/h3>\t\t\t\t<\/div>\n\t\t\t\t<\/div>\n\t\t\t\t<div class=\"elementor-element elementor-element-af27b42 elementor-widget elementor-widget-text-editor\" data-id=\"af27b42\" data-element_type=\"widget\" data-e-type=\"widget\" data-widget_type=\"text-editor.default\">\n\t\t\t\t<div class=\"elementor-widget-container\">\n\t\t\t\t\t\t\t\t\t<p><span style=\"color: #ffffff;\">Cientos de miles de fieles est\u00e1n llamados a participar en este gran acontecimiento. El santuario, que ya tuvo la gracia de recibir a san Juan Pablo II y a Benedicto XVI, afronta los preparativos de esta nueva visita con el m\u00e1ximo rigor y la experiencia que le brindaron las anteriores, preparando cuidadosamente cada detalle para que esta jornada transcurra en las mejores condiciones posibles.<\/span><\/p>\t\t\t\t\t\t\t\t<\/div>\n\t\t\t\t<\/div>\n\t\t\t\t<div class=\"elementor-element elementor-element-c3b1ecc elementor-align-center elementor-widget elementor-widget-button\" data-id=\"c3b1ecc\" data-element_type=\"widget\" data-e-type=\"widget\" data-widget_type=\"button.default\">\n\t\t\t\t<div class=\"elementor-widget-container\">\n\t\t\t\t\t\t\t\t\t<div class=\"elementor-button-wrapper\">\n\t\t\t\t\t<a class=\"elementor-button elementor-button-link elementor-size-sm\" href=\"https:\/\/pape.lourdes-france.org\/es?utm_source=web&#038;utm_medium=com&#038;utm_campaign=pape2026\">\n\t\t\t\t\t\t<span class=\"elementor-button-content-wrapper\">\n\t\t\t\t\t\t<span class=\"elementor-button-icon\">\n\t\t\t\t<i aria-hidden=\"true\" class=\"fas fa-heart\"><\/i>\t\t\t<\/span>\n\t\t\t\t\t\t\t\t\t<span class=\"elementor-button-text\">Hacer una donaci\u00f3n<\/span>\n\t\t\t\t\t<\/span>\n\t\t\t\t\t<\/a>\n\t\t\t\t<\/div>\n\t\t\t\t\t\t\t\t<\/div>\n\t\t\t\t<\/div>\n\t\t\t\t\t<\/div>\n\t\t<\/div>\n\t\t\t\t\t<\/div>\n\t\t<\/section>\n\t\t\t\t<section class=\"elementor-section elementor-top-section elementor-element elementor-element-de69d33 elementor-section-boxed elementor-section-height-default elementor-section-height-default\" data-id=\"de69d33\" data-element_type=\"section\" data-e-type=\"section\">\n\t\t\t\t\t\t<div class=\"elementor-container elementor-column-gap-default\">\n\t\t\t\t\t<div class=\"elementor-column elementor-col-100 elementor-top-column elementor-element elementor-element-2e904c6\" data-id=\"2e904c6\" data-element_type=\"column\" data-e-type=\"column\">\n\t\t\t<div class=\"elementor-widget-wrap elementor-element-populated\">\n\t\t\t\t\t\t<div class=\"elementor-element elementor-element-8a404a1 elementor-widget elementor-widget-heading\" data-id=\"8a404a1\" data-element_type=\"widget\" data-e-type=\"widget\" data-widget_type=\"heading.default\">\n\t\t\t\t<div class=\"elementor-widget-container\">\n\t\t\t\t\t<h2 class=\"elementor-heading-title elementor-size-default\">Una organizaci\u00f3n a la altura del acontecimiento <\/h2>\t\t\t\t<\/div>\n\t\t\t\t<\/div>\n\t\t\t\t<div class=\"elementor-element elementor-element-397538a elementor-widget elementor-widget-text-editor\" data-id=\"397538a\" data-element_type=\"widget\" data-e-type=\"widget\" data-widget_type=\"text-editor.default\">\n\t\t\t\t<div class=\"elementor-widget-container\">\n\t\t\t\t\t\t\t\t\t<p>La magnitud de este acontecimiento exige una organizaci\u00f3n excepcional para que todos los participantes puedan vivir esta jornada en las mejores condiciones. Con este fin, se destinar\u00e1n m\u00e1s de dos millones de euros a financiar las instalaciones t\u00e9cnicas, el sistema de sonorizaci\u00f3n, las pantallas gigantes, los dispositivos de seguridad, la acogida de los peregrinos, los voluntarios y los medios de comunicaci\u00f3n, as\u00ed como la preparaci\u00f3n de las celebraciones.<\/p><p>\u2022 M\u00e1s de 10 kil\u00f3metros de vallas de seguridad. <br \/>\u2022 M\u00e1s de 600 voluntarios movilizados. <br \/>\u2022 Cerca de 1000 periodistas acogidos en un centro de prensa internacional habilitado especialmente para la ocasi\u00f3n. <br \/>\u2022 M\u00e1s de 10 pantallas gigantes y un sistema de sonorizaci\u00f3n reforzado. <br \/>\u2022 Un estrado con capacidad para 400 obispos y cardenales. <br \/>\u2022 Cerca de 3000 sacerdotes. <br \/>\u2022 Cerca de 1000 aseos temporales. <br \/>\u2022 Un dispositivo reforzado de limpieza y gesti\u00f3n de residuos.<\/p>\t\t\t\t\t\t\t\t<\/div>\n\t\t\t\t<\/div>\n\t\t\t\t\t<\/div>\n\t\t<\/div>\n\t\t\t\t\t<\/div>\n\t\t<\/section>\n\t\t\t\t<section class=\"elementor-section elementor-top-section elementor-element elementor-element-b4d82fe elementor-section-boxed elementor-section-height-default elementor-section-height-default\" data-id=\"b4d82fe\" data-element_type=\"section\" data-e-type=\"section\">\n\t\t\t\t\t\t<div class=\"elementor-container elementor-column-gap-default\">\n\t\t\t\t\t<div class=\"elementor-column elementor-col-100 elementor-top-column elementor-element elementor-element-0ac3732\" data-id=\"0ac3732\" data-element_type=\"column\" data-e-type=\"column\">\n\t\t\t<div class=\"elementor-widget-wrap elementor-element-populated\">\n\t\t\t\t\t\t<div class=\"elementor-element elementor-element-6bfe043 elementor-widget elementor-widget-heading\" data-id=\"6bfe043\" data-element_type=\"widget\" data-e-type=\"widget\" data-widget_type=\"heading.default\">\n\t\t\t\t<div class=\"elementor-widget-container\">\n\t\t\t\t\t<h2 class=\"elementor-heading-title elementor-size-default\">Hoy, su donaci\u00f3n construye el ma\u00f1ana<\/h2>\t\t\t\t<\/div>\n\t\t\t\t<\/div>\n\t\t\t\t<div class=\"elementor-element elementor-element-d138600 elementor-widget elementor-widget-text-editor\" data-id=\"d138600\" data-element_type=\"widget\" data-e-type=\"widget\" data-widget_type=\"text-editor.default\">\n\t\t\t\t<div class=\"elementor-widget-container\">\n\t\t\t\t\t\t\t\t\t<h5>La visita del papa dura solo un d\u00eda, pero la acogida a los peregrinos nunca se detiene.<\/h5><p>Nuestra misi\u00f3n es seguir acogiendo, con la misma dedicaci\u00f3n, a cada peregrino, a cada persona enferma y a cada familia, antes, durante y despu\u00e9s de la visita del santo padre. <br \/>La mayor parte de los equipamientos instalados con motivo de esta visita continuar\u00e1 prestando servicio una vez concluido el acontecimiento. Por ello, las mejoras realizadas en los itinerarios, la acogida, la accesibilidad y las infraestructuras seguir\u00e1n beneficiando durante muchos a\u00f1os a los millones de peregrinos que acuden a Lourdes cada a\u00f1o.<\/p>\t\t\t\t\t\t\t\t<\/div>\n\t\t\t\t<\/div>\n\t\t\t\t\t<\/div>\n\t\t<\/div>\n\t\t\t\t\t<\/div>\n\t\t<\/section>\n\t\t\t\t<section class=\"elementor-section elementor-top-section elementor-element elementor-element-bfd953e elementor-section-boxed elementor-section-height-default elementor-section-height-default\" data-id=\"bfd953e\" data-element_type=\"section\" data-e-type=\"section\">\n\t\t\t\t\t\t<div class=\"elementor-container elementor-column-gap-default\">\n\t\t\t\t\t<div class=\"elementor-column elementor-col-100 elementor-top-column elementor-element elementor-element-22d50b6\" data-id=\"22d50b6\" data-element_type=\"column\" data-e-type=\"column\">\n\t\t\t<div class=\"elementor-widget-wrap elementor-element-populated\">\n\t\t\t\t\t\t<div class=\"elementor-element elementor-element-27b2203 elementor-widget elementor-widget-heading\" data-id=\"27b2203\" data-element_type=\"widget\" data-e-type=\"widget\" data-widget_type=\"heading.default\">\n\t\t\t\t<div class=\"elementor-widget-container\">\n\t\t\t\t\t<h2 class=\"elementor-heading-title elementor-size-default\">Su donaci\u00f3n no solo contribuye a hacer posible una jornada hist\u00f3rica, sino que tambi\u00e9n ayuda al santuario a garantizar la continuidad de su misi\u00f3n<\/h2>\t\t\t\t<\/div>\n\t\t\t\t<\/div>\n\t\t\t\t<div class=\"elementor-element elementor-element-3ef036a elementor-align-center elementor-widget elementor-widget-button\" data-id=\"3ef036a\" data-element_type=\"widget\" data-e-type=\"widget\" data-widget_type=\"button.default\">\n\t\t\t\t<div class=\"elementor-widget-container\">\n\t\t\t\t\t\t\t\t\t<div class=\"elementor-button-wrapper\">\n\t\t\t\t\t<a class=\"elementor-button elementor-button-link elementor-size-sm\" href=\"https:\/\/pape.lourdes-france.org\/es?utm_source=web&#038;utm_medium=com&#038;utm_campaign=pape2026\">\n\t\t\t\t\t\t<span class=\"elementor-button-content-wrapper\">\n\t\t\t\t\t\t<span class=\"elementor-button-icon\">\n\t\t\t\t<i aria-hidden=\"true\" class=\"fas fa-heart\"><\/i>\t\t\t<\/span>\n\t\t\t\t\t\t\t\t\t<span class=\"elementor-button-text\">Apoyar a Lourdes<\/span>\n\t\t\t\t\t<\/span>\n\t\t\t\t\t<\/a>\n\t\t\t\t<\/div>\n\t\t\t\t\t\t\t\t<\/div>\n\t\t\t\t<\/div>\n\t\t\t\t\t<\/div>\n\t\t<\/div>\n\t\t\t\t\t<\/div>\n\t\t<\/section>\n\t\t\t\t<section class=\"elementor-section elementor-top-section elementor-element elementor-element-edbfb4c elementor-section-boxed elementor-section-height-default elementor-section-height-default\" data-id=\"edbfb4c\" data-element_type=\"section\" data-e-type=\"section\">\n\t\t\t\t\t\t<div class=\"elementor-container elementor-column-gap-default\">\n\t\t\t\t\t<div class=\"elementor-column elementor-col-100 elementor-top-column elementor-element elementor-element-b029b35\" data-id=\"b029b35\" data-element_type=\"column\" data-e-type=\"column\">\n\t\t\t<div class=\"elementor-widget-wrap elementor-element-populated\">\n\t\t\t\t\t\t<div class=\"elementor-element elementor-element-a0622a5 elementor-widget elementor-widget-image\" data-id=\"a0622a5\" data-element_type=\"widget\" data-e-type=\"widget\" data-widget_type=\"image.default\">\n\t\t\t\t<div class=\"elementor-widget-container\">\n\t\t\t\t\t\t\t\t\t\t\t\t\t\t\t\t<a href=\"https:\/\/www.pape-france.fr\/\">\n\t\t\t\t\t\t\t<img decoding=\"async\" width=\"1607\" height=\"629\" src=\"https:\/\/www.lourdes-france.com\/wp-content\/uploads\/2026\/07\/Pape-France-1.jpg\" class=\"attachment-full size-full wp-image-877140\" alt=\"\" srcset=\"https:\/\/www.lourdes-france.com\/wp-content\/uploads\/2026\/07\/Pape-France-1.jpg 1607w, https:\/\/www.lourdes-france.com\/wp-content\/uploads\/2026\/07\/Pape-France-1-300x117.jpg 300w, https:\/\/www.lourdes-france.com\/wp-content\/uploads\/2026\/07\/Pape-France-1-1024x401.jpg 1024w, https:\/\/www.lourdes-france.com\/wp-content\/uploads\/2026\/07\/Pape-France-1-768x301.jpg 768w, https:\/\/www.lourdes-france.com\/wp-content\/uploads\/2026\/07\/Pape-France-1-1536x601.jpg 1536w\" sizes=\"(max-width: 1607px) 100vw, 1607px\" \/>\t\t\t\t\t\t\t\t<\/a>\n\t\t\t\t\t\t\t\t\t\t\t\t\t\t\t<\/div>\n\t\t\t\t<\/div>\n\t\t\t\t<div class=\"elementor-element elementor-element-40d6529 elementor-align-center elementor-widget elementor-widget-button\" data-id=\"40d6529\" data-element_type=\"widget\" data-e-type=\"widget\" data-widget_type=\"button.default\">\n\t\t\t\t<div class=\"elementor-widget-container\">\n\t\t\t\t\t\t\t\t\t<div class=\"elementor-button-wrapper\">\n\t\t\t\t\t<a class=\"elementor-button elementor-button-link elementor-size-sm\" href=\"https:\/\/donner.catholique.fr\/pape-france\/~mon-don?ns_ira_cr_arg=IyMjIyMjIyMjIyMjIyMjIyMjIyMjIyMjIyMjIyMjIyO0ULjC2GF-3A1yCxHge78BNjnwCWobGD3aa4cNFw3J3BHKH3gKLGbyBQA94lUHaT3J6QYSn5PwCPOo8uA19Hh6pcN8pzX1Xhxz6hAcDwoS7EYSJC9JwQyz0FnLBuNEfFkMCdd8JmVimfybY7f2dFaZT9tMC0u8n3ZDgSheHYa7uT5wrF9pIaUORrY1pDB1KAksnRINq-DkmdiWfu7w_n4Aq8uAUnUhx8Hcs59M7jaALIn1f76eq94TJ6fzrz5ytp0&#038;utm_source=pape-france.fr&#038;utm_medium=referral&#038;utm_campaign=pape-france.fr&#038;utm_content=panel&#038;_cv=1\">\n\t\t\t\t\t\t<span class=\"elementor-button-content-wrapper\">\n\t\t\t\t\t\t<span class=\"elementor-button-icon\">\n\t\t\t\t<i aria-hidden=\"true\" class=\"fas fa-heart\"><\/i>\t\t\t<\/span>\n\t\t\t\t\t\t\t\t\t<span class=\"elementor-button-text\">Apoyar a la Iglesia de Francia <\/span>\n\t\t\t\t\t<\/span>\n\t\t\t\t\t<\/a>\n\t\t\t\t<\/div>\n\t\t\t\t\t\t\t\t<\/div>\n\t\t\t\t<\/div>\n\t\t\t\t\t<\/div>\n\t\t<\/div>\n\t\t\t\t\t<\/div>\n\t\t<\/section>\n\t\t\t\t<section class=\"elementor-section elementor-top-section elementor-element elementor-element-a8e332d elementor-section-boxed elementor-section-height-default elementor-section-height-default\" data-id=\"a8e332d\" data-element_type=\"section\" data-e-type=\"section\">\n\t\t\t\t\t\t<div class=\"elementor-container elementor-column-gap-default\">\n\t\t\t\t\t<div class=\"elementor-column elementor-col-100 elementor-top-column elementor-element elementor-element-063d446\" data-id=\"063d446\" data-element_type=\"column\" data-e-type=\"column\">\n\t\t\t<div class=\"elementor-widget-wrap elementor-element-populated\">\n\t\t\t\t\t\t<div class=\"elementor-element elementor-element-078abfa elementor-widget elementor-widget-heading\" data-id=\"078abfa\" data-element_type=\"widget\" data-e-type=\"widget\" data-widget_type=\"heading.default\">\n\t\t\t\t<div class=\"elementor-widget-container\">\n\t\t\t\t\t<h4 class=\"elementor-heading-title elementor-size-default\">Juntos, acojamos al papa. <\/BR>\nJuntos, sigamos acogiendo a cada peregrino. <\/h4>\t\t\t\t<\/div>\n\t\t\t\t<\/div>\n\t\t\t\t\t<\/div>\n\t\t<\/div>\n\t\t\t\t\t<\/div>\n\t\t<\/section>\n\t\t\t\t<section class=\"elementor-section elementor-top-section elementor-element elementor-element-2d893c8 elementor-section-boxed elementor-section-height-default elementor-section-height-default\" data-id=\"2d893c8\" data-element_type=\"section\" data-e-type=\"section\" id=\"faq\">\n\t\t\t\t\t\t<div class=\"elementor-container elementor-column-gap-default\">\n\t\t\t\t\t<div class=\"elementor-column elementor-col-100 elementor-top-column elementor-element elementor-element-fe1371d\" data-id=\"fe1371d\" data-element_type=\"column\" data-e-type=\"column\">\n\t\t\t<div class=\"elementor-widget-wrap elementor-element-populated\">\n\t\t\t\t\t\t<div class=\"elementor-element elementor-element-91675f9 elementor-widget elementor-widget-heading\" data-id=\"91675f9\" data-element_type=\"widget\" data-e-type=\"widget\" data-widget_type=\"heading.default\">\n\t\t\t\t<div class=\"elementor-widget-container\">\n\t\t\t\t\t<h2 class=\"elementor-heading-title elementor-size-default\">Preguntas frecuentes sobre los preparativos para la visita del Papa<\/h2>\t\t\t\t<\/div>\n\t\t\t\t<\/div>\n\t\t\t\t<div class=\"elementor-element elementor-element-ac06b1d elementor-widget elementor-widget-text-editor\" data-id=\"ac06b1d\" data-element_type=\"widget\" data-e-type=\"widget\" data-widget_type=\"text-editor.default\">\n\t\t\t\t<div class=\"elementor-widget-container\">\n\t\t\t\t\t\t\t\t\t<h5>ANTES DE VENIR A LOURDES<\/h5>\t\t\t\t\t\t\t\t<\/div>\n\t\t\t\t<\/div>\n\t\t\t\t<div class=\"elementor-element elementor-element-e341977 elementor-widget elementor-widget-toggle\" data-id=\"e341977\" data-element_type=\"widget\" data-e-type=\"widget\" data-widget_type=\"toggle.default\">\n\t\t\t\t<div class=\"elementor-widget-container\">\n\t\t\t\t\t\t\t<div class=\"elementor-toggle\">\n\t\t\t\t\t\t\t<div class=\"elementor-toggle-item\">\n\t\t\t\t\t<div id=\"elementor-tab-title-2381\" class=\"elementor-tab-title\" data-tab=\"1\" role=\"button\" aria-controls=\"elementor-tab-content-2381\" aria-expanded=\"false\">\n\t\t\t\t\t\t\t\t\t\t\t\t<span class=\"elementor-toggle-icon elementor-toggle-icon-left\" aria-hidden=\"true\">\n\t\t\t\t\t\t\t\t\t\t\t\t\t\t\t<span class=\"elementor-toggle-icon-closed\"><i class=\"fas fa-caret-right\"><\/i><\/span>\n\t\t\t\t\t\t\t\t<span class=\"elementor-toggle-icon-opened\"><i class=\"elementor-toggle-icon-opened fas fa-caret-up\"><\/i><\/span>\n\t\t\t\t\t\t\t\t\t\t\t\t\t<\/span>\n\t\t\t\t\t\t\t\t\t\t\t\t<a class=\"elementor-toggle-title\" tabindex=\"0\">\u00bfHay que inscribirse? \u00bfTiene alg\u00fan coste?<\/a>\n\t\t\t\t\t<\/div>\n\n\t\t\t\t\t<div id=\"elementor-tab-content-2381\" class=\"elementor-tab-content elementor-clearfix\" data-tab=\"1\" role=\"region\" aria-labelledby=\"elementor-tab-title-2381\"><p>Las inscripciones para participar en las celebraciones presididas por el papa Le\u00f3n XIV en Lourdes, el s\u00e1bado 26 y el domingo 27 de septiembre de 2026, ya est\u00e1n cerradas.<br \/><br \/>Ante la excepcional afluencia prevista y con el fin de garantizar las mejores condiciones de acogida, seguridad y organizaci\u00f3n, el Santuario ha alcanzado su capacidad m\u00e1xima.<br \/><br \/>Seremos 150 000 personas las que rezaremos con el Papa en el Santuario.<br \/>Seremos millones los que seguiremos las celebraciones por televisi\u00f3n y radio.<br \/><br \/>Si ya se ha inscrito, su inscripci\u00f3n est\u00e1 correctamente registrada.<br \/>Ya no es posible modificarla.<br \/><br \/>En los pr\u00f3ximos d\u00edas se enviar\u00e1n por correo electr\u00f3nico los pases de acceso.<br \/>Estos deber\u00e1n presentarse a la entrada del Santuario para acceder a la pradera o a la Explanada.<\/p><\/div>\n\t\t\t\t<\/div>\n\t\t\t\t\t\t\t<div class=\"elementor-toggle-item\">\n\t\t\t\t\t<div id=\"elementor-tab-title-2382\" class=\"elementor-tab-title\" data-tab=\"2\" role=\"button\" aria-controls=\"elementor-tab-content-2382\" aria-expanded=\"false\">\n\t\t\t\t\t\t\t\t\t\t\t\t<span class=\"elementor-toggle-icon elementor-toggle-icon-left\" aria-hidden=\"true\">\n\t\t\t\t\t\t\t\t\t\t\t\t\t\t\t<span class=\"elementor-toggle-icon-closed\"><i class=\"fas fa-caret-right\"><\/i><\/span>\n\t\t\t\t\t\t\t\t<span class=\"elementor-toggle-icon-opened\"><i class=\"elementor-toggle-icon-opened fas fa-caret-up\"><\/i><\/span>\n\t\t\t\t\t\t\t\t\t\t\t\t\t<\/span>\n\t\t\t\t\t\t\t\t\t\t\t\t<a class=\"elementor-toggle-title\" tabindex=\"0\">\u00bfPodr\u00e1 todo el mundo asistir a la misa?<\/a>\n\t\t\t\t\t<\/div>\n\n\t\t\t\t\t<div id=\"elementor-tab-content-2382\" class=\"elementor-tab-content elementor-clearfix\" data-tab=\"2\" role=\"region\" aria-labelledby=\"elementor-tab-title-2382\"><p>S\u00ed. La misa presidida por el papa Le\u00f3n XIV, el domingo 27 de septiembre de 2026, en la Pradera del Santuario de Nuestra Se\u00f1ora de Lourdes, est\u00e1 abierta a todos. La participaci\u00f3n en la celebraci\u00f3n es gratuita.<\/p><p>No obstante, por razones de seguridad y con el fin de garantizar las mejores condiciones de acogida, el n\u00famero de personas presentes en la Pradera del Santuario se limitar\u00e1 a la capacidad del recinto. Cuando se llenen los espacios, se podr\u00e1 regular el acceso.<\/p><p>Para participar en la misa del Papa en Lourdes, se recomienda encarecidamente llegar al menos tres horas antes del inicio de la celebraci\u00f3n, a fin de disponer del tiempo necesario para llegar al Santuario y pasar los distintos controles de seguridad.<\/p><p>Con el fin de que el mayor n\u00famero posible de personas pueda vivir esta celebraci\u00f3n, se instalar\u00e1n numerosas pantallas gigantes y un sistema de megafon\u00eda en todo el Santuario. De este modo, los peregrinos podr\u00e1n seguir la misa en directo y participar plenamente en la oraci\u00f3n, incluso desde lugares alejados de la Pradera.<\/p><p>Se distribuir\u00e1 gratuitamente in situ un folleto de la celebraci\u00f3n a todos los participantes. Este permitir\u00e1 a cada uno seguir la misa y vivir plenamente este momento de oraci\u00f3n con el Santo Padre.<\/p><p>Para facilitar su visita, recuerde inscribirse y consulte regularmente la informaci\u00f3n pr\u00e1ctica facilitada por el Santuario.<\/p><p><a href=\"https:\/\/mailchi.mp\/lourdes-france\/g2c9bo0xw2\">&gt; Suscribirse a la Carta de los Amigos de Lourdes<\/a><\/p><\/div>\n\t\t\t\t<\/div>\n\t\t\t\t\t\t\t<div class=\"elementor-toggle-item\">\n\t\t\t\t\t<div id=\"elementor-tab-title-2383\" class=\"elementor-tab-title\" data-tab=\"3\" role=\"button\" aria-controls=\"elementor-tab-content-2383\" aria-expanded=\"false\">\n\t\t\t\t\t\t\t\t\t\t\t\t<span class=\"elementor-toggle-icon elementor-toggle-icon-left\" aria-hidden=\"true\">\n\t\t\t\t\t\t\t\t\t\t\t\t\t\t\t<span class=\"elementor-toggle-icon-closed\"><i class=\"fas fa-caret-right\"><\/i><\/span>\n\t\t\t\t\t\t\t\t<span class=\"elementor-toggle-icon-opened\"><i class=\"elementor-toggle-icon-opened fas fa-caret-up\"><\/i><\/span>\n\t\t\t\t\t\t\t\t\t\t\t\t\t<\/span>\n\t\t\t\t\t\t\t\t\t\t\t\t<a class=\"elementor-toggle-title\" tabindex=\"0\">\u00bfCon cu\u00e1nta antelaci\u00f3n hay que llegar al Santuario antes de la misa?<\/a>\n\t\t\t\t\t<\/div>\n\n\t\t\t\t\t<div id=\"elementor-tab-content-2383\" class=\"elementor-tab-content elementor-clearfix\" data-tab=\"3\" role=\"region\" aria-labelledby=\"elementor-tab-title-2383\"><p>Se recomienda encarecidamente llegar al Santuario al menos tres horas antes del comienzo de la misa del Papa.<\/p><p>Esta antelaci\u00f3n es necesaria debido a la excepcional afluencia de p\u00fablico que se espera en Lourdes y a las medidas de seguridad establecidas con motivo de la visita del Santo Padre. En concreto, cada peregrino deber\u00e1 pasar por un arco de seguridad y someterse a los controles antes de entrar en el Santuario.<\/p><p>Tambi\u00e9n habr\u00e1 que prever el tiempo necesario para llegar al Santuario desde los aparcamientos, sobre todo para quienes utilicen los autobuses lanzadera, y despu\u00e9s para dirigirse a la Pradera y encontrar su sitio.<\/p><p>Para facilitar su visita, recuerde inscribirse y consulte regularmente la informaci\u00f3n pr\u00e1ctica facilitada por el Santuario.<\/p><p><a href=\"https:\/\/mailchi.mp\/lourdes-france\/g2c9bo0xw2\">&gt; Suscribirse a la Carta de los Amigos de Lourdes<\/a><\/p><\/div>\n\t\t\t\t<\/div>\n\t\t\t\t\t\t\t\t<\/div>\n\t\t\t\t\t\t<\/div>\n\t\t\t\t<\/div>\n\t\t\t\t<div class=\"elementor-element elementor-element-1237e1d elementor-widget elementor-widget-text-editor\" data-id=\"1237e1d\" data-element_type=\"widget\" data-e-type=\"widget\" data-widget_type=\"text-editor.default\">\n\t\t\t\t<div class=\"elementor-widget-container\">\n\t\t\t\t\t\t\t\t\t<h5>C\u00d3MO LLEGAR A LOURDES Y ACCEDER AL SANTUARIO<\/h5>\t\t\t\t\t\t\t\t<\/div>\n\t\t\t\t<\/div>\n\t\t\t\t<div class=\"elementor-element elementor-element-da03f93 elementor-widget elementor-widget-toggle\" data-id=\"da03f93\" data-element_type=\"widget\" data-e-type=\"widget\" data-widget_type=\"toggle.default\">\n\t\t\t\t<div class=\"elementor-widget-container\">\n\t\t\t\t\t\t\t<div class=\"elementor-toggle\">\n\t\t\t\t\t\t\t<div class=\"elementor-toggle-item\">\n\t\t\t\t\t<div id=\"elementor-tab-title-2281\" class=\"elementor-tab-title\" data-tab=\"1\" role=\"button\" aria-controls=\"elementor-tab-content-2281\" aria-expanded=\"false\">\n\t\t\t\t\t\t\t\t\t\t\t\t<span class=\"elementor-toggle-icon elementor-toggle-icon-left\" aria-hidden=\"true\">\n\t\t\t\t\t\t\t\t\t\t\t\t\t\t\t<span class=\"elementor-toggle-icon-closed\"><i class=\"fas fa-caret-right\"><\/i><\/span>\n\t\t\t\t\t\t\t\t<span class=\"elementor-toggle-icon-opened\"><i class=\"elementor-toggle-icon-opened fas fa-caret-up\"><\/i><\/span>\n\t\t\t\t\t\t\t\t\t\t\t\t\t<\/span>\n\t\t\t\t\t\t\t\t\t\t\t\t<a class=\"elementor-toggle-title\" tabindex=\"0\">\u00bfD\u00f3nde se puede aparcar para ir al Santuario?<\/a>\n\t\t\t\t\t<\/div>\n\n\t\t\t\t\t<div id=\"elementor-tab-content-2281\" class=\"elementor-tab-content elementor-clearfix\" data-tab=\"1\" role=\"region\" aria-labelledby=\"elementor-tab-title-2281\"><p>Se pondr\u00e1 en marcha un plan espec\u00edfico de aparcamiento y transporte con motivo de la visita del Papa a Lourdes. Se habilitar\u00e1n aparcamientos en las afueras de la ciudad para que los peregrinos puedan aparcar sus veh\u00edculos y luego llegar f\u00e1cilmente al Santuario gracias a un servicio de autobuses lanzadera.<br \/>Debido al dispositivo excepcional de seguridad establecido con motivo de la visita del Santo Padre, las posibilidades habituales de aparcamiento en el centro de Lourdes y en las inmediaciones del Santuario se ver\u00e1n muy limitadas, o incluso prohibidas.<\/p><p>El Santuario trabaja actualmente en estrecha colaboraci\u00f3n con los servicios del Estado y el Ayuntamiento de Lourdes para definir con precisi\u00f3n el plan de tr\u00e1fico, las zonas de aparcamiento y las modalidades de acceso al Santuario.<\/p><p>Se facilitar\u00e1 un plano detallado de los aparcamientos, los autobuses lanzadera y los itinerarios tan pronto como se haya aprobado definitivamente el dispositivo. Recomendamos a los peregrinos que den prioridad al transporte p\u00fablico y que calculen tiempo suficiente para llegar al Santuario.<\/p><p>No olviden inscribirse y consultar peri\u00f3dicamente la informaci\u00f3n pr\u00e1ctica facilitada por el Santuario.<\/p><p><a href=\"https:\/\/mailchi.mp\/lourdes-france\/g2c9bo0xw2\">&gt; Suscribirse a la Carta de los Amigos de Lourdes<\/a><\/p><\/div>\n\t\t\t\t<\/div>\n\t\t\t\t\t\t\t<div class=\"elementor-toggle-item\">\n\t\t\t\t\t<div id=\"elementor-tab-title-2282\" class=\"elementor-tab-title\" data-tab=\"2\" role=\"button\" aria-controls=\"elementor-tab-content-2282\" aria-expanded=\"false\">\n\t\t\t\t\t\t\t\t\t\t\t\t<span class=\"elementor-toggle-icon elementor-toggle-icon-left\" aria-hidden=\"true\">\n\t\t\t\t\t\t\t\t\t\t\t\t\t\t\t<span class=\"elementor-toggle-icon-closed\"><i class=\"fas fa-caret-right\"><\/i><\/span>\n\t\t\t\t\t\t\t\t<span class=\"elementor-toggle-icon-opened\"><i class=\"elementor-toggle-icon-opened fas fa-caret-up\"><\/i><\/span>\n\t\t\t\t\t\t\t\t\t\t\t\t\t<\/span>\n\t\t\t\t\t\t\t\t\t\t\t\t<a class=\"elementor-toggle-title\" tabindex=\"0\">\u00bfHabr\u00e1 autobuses de enlace para llegar al Santuario?<\/a>\n\t\t\t\t\t<\/div>\n\n\t\t\t\t\t<div id=\"elementor-tab-content-2282\" class=\"elementor-tab-content elementor-clearfix\" data-tab=\"2\" role=\"region\" aria-labelledby=\"elementor-tab-title-2282\"><p>S\u00ed. Se pondr\u00e1 en marcha un servicio de autobuses lanzadera para facilitar la llegada de los peregrinos al Santuario de Nuestra Se\u00f1ora de Lourdes. Estos autobuses permitir\u00e1n llegar al Santuario desde los principales aparcamientos habilitados en las afueras de Lourdes, as\u00ed como desde determinados puntos de llegada.<\/p><p>Este servicio se est\u00e1 preparando actualmente en coordinaci\u00f3n con los servicios del Estado, el Ayuntamiento de Lourdes y los distintos agentes implicados, con el fin de facilitar los desplazamientos de las decenas de miles de peregrinos que se esperan con motivo de la visita del Papa.<\/p><p>Las rutas, los puntos de salida y los horarios de los autobuses se comunicar\u00e1n tan pronto como se haya concretado definitivamente el servicio.<\/p><p>Para facilitar su visita, recuerde inscribirse y consulte peri\u00f3dicamente la informaci\u00f3n pr\u00e1ctica facilitada por el Santuario.<\/p><p><a href=\"https:\/\/mailchi.mp\/lourdes-france\/g2c9bo0xw2\">&gt; Suscribirse a la Carta de los Amigos de Lourdes<\/a><\/p><\/div>\n\t\t\t\t<\/div>\n\t\t\t\t\t\t\t<div class=\"elementor-toggle-item\">\n\t\t\t\t\t<div id=\"elementor-tab-title-2283\" class=\"elementor-tab-title\" data-tab=\"3\" role=\"button\" aria-controls=\"elementor-tab-content-2283\" aria-expanded=\"false\">\n\t\t\t\t\t\t\t\t\t\t\t\t<span class=\"elementor-toggle-icon elementor-toggle-icon-left\" aria-hidden=\"true\">\n\t\t\t\t\t\t\t\t\t\t\t\t\t\t\t<span class=\"elementor-toggle-icon-closed\"><i class=\"fas fa-caret-right\"><\/i><\/span>\n\t\t\t\t\t\t\t\t<span class=\"elementor-toggle-icon-opened\"><i class=\"elementor-toggle-icon-opened fas fa-caret-up\"><\/i><\/span>\n\t\t\t\t\t\t\t\t\t\t\t\t\t<\/span>\n\t\t\t\t\t\t\t\t\t\t\t\t<a class=\"elementor-toggle-title\" tabindex=\"0\">\u00bfD\u00f3nde podr\u00e1n aparcar los autobuses?<\/a>\n\t\t\t\t\t<\/div>\n\n\t\t\t\t\t<div id=\"elementor-tab-content-2283\" class=\"elementor-tab-content elementor-clearfix\" data-tab=\"3\" role=\"region\" aria-labelledby=\"elementor-tab-title-2283\"><p>Se reservar\u00e1n zonas de aparcamiento espec\u00edficas para los autocares de peregrinos que acudan a Lourdes con motivo de la visita del Papa. Con el fin de facilitar la llegada y la salida de los grupos, se establecer\u00e1 un plan especial de circulaci\u00f3n y aparcamiento de autocares.<\/p><p>El Santuario colabora con el Ayuntamiento de Lourdes y los servicios estatales para definir los itinerarios, los puntos de bajada y recogida de los peregrinos, as\u00ed como las zonas de aparcamiento de los autocares.<\/p><p>Se comunicar\u00e1 un plan de tr\u00e1fico detallado y las condiciones de acceso tan pronto como se apruebe definitivamente el dispositivo. Esta informaci\u00f3n tambi\u00e9n se transmitir\u00e1 a los organizadores de peregrinaciones y a las empresas de transporte para que puedan preparar su visita a Lourdes en las mejores condiciones.<\/p><\/div>\n\t\t\t\t<\/div>\n\t\t\t\t\t\t\t<div class=\"elementor-toggle-item\">\n\t\t\t\t\t<div id=\"elementor-tab-title-2284\" class=\"elementor-tab-title\" data-tab=\"4\" role=\"button\" aria-controls=\"elementor-tab-content-2284\" aria-expanded=\"false\">\n\t\t\t\t\t\t\t\t\t\t\t\t<span class=\"elementor-toggle-icon elementor-toggle-icon-left\" aria-hidden=\"true\">\n\t\t\t\t\t\t\t\t\t\t\t\t\t\t\t<span class=\"elementor-toggle-icon-closed\"><i class=\"fas fa-caret-right\"><\/i><\/span>\n\t\t\t\t\t\t\t\t<span class=\"elementor-toggle-icon-opened\"><i class=\"elementor-toggle-icon-opened fas fa-caret-up\"><\/i><\/span>\n\t\t\t\t\t\t\t\t\t\t\t\t\t<\/span>\n\t\t\t\t\t\t\t\t\t\t\t\t<a class=\"elementor-toggle-title\" tabindex=\"0\">\u00bfSeguir\u00e1n circulando los autobuses urbanos por Lourdes?<\/a>\n\t\t\t\t\t<\/div>\n\n\t\t\t\t\t<div id=\"elementor-tab-content-2284\" class=\"elementor-tab-content elementor-clearfix\" data-tab=\"4\" role=\"region\" aria-labelledby=\"elementor-tab-title-2284\"><p>S\u00ed, el transporte p\u00fablico seguir\u00e1 funcionando en Lourdes, pero su servicio se adaptar\u00e1 al dispositivo excepcional de seguridad y tr\u00e1fico establecido con motivo de la visita del Papa.<\/p><p>Algunas l\u00edneas podr\u00e1n sufrir modificaciones, desv\u00edos o interrupciones temporales, especialmente en las zonas afectadas por las restricciones de tr\u00e1fico y las medidas de seguridad.<\/p><p>La circulaci\u00f3n de los autobuses tambi\u00e9n podr\u00e1 adaptarse en funci\u00f3n de la afluencia de p\u00fablico y de la evoluci\u00f3n de las medidas durante el fin de semana del 26 y 27 de septiembre.<\/p><p>El Ayuntamiento de Lourdes y los servicios de transporte comunicar\u00e1n los horarios, los itinerarios y las posibles modificaciones de la red. Le recomendamos que consulte regularmente la informaci\u00f3n que se publique a medida que se acerque el evento para poder organizar mejor sus desplazamientos.<\/p><p><a href=\"https:\/\/mailchi.mp\/lourdes-france\/g2c9bo0xw2\">&gt; Suscribirse a la Carta de los Amigos de Lourdes<\/a><\/p><\/div>\n\t\t\t\t<\/div>\n\t\t\t\t\t\t\t\t<\/div>\n\t\t\t\t\t\t<\/div>\n\t\t\t\t<\/div>\n\t\t\t\t<div class=\"elementor-element elementor-element-9809eb8 elementor-widget elementor-widget-text-editor\" data-id=\"9809eb8\" data-element_type=\"widget\" data-e-type=\"widget\" data-widget_type=\"text-editor.default\">\n\t\t\t\t<div class=\"elementor-widget-container\">\n\t\t\t\t\t\t\t\t\t<h5>ENTRAR EN EL SANTUARIO Y PARTICIPAR EN LAS CELEBRACIONES<\/h5>\t\t\t\t\t\t\t\t<\/div>\n\t\t\t\t<\/div>\n\t\t\t\t<div class=\"elementor-element elementor-element-6208095 elementor-widget elementor-widget-toggle\" data-id=\"6208095\" data-element_type=\"widget\" data-e-type=\"widget\" data-widget_type=\"toggle.default\">\n\t\t\t\t<div class=\"elementor-widget-container\">\n\t\t\t\t\t\t\t<div class=\"elementor-toggle\">\n\t\t\t\t\t\t\t<div class=\"elementor-toggle-item\">\n\t\t\t\t\t<div id=\"elementor-tab-title-1021\" class=\"elementor-tab-title\" data-tab=\"1\" role=\"button\" aria-controls=\"elementor-tab-content-1021\" aria-expanded=\"false\">\n\t\t\t\t\t\t\t\t\t\t\t\t<span class=\"elementor-toggle-icon elementor-toggle-icon-left\" aria-hidden=\"true\">\n\t\t\t\t\t\t\t\t\t\t\t\t\t\t\t<span class=\"elementor-toggle-icon-closed\"><i class=\"fas fa-caret-right\"><\/i><\/span>\n\t\t\t\t\t\t\t\t<span class=\"elementor-toggle-icon-opened\"><i class=\"elementor-toggle-icon-opened fas fa-caret-up\"><\/i><\/span>\n\t\t\t\t\t\t\t\t\t\t\t\t\t<\/span>\n\t\t\t\t\t\t\t\t\t\t\t\t<a class=\"elementor-toggle-title\" tabindex=\"0\">\u00bfQu\u00e9 puertas de acceso estar\u00e1n abiertas?<\/a>\n\t\t\t\t\t<\/div>\n\n\t\t\t\t\t<div id=\"elementor-tab-content-1021\" class=\"elementor-tab-content elementor-clearfix\" data-tab=\"1\" role=\"region\" aria-labelledby=\"elementor-tab-title-1021\"><p>El Santuario de Nuestra Se\u00f1ora de Lourdes permanecer\u00e1 abierto durante la visita del Papa, pero las condiciones de acceso se adaptar\u00e1n excepcionalmente a las medidas de seguridad.<\/p><p>Las distintas puertas del Santuario podr\u00e1n abrirse seg\u00fan modalidades y horarios espec\u00edficos. Se establecer\u00e1n controles de seguridad en cada entrada, incluyendo, en particular, el paso obligatorio por los arcos de seguridad para todos los peregrinos.<\/p><p>Con el fin de facilitar la circulaci\u00f3n y distribuir los flujos de visitantes, algunas puertas podr\u00e1n ser prioritarias o, por el contrario, cerrarse temporalmente en funci\u00f3n de la afluencia y de las exigencias de seguridad.<\/p><p>Las puertas abiertas, los horarios de acceso y los itinerarios recomendados se comunicar\u00e1n en la informaci\u00f3n pr\u00e1ctica que se actualizar\u00e1 a medida que se acerquen el s\u00e1bado 26 y el domingo 27 de septiembre.<\/p><p>Para facilitar su visita, recuerde inscribirse y consulte regularmente la informaci\u00f3n pr\u00e1ctica facilitada por el Santuario.<\/p><p><a href=\"https:\/\/mailchi.mp\/lourdes-france\/g2c9bo0xw2\">&gt; Suscribirse a la Carta de los Amigos de Lourdes<\/a><\/p><\/div>\n\t\t\t\t<\/div>\n\t\t\t\t\t\t\t<div class=\"elementor-toggle-item\">\n\t\t\t\t\t<div id=\"elementor-tab-title-1022\" class=\"elementor-tab-title\" data-tab=\"2\" role=\"button\" aria-controls=\"elementor-tab-content-1022\" aria-expanded=\"false\">\n\t\t\t\t\t\t\t\t\t\t\t\t<span class=\"elementor-toggle-icon elementor-toggle-icon-left\" aria-hidden=\"true\">\n\t\t\t\t\t\t\t\t\t\t\t\t\t\t\t<span class=\"elementor-toggle-icon-closed\"><i class=\"fas fa-caret-right\"><\/i><\/span>\n\t\t\t\t\t\t\t\t<span class=\"elementor-toggle-icon-opened\"><i class=\"elementor-toggle-icon-opened fas fa-caret-up\"><\/i><\/span>\n\t\t\t\t\t\t\t\t\t\t\t\t\t<\/span>\n\t\t\t\t\t\t\t\t\t\t\t\t<a class=\"elementor-toggle-title\" tabindex=\"0\">\u00bfNos dar\u00e1n una insignia?<\/a>\n\t\t\t\t\t<\/div>\n\n\t\t\t\t\t<div id=\"elementor-tab-content-1022\" class=\"elementor-tab-content elementor-clearfix\" data-tab=\"2\" role=\"region\" aria-labelledby=\"elementor-tab-title-1022\"><p>No, no es necesario llevar una tarjeta de identificaci\u00f3n para participar en las celebraciones ni para acceder a los espacios abiertos al p\u00fablico. Sin embargo, las personas con una funci\u00f3n espec\u00edfica, como los voluntarios, los empleados del Santuario, los sacerdotes concelebrantes, los medios de comunicaci\u00f3n o los equipos t\u00e9cnicos, dispondr\u00e1n de una tarjeta de identificaci\u00f3n o de una acreditaci\u00f3n espec\u00edfica en funci\u00f3n de su funci\u00f3n.<\/p><p>Todos los peregrinos que accedan al Santuario deber\u00e1n pasar por los arcos de seguridad instalados en las distintas puertas de entrada. Se llevar\u00e1n a cabo controles de seguridad para garantizar la seguridad de todos durante la visita del Papa.<\/p><p>Para facilitar su llegada, se recomienda prever tiempo suficiente para pasar estos controles.<\/p><\/div>\n\t\t\t\t<\/div>\n\t\t\t\t\t\t\t<div class=\"elementor-toggle-item\">\n\t\t\t\t\t<div id=\"elementor-tab-title-1023\" class=\"elementor-tab-title\" data-tab=\"3\" role=\"button\" aria-controls=\"elementor-tab-content-1023\" aria-expanded=\"false\">\n\t\t\t\t\t\t\t\t\t\t\t\t<span class=\"elementor-toggle-icon elementor-toggle-icon-left\" aria-hidden=\"true\">\n\t\t\t\t\t\t\t\t\t\t\t\t\t\t\t<span class=\"elementor-toggle-icon-closed\"><i class=\"fas fa-caret-right\"><\/i><\/span>\n\t\t\t\t\t\t\t\t<span class=\"elementor-toggle-icon-opened\"><i class=\"elementor-toggle-icon-opened fas fa-caret-up\"><\/i><\/span>\n\t\t\t\t\t\t\t\t\t\t\t\t\t<\/span>\n\t\t\t\t\t\t\t\t\t\t\t\t<a class=\"elementor-toggle-title\" tabindex=\"0\">\u00bfQu\u00e9 lugares permanecer\u00e1n cerrados?<\/a>\n\t\t\t\t\t<\/div>\n\n\t\t\t\t\t<div id=\"elementor-tab-content-1023\" class=\"elementor-tab-content elementor-clearfix\" data-tab=\"3\" role=\"region\" aria-labelledby=\"elementor-tab-title-1023\"><p>El Santuario de Nuestra Se\u00f1ora de Lourdes permanecer\u00e1 abierto durante la visita del Papa, pero a partir del s\u00e1bado 26 de septiembre se aplicar\u00e1n ciertas restricciones de acceso para permitir la instalaci\u00f3n de las medidas de seguridad y la preparaci\u00f3n de las celebraciones.<\/p><p>Por ello, algunos espacios del Santuario podr\u00e1n permanecer cerrados temporalmente o ser accesibles \u00fanicamente bajo condiciones espec\u00edficas. La celebraci\u00f3n de este evento excepcional tambi\u00e9n supondr\u00e1 modificaciones en los horarios habituales de algunas celebraciones y actividades del Santuario.<\/p><p>Estas adaptaciones son necesarias para garantizar la seguridad de todos y, al mismo tiempo, permitir que el mayor n\u00famero posible de peregrinos pueda vivir este momento excepcional en Lourdes. El Santuario velar\u00e1 por mantener, en la medida de lo posible, la vida habitual de oraci\u00f3n y peregrinaci\u00f3n.<\/p><p>Las condiciones concretas de acceso a los distintos espacios, as\u00ed como los horarios adaptados de las celebraciones, se ir\u00e1n comunicando progresivamente.<\/p><p>Para facilitar su visita, recuerde inscribirse y consulte regularmente la informaci\u00f3n pr\u00e1ctica facilitada por el Santuario.<\/p><p><a href=\"https:\/\/mailchi.mp\/lourdes-france\/g2c9bo0xw2\">&gt; Suscribirse a la Carta de los Amigos de Lourdes<\/a><\/p><\/div>\n\t\t\t\t<\/div>\n\t\t\t\t\t\t\t<div class=\"elementor-toggle-item\">\n\t\t\t\t\t<div id=\"elementor-tab-title-1024\" class=\"elementor-tab-title\" data-tab=\"4\" role=\"button\" aria-controls=\"elementor-tab-content-1024\" aria-expanded=\"false\">\n\t\t\t\t\t\t\t\t\t\t\t\t<span class=\"elementor-toggle-icon elementor-toggle-icon-left\" aria-hidden=\"true\">\n\t\t\t\t\t\t\t\t\t\t\t\t\t\t\t<span class=\"elementor-toggle-icon-closed\"><i class=\"fas fa-caret-right\"><\/i><\/span>\n\t\t\t\t\t\t\t\t<span class=\"elementor-toggle-icon-opened\"><i class=\"elementor-toggle-icon-opened fas fa-caret-up\"><\/i><\/span>\n\t\t\t\t\t\t\t\t\t\t\t\t\t<\/span>\n\t\t\t\t\t\t\t\t\t\t\t\t<a class=\"elementor-toggle-title\" tabindex=\"0\">\u00bfSe podr\u00e1 hacer un picnic en el Santuario durante la visita del Papa?<\/a>\n\t\t\t\t\t<\/div>\n\n\t\t\t\t\t<div id=\"elementor-tab-content-1024\" class=\"elementor-tab-content elementor-clearfix\" data-tab=\"4\" role=\"region\" aria-labelledby=\"elementor-tab-title-1024\"><p>S\u00ed. De forma excepcional, se permitir\u00e1 hacer un picnic en la Pradera del Santuario el domingo 27 de septiembre, con el fin de que los peregrinos que lleguen varias horas antes de la misa puedan almorzar all\u00ed y permanecer en el Santuario a la espera de la celebraci\u00f3n.<\/p><p>Se prestar\u00e1 especial atenci\u00f3n a la limpieza de la Pradera y a la gesti\u00f3n de los residuos. Se invita a cada peregrino a guardar sus residuos consigo y a utilizar los contenedores de recogida previstos para tal fin. Contamos con todos para que dejen el lugar limpio tras su picnic.<\/p><p>Por razones de seguridad, se recomienda no llevar objetos cortantes o que puedan suponer un peligro. Se realizar\u00e1n controles de seguridad en las entradas del Santuario y se podr\u00e1 denegar el acceso a determinados objetos.<\/p><p>Para facilitar los controles y permitir que todos puedan acceder r\u00e1pidamente al Santuario, os invitamos a acudir con el m\u00ednimo de efectos personales.<\/p><\/div>\n\t\t\t\t<\/div>\n\t\t\t\t\t\t\t<div class=\"elementor-toggle-item\">\n\t\t\t\t\t<div id=\"elementor-tab-title-1025\" class=\"elementor-tab-title\" data-tab=\"5\" role=\"button\" aria-controls=\"elementor-tab-content-1025\" aria-expanded=\"false\">\n\t\t\t\t\t\t\t\t\t\t\t\t<span class=\"elementor-toggle-icon elementor-toggle-icon-left\" aria-hidden=\"true\">\n\t\t\t\t\t\t\t\t\t\t\t\t\t\t\t<span class=\"elementor-toggle-icon-closed\"><i class=\"fas fa-caret-right\"><\/i><\/span>\n\t\t\t\t\t\t\t\t<span class=\"elementor-toggle-icon-opened\"><i class=\"elementor-toggle-icon-opened fas fa-caret-up\"><\/i><\/span>\n\t\t\t\t\t\t\t\t\t\t\t\t\t<\/span>\n\t\t\t\t\t\t\t\t\t\t\t\t<a class=\"elementor-toggle-title\" tabindex=\"0\">\u00bfSe podr\u00e1 seguir la misa del Papa en pantallas gigantes?<\/a>\n\t\t\t\t\t<\/div>\n\n\t\t\t\t\t<div id=\"elementor-tab-content-1025\" class=\"elementor-tab-content elementor-clearfix\" data-tab=\"5\" role=\"region\" aria-labelledby=\"elementor-tab-title-1025\"><p>S\u00ed. Para que el mayor n\u00famero posible de peregrinos pueda seguir la misa presidida por el Papa Le\u00f3n XIV, se instalar\u00e1n numerosas pantallas gigantes repartidas por todo el Santuario de Nuestra Se\u00f1ora de Lourdes.<\/p><p>Tambi\u00e9n se instalar\u00e1 un sistema de megafon\u00eda para que todos puedan seguir la celebraci\u00f3n en directo, incluso si no pueden acceder a la Pradera o si esta ha alcanzado su aforo m\u00e1ximo.<\/p><p>De este modo, los peregrinos podr\u00e1n ver y escuchar la misa del Papa desde diferentes zonas del Santuario y participar plenamente en este gran momento de oraci\u00f3n.<\/p><p>Asimismo, se distribuir\u00e1 gratuitamente in situ un folleto de la celebraci\u00f3n para que todos puedan seguir la liturgia y los cantos.<\/p><\/div>\n\t\t\t\t<\/div>\n\t\t\t\t\t\t\t\t<\/div>\n\t\t\t\t\t\t<\/div>\n\t\t\t\t<\/div>\n\t\t\t\t<div class=\"elementor-element elementor-element-01d29bd elementor-widget elementor-widget-text-editor\" data-id=\"01d29bd\" data-element_type=\"widget\" data-e-type=\"widget\" data-widget_type=\"text-editor.default\">\n\t\t\t\t<div class=\"elementor-widget-container\">\n\t\t\t\t\t\t\t\t\t<h5>CONDICIONES DE ACOGIDA ADAPTADAS A CADA PERSONA<\/h5>\t\t\t\t\t\t\t\t<\/div>\n\t\t\t\t<\/div>\n\t\t\t\t<div class=\"elementor-element elementor-element-f569367 elementor-widget elementor-widget-toggle\" data-id=\"f569367\" data-element_type=\"widget\" data-e-type=\"widget\" data-widget_type=\"toggle.default\">\n\t\t\t\t<div class=\"elementor-widget-container\">\n\t\t\t\t\t\t\t<div class=\"elementor-toggle\">\n\t\t\t\t\t\t\t<div class=\"elementor-toggle-item\">\n\t\t\t\t\t<div id=\"elementor-tab-title-2571\" class=\"elementor-tab-title\" data-tab=\"1\" role=\"button\" aria-controls=\"elementor-tab-content-2571\" aria-expanded=\"false\">\n\t\t\t\t\t\t\t\t\t\t\t\t<span class=\"elementor-toggle-icon elementor-toggle-icon-left\" aria-hidden=\"true\">\n\t\t\t\t\t\t\t\t\t\t\t\t\t\t\t<span class=\"elementor-toggle-icon-closed\"><i class=\"fas fa-caret-right\"><\/i><\/span>\n\t\t\t\t\t\t\t\t<span class=\"elementor-toggle-icon-opened\"><i class=\"elementor-toggle-icon-opened fas fa-caret-up\"><\/i><\/span>\n\t\t\t\t\t\t\t\t\t\t\t\t\t<\/span>\n\t\t\t\t\t\t\t\t\t\t\t\t<a class=\"elementor-toggle-title\" tabindex=\"0\">\u00bfSe reservar\u00e1n plazas para los vecinos de Lourdes y de los Altos Pirineos?<\/a>\n\t\t\t\t\t<\/div>\n\n\t\t\t\t\t<div id=\"elementor-tab-content-2571\" class=\"elementor-tab-content elementor-clearfix\" data-tab=\"1\" role=\"region\" aria-labelledby=\"elementor-tab-title-2571\"><p>Durante la misa, se habilitar\u00e1n zonas para que los habitantes de Lourdes y de los Altos Pirineos puedan participar en la visita del Papa. Las modalidades concretas de acogida y reserva se comunicar\u00e1n tan pronto como se hayan fijado definitivamente.<\/p><p>Se invita encarecidamente a los vecinos que deseen participar en la misa y en las celebraciones con el Santo Padre a que se unan a un grupo ya constituido por la parroquia m\u00e1s cercana a su domicilio.<\/p><p>Para conocer los grupos disponibles y las condiciones de participaci\u00f3n, les invitamos a dirigirse a su parroquia o a ponerse en contacto directamente con la di\u00f3cesis de Tarbes y Lourdes.<\/p><p><a href=\"https:\/\/catholique65.fr\/\">&gt; https:\/\/catholique65.fr\/<\/a><\/p><\/div>\n\t\t\t\t<\/div>\n\t\t\t\t\t\t\t<div class=\"elementor-toggle-item\">\n\t\t\t\t\t<div id=\"elementor-tab-title-2572\" class=\"elementor-tab-title\" data-tab=\"2\" role=\"button\" aria-controls=\"elementor-tab-content-2572\" aria-expanded=\"false\">\n\t\t\t\t\t\t\t\t\t\t\t\t<span class=\"elementor-toggle-icon elementor-toggle-icon-left\" aria-hidden=\"true\">\n\t\t\t\t\t\t\t\t\t\t\t\t\t\t\t<span class=\"elementor-toggle-icon-closed\"><i class=\"fas fa-caret-right\"><\/i><\/span>\n\t\t\t\t\t\t\t\t<span class=\"elementor-toggle-icon-opened\"><i class=\"elementor-toggle-icon-opened fas fa-caret-up\"><\/i><\/span>\n\t\t\t\t\t\t\t\t\t\t\t\t\t<\/span>\n\t\t\t\t\t\t\t\t\t\t\t\t<a class=\"elementor-toggle-title\" tabindex=\"0\">Soy una persona con movilidad reducida. \u00bfC\u00f3mo puedo acceder al Santuario?<\/a>\n\t\t\t\t\t<\/div>\n\n\t\t\t\t\t<div id=\"elementor-tab-content-2572\" class=\"elementor-tab-content elementor-clearfix\" data-tab=\"2\" role=\"region\" aria-labelledby=\"elementor-tab-title-2572\"><p>Para preparar lo mejor posible su visita, especialmente en lo que respecta al transporte, el acompa\u00f1amiento y el acceso a los distintos espacios del Santuario, le recomendamos que se ponga en contacto desde ya con la Hospitalidad de Lourdes m\u00e1s cercana a su domicilio. Los hospitalarios de su di\u00f3cesis podr\u00e1n informarle y acompa\u00f1arle en la preparaci\u00f3n de su peregrinaci\u00f3n.<\/p><p>Tambi\u00e9n puede dirigirse a la Fundaci\u00f3n OCH, presente en el Santuario.<br \/>+33 (0)5 62 42 79 92 o lourdes@och.fr<\/p><p>La informaci\u00f3n pr\u00e1ctica relativa a los accesos, los aparcamientos reservados y los servicios de acompa\u00f1amiento se concretar\u00e1 y actualizar\u00e1 peri\u00f3dicamente a medida que se acerque la visita del Papa.<\/p><\/div>\n\t\t\t\t<\/div>\n\t\t\t\t\t\t\t<div class=\"elementor-toggle-item\">\n\t\t\t\t\t<div id=\"elementor-tab-title-2573\" class=\"elementor-tab-title\" data-tab=\"3\" role=\"button\" aria-controls=\"elementor-tab-content-2573\" aria-expanded=\"false\">\n\t\t\t\t\t\t\t\t\t\t\t\t<span class=\"elementor-toggle-icon elementor-toggle-icon-left\" aria-hidden=\"true\">\n\t\t\t\t\t\t\t\t\t\t\t\t\t\t\t<span class=\"elementor-toggle-icon-closed\"><i class=\"fas fa-caret-right\"><\/i><\/span>\n\t\t\t\t\t\t\t\t<span class=\"elementor-toggle-icon-opened\"><i class=\"elementor-toggle-icon-opened fas fa-caret-up\"><\/i><\/span>\n\t\t\t\t\t\t\t\t\t\t\t\t\t<\/span>\n\t\t\t\t\t\t\t\t\t\t\t\t<a class=\"elementor-toggle-title\" tabindex=\"0\">Soy sacerdote. \u00bfC\u00f3mo se concelebra la misa?<\/a>\n\t\t\t\t\t<\/div>\n\n\t\t\t\t\t<div id=\"elementor-tab-content-2573\" class=\"elementor-tab-content elementor-clearfix\" data-tab=\"3\" role=\"region\" aria-labelledby=\"elementor-tab-title-2573\"><p>Los sacerdotes que deseen concelebrar la misa presidida por el papa Le\u00f3n XIV deben inscribirse previamente.<\/p><p>Para inscribirse como sacerdote concelebrante y recibir la informaci\u00f3n pr\u00e1ctica relativa a la celebraci\u00f3n, acceda a la plataforma espec\u00edfica:<\/p><p><a href=\"https:\/\/concelebrants.papeaparis.fr\">&gt; Inscribirse como sacerdote concelebrante<\/a><\/p><p>La informaci\u00f3n relativa a la concelebraci\u00f3n \u2014en particular, los horarios, los lugares de reuni\u00f3n, las disposiciones lit\u00fargicas y las instrucciones pr\u00e1cticas\u2014 se comunicar\u00e1 a los sacerdotes inscritos con antelaci\u00f3n a la celebraci\u00f3n.<\/p><\/div>\n\t\t\t\t<\/div>\n\t\t\t\t\t\t\t\t<\/div>\n\t\t\t\t\t\t<\/div>\n\t\t\t\t<\/div>\n\t\t\t\t\t<\/div>\n\t\t<\/div>\n\t\t\t\t\t<\/div>\n\t\t<\/section>\n\t\t\t\t<\/div>\n\t\t","protected":false},"excerpt":{"rendered":"<p>El Papa en Lourdes El Papa Le\u00f3n XIV de visita en Lourdes el 26 y el 27 de septiembre de 2026 El Santuario de Nuestra Se\u00f1ora de Lourdes tendr\u00e1 la alegr\u00eda y el honor de acoger a Su Santidad el &hellip; <a href=\"https:\/\/www.lourdes-france.com\/es\/papa-en-lourdes\/\">Continuar<\/a><\/p>\n","protected":false},"author":9,"featured_media":0,"parent":0,"menu_order":0,"comment_status":"closed","ping_status":"closed","template":"","meta":{"_acf_changed":false,"footnotes":""},"class_list":["post-876218","page","type-page","status-publish","hentry"],"acf":[],"yoast_head":"<!-- This site is optimized with the Yoast SEO Premium plugin v24.0 (Yoast SEO v27.8) - https:\/\/yoast.com\/product\/yoast-seo-premium-wordpress\/ -->\n<title>Papa en Lourdes<\/title>\n<meta name=\"description\" content=\"El Santuario de Nuestra Se\u00f1ora de Lourdes tendr\u00e1 la alegr\u00eda y el honor de acoger a Su Santidad el Papa Le\u00f3n XIV el domingo 27 de septiembre de 2026.\" \/>\n<meta name=\"robots\" content=\"index, follow, max-snippet:-1, max-image-preview:large, max-video-preview:-1\" \/>\n<link rel=\"canonical\" href=\"https:\/\/www.lourdes-france.com\/es\/papa-en-lourdes\/\" \/>\n<meta property=\"og:locale\" content=\"es_ES\" \/>\n<meta property=\"og:type\" content=\"article\" \/>\n<meta property=\"og:title\" content=\"Papa en Lourdes\" \/>\n<meta property=\"og:description\" content=\"El Santuario de Nuestra Se\u00f1ora de Lourdes tendr\u00e1 la alegr\u00eda y el honor de acoger a Su Santidad el Papa Le\u00f3n XIV el domingo 27 de septiembre de 2026.\" \/>\n<meta property=\"og:url\" content=\"https:\/\/www.lourdes-france.com\/es\/papa-en-lourdes\/\" \/>\n<meta property=\"og:site_name\" content=\"Vivre le p\u00e8lerinage de Lourdes\" \/>\n<meta property=\"article:modified_time\" content=\"2026-08-27T13:25:39+00:00\" \/>\n<meta property=\"og:image\" content=\"https:\/\/www.lourdes-france.com\/wp-content\/uploads\/2024\/03\/visuel-annonce_ES_Web-1.jpg\" \/>\n\t<meta property=\"og:image:width\" content=\"1080\" \/>\n\t<meta property=\"og:image:height\" content=\"640\" \/>\n\t<meta property=\"og:image:type\" content=\"image\/jpeg\" \/>\n<meta name=\"twitter:card\" content=\"summary_large_image\" \/>\n<meta name=\"twitter:label1\" content=\"Tiempo de lectura\" \/>\n\t<meta name=\"twitter:data1\" content=\"15 minutos\" \/>\n<script type=\"application\/ld+json\" class=\"yoast-schema-graph\">{\"@context\":\"https:\\\/\\\/schema.org\",\"@graph\":[{\"@type\":\"WebPage\",\"@id\":\"https:\\\/\\\/www.lourdes-france.com\\\/es\\\/papa-en-lourdes\\\/\",\"url\":\"https:\\\/\\\/www.lourdes-france.com\\\/es\\\/papa-en-lourdes\\\/\",\"name\":\"Papa en Lourdes\",\"isPartOf\":{\"@id\":\"https:\\\/\\\/www.lourdes-france.com\\\/es\\\/#website\"},\"primaryImageOfPage\":{\"@id\":\"https:\\\/\\\/www.lourdes-france.com\\\/es\\\/papa-en-lourdes\\\/#primaryimage\"},\"image\":{\"@id\":\"https:\\\/\\\/www.lourdes-france.com\\\/es\\\/papa-en-lourdes\\\/#primaryimage\"},\"thumbnailUrl\":\"https:\\\/\\\/www.lourdes-france.com\\\/wp-content\\\/uploads\\\/2024\\\/03\\\/visuel-annonce_ES_Web-1-1024x607.jpg\",\"datePublished\":\"2026-06-09T13:00:58+00:00\",\"dateModified\":\"2026-08-27T13:25:39+00:00\",\"description\":\"El Santuario de Nuestra Se\u00f1ora de Lourdes tendr\u00e1 la alegr\u00eda y el honor de acoger a Su Santidad el Papa Le\u00f3n XIV el domingo 27 de septiembre de 2026.\",\"breadcrumb\":{\"@id\":\"https:\\\/\\\/www.lourdes-france.com\\\/es\\\/papa-en-lourdes\\\/#breadcrumb\"},\"inLanguage\":\"es\",\"potentialAction\":[{\"@type\":\"ReadAction\",\"target\":[\"https:\\\/\\\/www.lourdes-france.com\\\/es\\\/papa-en-lourdes\\\/\"]}]},{\"@type\":\"ImageObject\",\"inLanguage\":\"es\",\"@id\":\"https:\\\/\\\/www.lourdes-france.com\\\/es\\\/papa-en-lourdes\\\/#primaryimage\",\"url\":\"https:\\\/\\\/www.lourdes-france.com\\\/wp-content\\\/uploads\\\/2024\\\/03\\\/visuel-annonce_ES_Web-1-1024x607.jpg\",\"contentUrl\":\"https:\\\/\\\/www.lourdes-france.com\\\/wp-content\\\/uploads\\\/2024\\\/03\\\/visuel-annonce_ES_Web-1-1024x607.jpg\"},{\"@type\":\"BreadcrumbList\",\"@id\":\"https:\\\/\\\/www.lourdes-france.com\\\/es\\\/papa-en-lourdes\\\/#breadcrumb\",\"itemListElement\":[{\"@type\":\"ListItem\",\"position\":1,\"name\":\"Accueil\",\"item\":\"https:\\\/\\\/www.lourdes-france.com\\\/es\\\/\"},{\"@type\":\"ListItem\",\"position\":2,\"name\":\"Papa en Lourdes\"}]},{\"@type\":\"WebSite\",\"@id\":\"https:\\\/\\\/www.lourdes-france.com\\\/es\\\/#website\",\"url\":\"https:\\\/\\\/www.lourdes-france.com\\\/es\\\/\",\"name\":\"Sanctuaire Notre-Dame de Lourdes\",\"description\":\"\",\"publisher\":{\"@id\":\"https:\\\/\\\/www.lourdes-france.com\\\/es\\\/#organization\"},\"potentialAction\":[{\"@type\":\"SearchAction\",\"target\":{\"@type\":\"EntryPoint\",\"urlTemplate\":\"https:\\\/\\\/www.lourdes-france.com\\\/es\\\/?s={search_term_string}\"},\"query-input\":{\"@type\":\"PropertyValueSpecification\",\"valueRequired\":true,\"valueName\":\"search_term_string\"}}],\"inLanguage\":\"es\"},{\"@type\":\"Organization\",\"@id\":\"https:\\\/\\\/www.lourdes-france.com\\\/es\\\/#organization\",\"name\":\"Sanctuaire Notre-Dame de Lourdes\",\"url\":\"https:\\\/\\\/www.lourdes-france.com\\\/es\\\/\",\"logo\":{\"@type\":\"ImageObject\",\"inLanguage\":\"es\",\"@id\":\"https:\\\/\\\/www.lourdes-france.com\\\/es\\\/#\\\/schema\\\/logo\\\/image\\\/\",\"url\":\"https:\\\/\\\/www.lourdes-france.com\\\/wp-content\\\/uploads\\\/2021\\\/11\\\/logo-small.png\",\"contentUrl\":\"https:\\\/\\\/www.lourdes-france.com\\\/wp-content\\\/uploads\\\/2021\\\/11\\\/logo-small.png\",\"width\":834,\"height\":521,\"caption\":\"Sanctuaire Notre-Dame de Lourdes\"},\"image\":{\"@id\":\"https:\\\/\\\/www.lourdes-france.com\\\/es\\\/#\\\/schema\\\/logo\\\/image\\\/\"}}]}<\/script>\n<!-- \/ Yoast SEO Premium plugin. -->","yoast_head_json":{"title":"Papa en Lourdes","description":"El Santuario de Nuestra Se\u00f1ora de Lourdes tendr\u00e1 la alegr\u00eda y el honor de acoger a Su Santidad el Papa Le\u00f3n XIV el domingo 27 de septiembre de 2026.","robots":{"index":"index","follow":"follow","max-snippet":"max-snippet:-1","max-image-preview":"max-image-preview:large","max-video-preview":"max-video-preview:-1"},"canonical":"https:\/\/www.lourdes-france.com\/es\/papa-en-lourdes\/","og_locale":"es_ES","og_type":"article","og_title":"Papa en Lourdes","og_description":"El Santuario de Nuestra Se\u00f1ora de Lourdes tendr\u00e1 la alegr\u00eda y el honor de acoger a Su Santidad el Papa Le\u00f3n XIV el domingo 27 de septiembre de 2026.","og_url":"https:\/\/www.lourdes-france.com\/es\/papa-en-lourdes\/","og_site_name":"Vivre le p\u00e8lerinage de Lourdes","article_modified_time":"2026-08-27T13:25:39+00:00","og_image":[{"width":1080,"height":640,"url":"https:\/\/www.lourdes-france.com\/wp-content\/uploads\/2024\/03\/visuel-annonce_ES_Web-1.jpg","type":"image\/jpeg"}],"twitter_card":"summary_large_image","twitter_misc":{"Tiempo de lectura":"15 minutos"},"schema":{"@context":"https:\/\/schema.org","@graph":[{"@type":"WebPage","@id":"https:\/\/www.lourdes-france.com\/es\/papa-en-lourdes\/","url":"https:\/\/www.lourdes-france.com\/es\/papa-en-lourdes\/","name":"Papa en Lourdes","isPartOf":{"@id":"https:\/\/www.lourdes-france.com\/es\/#website"},"primaryImageOfPage":{"@id":"https:\/\/www.lourdes-france.com\/es\/papa-en-lourdes\/#primaryimage"},"image":{"@id":"https:\/\/www.lourdes-france.com\/es\/papa-en-lourdes\/#primaryimage"},"thumbnailUrl":"https:\/\/www.lourdes-france.com\/wp-content\/uploads\/2024\/03\/visuel-annonce_ES_Web-1-1024x607.jpg","datePublished":"2026-06-09T13:00:58+00:00","dateModified":"2026-08-27T13:25:39+00:00","description":"El Santuario de Nuestra Se\u00f1ora de Lourdes tendr\u00e1 la alegr\u00eda y el honor de acoger a Su Santidad el Papa Le\u00f3n XIV el domingo 27 de septiembre de 2026.","breadcrumb":{"@id":"https:\/\/www.lourdes-france.com\/es\/papa-en-lourdes\/#breadcrumb"},"inLanguage":"es","potentialAction":[{"@type":"ReadAction","target":["https:\/\/www.lourdes-france.com\/es\/papa-en-lourdes\/"]}]},{"@type":"ImageObject","inLanguage":"es","@id":"https:\/\/www.lourdes-france.com\/es\/papa-en-lourdes\/#primaryimage","url":"https:\/\/www.lourdes-france.com\/wp-content\/uploads\/2024\/03\/visuel-annonce_ES_Web-1-1024x607.jpg","contentUrl":"https:\/\/www.lourdes-france.com\/wp-content\/uploads\/2024\/03\/visuel-annonce_ES_Web-1-1024x607.jpg"},{"@type":"BreadcrumbList","@id":"https:\/\/www.lourdes-france.com\/es\/papa-en-lourdes\/#breadcrumb","itemListElement":[{"@type":"ListItem","position":1,"name":"Accueil","item":"https:\/\/www.lourdes-france.com\/es\/"},{"@type":"ListItem","position":2,"name":"Papa en Lourdes"}]},{"@type":"WebSite","@id":"https:\/\/www.lourdes-france.com\/es\/#website","url":"https:\/\/www.lourdes-france.com\/es\/","name":"Sanctuaire Notre-Dame de Lourdes","description":"","publisher":{"@id":"https:\/\/www.lourdes-france.com\/es\/#organization"},"potentialAction":[{"@type":"SearchAction","target":{"@type":"EntryPoint","urlTemplate":"https:\/\/www.lourdes-france.com\/es\/?s={search_term_string}"},"query-input":{"@type":"PropertyValueSpecification","valueRequired":true,"valueName":"search_term_string"}}],"inLanguage":"es"},{"@type":"Organization","@id":"https:\/\/www.lourdes-france.com\/es\/#organization","name":"Sanctuaire Notre-Dame de Lourdes","url":"https:\/\/www.lourdes-france.com\/es\/","logo":{"@type":"ImageObject","inLanguage":"es","@id":"https:\/\/www.lourdes-france.com\/es\/#\/schema\/logo\/image\/","url":"https:\/\/www.lourdes-france.com\/wp-content\/uploads\/2021\/11\/logo-small.png","contentUrl":"https:\/\/www.lourdes-france.com\/wp-content\/uploads\/2021\/11\/logo-small.png","width":834,"height":521,"caption":"Sanctuaire Notre-Dame de Lourdes"},"image":{"@id":"https:\/\/www.lourdes-france.com\/es\/#\/schema\/logo\/image\/"}}]}},"_links":{"self":[{"href":"https:\/\/www.lourdes-france.com\/es\/wp-json\/wp\/v2\/pages\/876218","targetHints":{"allow":["GET"]}}],"collection":[{"href":"https:\/\/www.lourdes-france.com\/es\/wp-json\/wp\/v2\/pages"}],"about":[{"href":"https:\/\/www.lourdes-france.com\/es\/wp-json\/wp\/v2\/types\/page"}],"author":[{"embeddable":true,"href":"https:\/\/www.lourdes-france.com\/es\/wp-json\/wp\/v2\/users\/9"}],"replies":[{"embeddable":true,"href":"https:\/\/www.lourdes-france.com\/es\/wp-json\/wp\/v2\/comments?post=876218"}],"version-history":[{"count":10,"href":"https:\/\/www.lourdes-france.com\/es\/wp-json\/wp\/v2\/pages\/876218\/revisions"}],"predecessor-version":[{"id":878278,"href":"https:\/\/www.lourdes-france.com\/es\/wp-json\/wp\/v2\/pages\/876218\/revisions\/878278"}],"wp:attachment":[{"href":"https:\/\/www.lourdes-france.com\/es\/wp-json\/wp\/v2\/media?parent=876218"}],"curies":[{"name":"wp","href":"https:\/\/api.w.org\/{rel}","templated":true}]}}