{"id":781927,"date":"2021-11-12T16:13:34","date_gmt":"2021-11-12T15:13:34","guid":{"rendered":"https:\/\/www.lourdes-france.com\/reconnaissance-miracle\/"},"modified":"2024-06-04T15:52:29","modified_gmt":"2024-06-04T13:52:29","slug":"proceso-de-constatacion-de-curacion","status":"publish","type":"page","link":"https:\/\/www.lourdes-france.com\/es\/proceso-de-constatacion-de-curacion\/","title":{"rendered":"Proceso de constataci\u00f3n de curaci\u00f3n"},"content":{"rendered":"\t\t<div data-elementor-type=\"wp-page\" data-elementor-id=\"781927\" class=\"elementor elementor-781927 elementor-3434\" data-elementor-post-type=\"page\">\n\t\t\t\t\t\t<section class=\"elementor-section elementor-top-section elementor-element elementor-element-81060cb elementor-section-stretched elementor-section-boxed elementor-section-height-default elementor-section-height-default\" data-id=\"81060cb\" data-element_type=\"section\" data-settings=\"{&quot;background_background&quot;:&quot;classic&quot;,&quot;stretch_section&quot;:&quot;section-stretched&quot;}\">\n\t\t\t\t\t\t<div class=\"elementor-container elementor-column-gap-no\">\n\t\t\t\t\t<div class=\"elementor-column elementor-col-100 elementor-top-column elementor-element elementor-element-d038c80\" data-id=\"d038c80\" data-element_type=\"column\">\n\t\t\t<div class=\"elementor-widget-wrap elementor-element-populated\">\n\t\t\t\t\t\t<div class=\"elementor-element elementor-element-92da3ef elementor-blockquote--skin-quotation elementor-widget elementor-widget-blockquote\" data-id=\"92da3ef\" data-element_type=\"widget\" data-widget_type=\"blockquote.default\">\n\t\t\t\t<div class=\"elementor-widget-container\">\n\t\t\t\t\t\t\t<blockquote class=\"elementor-blockquote\">\n\t\t\t<p class=\"elementor-blockquote__content\">\n\t\t\t\t\n\nEn 1859, se encarga al profesor Vergez, profesor titular de la facultad de medicina de Montpellier, del control de las curaciones. De esa manera, antes de 1862, se aprueban siete curaciones que sirven de argumento para el reconocimiento de las apariciones por Monse\u00f1or Laurence.\n\t\t\t<\/p>\n\t\t\t\t\t<\/blockquote>\n\t\t\t\t\t\t<\/div>\n\t\t\t\t<\/div>\n\t\t\t\t\t<\/div>\n\t\t<\/div>\n\t\t\t\t\t<\/div>\n\t\t<\/section>\n\t\t\t\t<section class=\"elementor-section elementor-top-section elementor-element elementor-element-2e7b2bf elementor-section-boxed elementor-section-height-default elementor-section-height-default\" data-id=\"2e7b2bf\" data-element_type=\"section\">\n\t\t\t\t\t\t<div class=\"elementor-container elementor-column-gap-default\">\n\t\t\t\t\t<div class=\"elementor-column elementor-col-100 elementor-top-column elementor-element elementor-element-eb094d7\" data-id=\"eb094d7\" data-element_type=\"column\">\n\t\t\t<div class=\"elementor-widget-wrap elementor-element-populated\">\n\t\t\t\t\t\t<div class=\"elementor-element elementor-element-a8aced6 elementor-widget elementor-widget-spacer\" data-id=\"a8aced6\" data-element_type=\"widget\" data-widget_type=\"spacer.default\">\n\t\t\t\t<div class=\"elementor-widget-container\">\n\t\t\t\t\t\t\t<div class=\"elementor-spacer\">\n\t\t\t<div class=\"elementor-spacer-inner\"><\/div>\n\t\t<\/div>\n\t\t\t\t\t\t<\/div>\n\t\t\t\t<\/div>\n\t\t\t\t<div class=\"elementor-element elementor-element-b68e556 elementor-widget elementor-widget-text-editor\" data-id=\"b68e556\" data-element_type=\"widget\" data-widget_type=\"text-editor.default\">\n\t\t\t\t<div class=\"elementor-widget-container\">\n\t\t\t\t\t\t\t\t\t<div class=\"entry-content\"><div class=\"elementor elementor-9059 elementor-8449\" data-elementor-type=\"wp-post\" data-elementor-id=\"9059\" data-elementor-settings=\"[]\"><div class=\"elementor-inner\"><div class=\"elementor-section-wrap\"><section class=\"elementor-section elementor-top-section elementor-element elementor-element-406da971 elementor-section-boxed elementor-section-height-default elementor-section-height-default\" data-id=\"406da971\" data-element_type=\"section\"><div class=\"elementor-container elementor-column-gap-no\"><div class=\"elementor-row\"><div class=\"elementor-column elementor-col-100 elementor-top-column elementor-element elementor-element-1332a6e4\" data-id=\"1332a6e4\" data-element_type=\"column\"><div class=\"elementor-column-wrap elementor-element-populated\"><div class=\"elementor-widget-wrap\"><div class=\"elementor-element elementor-element-a35e070 elementor-widget elementor-widget-text-editor\" data-id=\"a35e070\" data-element_type=\"widget\" data-widget_type=\"text-editor.default\"><div class=\"elementor-widget-container\"><div class=\"elementor-text-editor elementor-clearfix\"><p><strong>La expresi\u00f3n \u00aboficina m\u00e9dica\u00bb tiene dos sentidos.<\/strong>\u00a0Designa, en primer lugar un local en el Santuario y dos personas fijas, de las cuales una es m\u00e9dico en ejercicio. Este m\u00e9dico recibe las declaraciones y comienza un trabajo cr\u00edtico seg\u00fan los criterios tradicionales, tal como fueron definidos en el siglo XVIII por el cardenal Lambertini, futuro papa Benedicto XIV, para los procesos de beatificaci\u00f3n.<\/p><\/div><\/div><\/div><div class=\"elementor-element elementor-element-8450bbd elementor-widget elementor-widget-text-editor\" data-id=\"8450bbd\" data-element_type=\"widget\" data-widget_type=\"text-editor.default\"><div class=\"elementor-widget-container\"><div class=\"elementor-text-editor elementor-clearfix\"><p><strong>Si el caso parece serio, el m\u00e9dico organiza a una \u00aboficina m\u00e9dica\u00bb propiamente dichaa, es decir, una consulta, en la cual pueden participar todos los m\u00e9dicos presentes en Lourdes ese d\u00eda, sean las que sean sus convicciones religiosas.<\/strong><\/p><\/div><\/div><\/div><div class=\"elementor-element elementor-element-709f583f elementor-widget elementor-widget-text-editor\" data-id=\"709f583f\" data-element_type=\"widget\" data-widget_type=\"text-editor.default\"><div class=\"elementor-widget-container\"><div class=\"elementor-text-editor elementor-clearfix\"><p>Si el m\u00e9dico de Lourdes y la oficina m\u00e9dica que se ha reunido emiten un juicio favorable, el expediente se traslada al Comit\u00e9 M\u00e9dico Internacional de Lourdes (C.M.I.L.). \u00c9ste est\u00e1 constituido por una veintena de miembros, todos eminentes en sus especialidades respectivas. Este Comit\u00e9 existe desde 1947. Monse\u00f1or Th\u00e9as decidi\u00f3, en 1954, que adquiriera una dimensi\u00f3n internacional.<\/p><\/div><\/div><\/div><div class=\"elementor-element elementor-element-50872260 elementor-widget elementor-widget-text-editor\" data-id=\"50872260\" data-element_type=\"widget\" data-widget_type=\"text-editor.default\"><div class=\"elementor-widget-container\"><div class=\"elementor-text-editor elementor-clearfix\"><p><strong>El Comit\u00e9 est\u00e1 presidido conjuntamente por el obispo de Tarbes y Lourdes y por uno de sus miembros, designado por el obispo con un mandato de duraci\u00f3n determinada, aunque renovable.\u00a0<\/strong>El m\u00e9dico de Lourdes se encarga del Secretariado del Comit\u00e9.<\/p><\/div><\/div><\/div><div class=\"elementor-element elementor-element-5b072a5d elementor-widget elementor-widget-text-editor\" data-id=\"5b072a5d\" data-element_type=\"widget\" data-widget_type=\"text-editor.default\"><div class=\"elementor-widget-container\"><div class=\"elementor-text-editor elementor-clearfix\"><p><strong>El Comit\u00e9 juzga el expediente de cada caso.\u00a0<\/strong>Uno o varios de sus miembros se encargan de estudiarlo a fondo, inform\u00e1ndose especialmente sobre todo lo que la literatura m\u00e9dica mundial haya publicado sobre temas parecidos. Las personas encargadas del expediente pueden consultar a colegas extra\u00f1os al Comit\u00e9. Generalmente, no se convoca a la persona curada.<\/p><\/div><\/div><\/div><div class=\"elementor-element elementor-element-0d289de elementor-widget elementor-widget-text-editor\" data-id=\"0d289de\" data-element_type=\"widget\" data-widget_type=\"text-editor.default\"><div class=\"elementor-widget-container\"><div class=\"elementor-text-editor elementor-clearfix\"><p><strong>El Comit\u00e9 se re\u00fane una vez al a\u00f1o, en el oto\u00f1o. Examina los expedientes en curso.\u00a0<\/strong>Cuando se han reunido todos los datos (lo que puede llevar bastante tiempo), el Comit\u00e9, por votaci\u00f3n, acepta o rechaza afirmar que la curaci\u00f3n sea inexplicable, en el estado actual de la ciencia. Se requiere una mayor\u00eda de dos tercios para que el voto sea considerado afirmativo.<\/p><\/div><\/div><\/div><div class=\"elementor-element elementor-element-5dcc388 elementor-widget elementor-widget-text-editor\" data-id=\"5dcc388\" data-element_type=\"widget\" data-widget_type=\"text-editor.default\"><div class=\"elementor-widget-container\"><div class=\"elementor-text-editor elementor-clearfix\"><p><strong>La valoraci\u00f3n m\u00e9dica se transmite al obispo de la di\u00f3cesis en que reside la persona curada.\u00a0<\/strong>Este obispo, obviamente, est\u00e1 al corriente del procedimiento en curso. En caso, sobre todo, de que parezca probable una salida, se le aconseja crear de antemano un peque\u00f1o Comit\u00e9 m\u00e9dico local que pueda, en el momento oportuno, tener conocimiento de las conclusiones del Comit\u00e9.<\/p><\/div><\/div><\/div><div class=\"elementor-element elementor-element-3a3f9be elementor-widget elementor-widget-text-editor\" data-id=\"3a3f9be\" data-element_type=\"widget\" data-widget_type=\"text-editor.default\"><div class=\"elementor-widget-container\"><div class=\"elementor-text-editor elementor-clearfix\"><p><strong>Teniendo en cuenta otros elementos de valoraci\u00f3n, el obispo decide o se abstiene de reconocer el car\u00e1cter \u00abmilagroso\u00bb de la curaci\u00f3n.<\/strong><\/p><\/div><\/div><\/div><div class=\"elementor-element elementor-element-7c579ab elementor-widget elementor-widget-text-editor\" data-id=\"7c579ab\" data-element_type=\"widget\" data-widget_type=\"text-editor.default\"><div class=\"elementor-widget-container\"><div class=\"elementor-text-editor elementor-clearfix\"><p>La actitud actual de los m\u00e9dicos es de mucho respeto para con el Magisterio de la Iglesia. Como cristianos, saben que el milagro es un signo de orden espiritual. No quieren ser jueces en ese campo. Adem\u00e1s, a un esp\u00edritu moderno, le resulta dif\u00edcil admitir, sobre cualquier realidad que sea, que es \u00abinexplicable\u00bb. \u00danicamente se puede decir que es inexplicable hasta ahora.<\/p><\/div><\/div><\/div><div class=\"elementor-element elementor-element-7f8478c elementor-widget elementor-widget-text-editor\" data-id=\"7f8478c\" data-element_type=\"widget\" data-widget_type=\"text-editor.default\"><div class=\"elementor-widget-container\"><div class=\"elementor-text-editor elementor-clearfix\"><p><strong>Oficina de Constatationes M\u00e9dicas\u00a0<\/strong><br \/>Santuario Nuestra Se\u00f1ora de Lourdes<br \/>65108 Lourdes Cedex Francia<br \/>Tfno. : +(33) 05 62 42 79 08<br \/><a title=\"Lien vers le formulaire de contact du bureau m\u00e9dical\" href=\"https:\/\/www.lourdes-france.com\/es\/contact\">enviar un e-mail<\/a><\/p><\/div><\/div><\/div><\/div><\/div><\/div><\/div><\/div><\/section><\/div><\/div><\/div><\/div>\t\t\t\t\t\t\t\t<\/div>\n\t\t\t\t<\/div>\n\t\t\t\t\t<\/div>\n\t\t<\/div>\n\t\t\t\t\t<\/div>\n\t\t<\/section>\n\t\t\t\t<section class=\"elementor-section elementor-top-section elementor-element elementor-element-5e4c250d elementor-section-boxed elementor-section-height-default elementor-section-height-default\" data-id=\"5e4c250d\" data-element_type=\"section\">\n\t\t\t\t\t\t<div class=\"elementor-container elementor-column-gap-default\">\n\t\t\t\t\t<div class=\"elementor-column elementor-col-100 elementor-top-column elementor-element elementor-element-3648e990\" data-id=\"3648e990\" data-element_type=\"column\">\n\t\t\t<div class=\"elementor-widget-wrap elementor-element-populated\">\n\t\t\t\t\t\t<div class=\"elementor-element elementor-element-71ac6343 elementor-widget elementor-widget-spacer\" data-id=\"71ac6343\" data-element_type=\"widget\" data-widget_type=\"spacer.default\">\n\t\t\t\t<div class=\"elementor-widget-container\">\n\t\t\t\t\t\t\t<div class=\"elementor-spacer\">\n\t\t\t<div class=\"elementor-spacer-inner\"><\/div>\n\t\t<\/div>\n\t\t\t\t\t\t<\/div>\n\t\t\t\t<\/div>\n\t\t\t\t\t<\/div>\n\t\t<\/div>\n\t\t\t\t\t<\/div>\n\t\t<\/section>\n\t\t\t\t<\/div>\n\t\t","protected":false},"excerpt":{"rendered":"<p>En 1859, se encarga al profesor Vergez, profesor titular de la facultad de medicina de Montpellier, del control de las curaciones. De esa manera, antes de 1862, se aprueban siete curaciones que sirven de argumento para el reconocimiento de las &hellip; <a href=\"https:\/\/www.lourdes-france.com\/es\/proceso-de-constatacion-de-curacion\/\">Continuar<\/a><\/p>\n","protected":false},"author":2,"featured_media":3438,"parent":0,"menu_order":0,"comment_status":"closed","ping_status":"closed","template":"","meta":{"_acf_changed":false,"footnotes":""},"class_list":["post-781927","page","type-page","status-publish","has-post-thumbnail","hentry"],"acf":[],"yoast_head":"<!-- This site is optimized with the Yoast SEO Premium plugin v24.0 (Yoast SEO v26.3) - https:\/\/yoast.com\/wordpress\/plugins\/seo\/ -->\n<title>Proceso de constataci\u00f3n de curaci\u00f3n - Vivre le p\u00e8lerinage de Lourdes<\/title>\n<meta name=\"description\" content=\"Entre el momento en que una persona es curada y la eventual constataci\u00f3n de esta curaci\u00f3n como milagrosa, \u00bfcu\u00e1l es el proceso?\" \/>\n<meta name=\"robots\" content=\"index, follow, max-snippet:-1, max-image-preview:large, max-video-preview:-1\" \/>\n<link rel=\"canonical\" href=\"https:\/\/www.lourdes-france.com\/es\/proceso-de-constatacion-de-curacion\/\" \/>\n<meta property=\"og:locale\" content=\"es_ES\" \/>\n<meta property=\"og:type\" content=\"article\" \/>\n<meta property=\"og:title\" content=\"Proceso de constataci\u00f3n de curaci\u00f3n\" \/>\n<meta property=\"og:description\" content=\"Entre el momento en que una persona es curada y la eventual constataci\u00f3n de esta curaci\u00f3n como milagrosa, \u00bfcu\u00e1l es el proceso?\" \/>\n<meta property=\"og:url\" content=\"https:\/\/www.lourdes-france.com\/es\/proceso-de-constatacion-de-curacion\/\" \/>\n<meta property=\"og:site_name\" content=\"Vivre le p\u00e8lerinage de Lourdes\" \/>\n<meta property=\"article:modified_time\" content=\"2024-06-04T13:52:29+00:00\" \/>\n<meta property=\"og:image\" content=\"https:\/\/www.lourdes-france.com\/wp-content\/uploads\/2021\/11\/procedure-miracle_mise-en-avant.jpg\" \/>\n\t<meta property=\"og:image:width\" content=\"2362\" \/>\n\t<meta property=\"og:image:height\" content=\"1507\" \/>\n\t<meta property=\"og:image:type\" content=\"image\/jpeg\" \/>\n<meta name=\"twitter:card\" content=\"summary_large_image\" \/>\n<meta name=\"twitter:label1\" content=\"Tiempo de lectura\" \/>\n\t<meta name=\"twitter:data1\" content=\"3 minutos\" \/>\n<script type=\"application\/ld+json\" class=\"yoast-schema-graph\">{\"@context\":\"https:\/\/schema.org\",\"@graph\":[{\"@type\":\"WebPage\",\"@id\":\"https:\/\/www.lourdes-france.com\/es\/proceso-de-constatacion-de-curacion\/\",\"url\":\"https:\/\/www.lourdes-france.com\/es\/proceso-de-constatacion-de-curacion\/\",\"name\":\"Proceso de constataci\u00f3n de curaci\u00f3n - Vivre le p\u00e8lerinage de Lourdes\",\"isPartOf\":{\"@id\":\"https:\/\/www.lourdes-france.com\/es\/#website\"},\"primaryImageOfPage\":{\"@id\":\"https:\/\/www.lourdes-france.com\/es\/proceso-de-constatacion-de-curacion\/#primaryimage\"},\"image\":{\"@id\":\"https:\/\/www.lourdes-france.com\/es\/proceso-de-constatacion-de-curacion\/#primaryimage\"},\"thumbnailUrl\":\"https:\/\/www.lourdes-france.com\/wp-content\/uploads\/2021\/11\/procedure-miracle_mise-en-avant.jpg\",\"datePublished\":\"2021-11-12T15:13:34+00:00\",\"dateModified\":\"2024-06-04T13:52:29+00:00\",\"description\":\"Entre el momento en que una persona es curada y la eventual constataci\u00f3n de esta curaci\u00f3n como milagrosa, \u00bfcu\u00e1l es el proceso?\",\"breadcrumb\":{\"@id\":\"https:\/\/www.lourdes-france.com\/es\/proceso-de-constatacion-de-curacion\/#breadcrumb\"},\"inLanguage\":\"es\",\"potentialAction\":[{\"@type\":\"ReadAction\",\"target\":[\"https:\/\/www.lourdes-france.com\/es\/proceso-de-constatacion-de-curacion\/\"]}]},{\"@type\":\"ImageObject\",\"inLanguage\":\"es\",\"@id\":\"https:\/\/www.lourdes-france.com\/es\/proceso-de-constatacion-de-curacion\/#primaryimage\",\"url\":\"https:\/\/www.lourdes-france.com\/wp-content\/uploads\/2021\/11\/procedure-miracle_mise-en-avant.jpg\",\"contentUrl\":\"https:\/\/www.lourdes-france.com\/wp-content\/uploads\/2021\/11\/procedure-miracle_mise-en-avant.jpg\",\"width\":2362,\"height\":1507,\"caption\":\"La reconnaissance d'un miracle\"},{\"@type\":\"BreadcrumbList\",\"@id\":\"https:\/\/www.lourdes-france.com\/es\/proceso-de-constatacion-de-curacion\/#breadcrumb\",\"itemListElement\":[{\"@type\":\"ListItem\",\"position\":1,\"name\":\"Accueil\",\"item\":\"https:\/\/www.lourdes-france.com\/es\/\"},{\"@type\":\"ListItem\",\"position\":2,\"name\":\"Proceso de constataci\u00f3n de curaci\u00f3n\"}]},{\"@type\":\"WebSite\",\"@id\":\"https:\/\/www.lourdes-france.com\/es\/#website\",\"url\":\"https:\/\/www.lourdes-france.com\/es\/\",\"name\":\"Sanctuaire Notre-Dame de Lourdes\",\"description\":\"\",\"publisher\":{\"@id\":\"https:\/\/www.lourdes-france.com\/es\/#organization\"},\"potentialAction\":[{\"@type\":\"SearchAction\",\"target\":{\"@type\":\"EntryPoint\",\"urlTemplate\":\"https:\/\/www.lourdes-france.com\/es\/?s={search_term_string}\"},\"query-input\":{\"@type\":\"PropertyValueSpecification\",\"valueRequired\":true,\"valueName\":\"search_term_string\"}}],\"inLanguage\":\"es\"},{\"@type\":\"Organization\",\"@id\":\"https:\/\/www.lourdes-france.com\/es\/#organization\",\"name\":\"Sanctuaire Notre-Dame de Lourdes\",\"url\":\"https:\/\/www.lourdes-france.com\/es\/\",\"logo\":{\"@type\":\"ImageObject\",\"inLanguage\":\"es\",\"@id\":\"https:\/\/www.lourdes-france.com\/es\/#\/schema\/logo\/image\/\",\"url\":\"https:\/\/www.lourdes-france.com\/wp-content\/uploads\/2021\/11\/logo-small.png\",\"contentUrl\":\"https:\/\/www.lourdes-france.com\/wp-content\/uploads\/2021\/11\/logo-small.png\",\"width\":834,\"height\":521,\"caption\":\"Sanctuaire Notre-Dame de Lourdes\"},\"image\":{\"@id\":\"https:\/\/www.lourdes-france.com\/es\/#\/schema\/logo\/image\/\"}}]}<\/script>\n<!-- \/ Yoast SEO Premium plugin. -->","yoast_head_json":{"title":"Proceso de constataci\u00f3n de curaci\u00f3n - Vivre le p\u00e8lerinage de Lourdes","description":"Entre el momento en que una persona es curada y la eventual constataci\u00f3n de esta curaci\u00f3n como milagrosa, \u00bfcu\u00e1l es el proceso?","robots":{"index":"index","follow":"follow","max-snippet":"max-snippet:-1","max-image-preview":"max-image-preview:large","max-video-preview":"max-video-preview:-1"},"canonical":"https:\/\/www.lourdes-france.com\/es\/proceso-de-constatacion-de-curacion\/","og_locale":"es_ES","og_type":"article","og_title":"Proceso de constataci\u00f3n de curaci\u00f3n","og_description":"Entre el momento en que una persona es curada y la eventual constataci\u00f3n de esta curaci\u00f3n como milagrosa, \u00bfcu\u00e1l es el proceso?","og_url":"https:\/\/www.lourdes-france.com\/es\/proceso-de-constatacion-de-curacion\/","og_site_name":"Vivre le p\u00e8lerinage de Lourdes","article_modified_time":"2024-06-04T13:52:29+00:00","og_image":[{"width":2362,"height":1507,"url":"https:\/\/www.lourdes-france.com\/wp-content\/uploads\/2021\/11\/procedure-miracle_mise-en-avant.jpg","type":"image\/jpeg"}],"twitter_card":"summary_large_image","twitter_misc":{"Tiempo de lectura":"3 minutos"},"schema":{"@context":"https:\/\/schema.org","@graph":[{"@type":"WebPage","@id":"https:\/\/www.lourdes-france.com\/es\/proceso-de-constatacion-de-curacion\/","url":"https:\/\/www.lourdes-france.com\/es\/proceso-de-constatacion-de-curacion\/","name":"Proceso de constataci\u00f3n de curaci\u00f3n - Vivre le p\u00e8lerinage de Lourdes","isPartOf":{"@id":"https:\/\/www.lourdes-france.com\/es\/#website"},"primaryImageOfPage":{"@id":"https:\/\/www.lourdes-france.com\/es\/proceso-de-constatacion-de-curacion\/#primaryimage"},"image":{"@id":"https:\/\/www.lourdes-france.com\/es\/proceso-de-constatacion-de-curacion\/#primaryimage"},"thumbnailUrl":"https:\/\/www.lourdes-france.com\/wp-content\/uploads\/2021\/11\/procedure-miracle_mise-en-avant.jpg","datePublished":"2021-11-12T15:13:34+00:00","dateModified":"2024-06-04T13:52:29+00:00","description":"Entre el momento en que una persona es curada y la eventual constataci\u00f3n de esta curaci\u00f3n como milagrosa, \u00bfcu\u00e1l es el proceso?","breadcrumb":{"@id":"https:\/\/www.lourdes-france.com\/es\/proceso-de-constatacion-de-curacion\/#breadcrumb"},"inLanguage":"es","potentialAction":[{"@type":"ReadAction","target":["https:\/\/www.lourdes-france.com\/es\/proceso-de-constatacion-de-curacion\/"]}]},{"@type":"ImageObject","inLanguage":"es","@id":"https:\/\/www.lourdes-france.com\/es\/proceso-de-constatacion-de-curacion\/#primaryimage","url":"https:\/\/www.lourdes-france.com\/wp-content\/uploads\/2021\/11\/procedure-miracle_mise-en-avant.jpg","contentUrl":"https:\/\/www.lourdes-france.com\/wp-content\/uploads\/2021\/11\/procedure-miracle_mise-en-avant.jpg","width":2362,"height":1507,"caption":"La reconnaissance d'un miracle"},{"@type":"BreadcrumbList","@id":"https:\/\/www.lourdes-france.com\/es\/proceso-de-constatacion-de-curacion\/#breadcrumb","itemListElement":[{"@type":"ListItem","position":1,"name":"Accueil","item":"https:\/\/www.lourdes-france.com\/es\/"},{"@type":"ListItem","position":2,"name":"Proceso de constataci\u00f3n de curaci\u00f3n"}]},{"@type":"WebSite","@id":"https:\/\/www.lourdes-france.com\/es\/#website","url":"https:\/\/www.lourdes-france.com\/es\/","name":"Sanctuaire Notre-Dame de Lourdes","description":"","publisher":{"@id":"https:\/\/www.lourdes-france.com\/es\/#organization"},"potentialAction":[{"@type":"SearchAction","target":{"@type":"EntryPoint","urlTemplate":"https:\/\/www.lourdes-france.com\/es\/?s={search_term_string}"},"query-input":{"@type":"PropertyValueSpecification","valueRequired":true,"valueName":"search_term_string"}}],"inLanguage":"es"},{"@type":"Organization","@id":"https:\/\/www.lourdes-france.com\/es\/#organization","name":"Sanctuaire Notre-Dame de Lourdes","url":"https:\/\/www.lourdes-france.com\/es\/","logo":{"@type":"ImageObject","inLanguage":"es","@id":"https:\/\/www.lourdes-france.com\/es\/#\/schema\/logo\/image\/","url":"https:\/\/www.lourdes-france.com\/wp-content\/uploads\/2021\/11\/logo-small.png","contentUrl":"https:\/\/www.lourdes-france.com\/wp-content\/uploads\/2021\/11\/logo-small.png","width":834,"height":521,"caption":"Sanctuaire Notre-Dame de Lourdes"},"image":{"@id":"https:\/\/www.lourdes-france.com\/es\/#\/schema\/logo\/image\/"}}]}},"_links":{"self":[{"href":"https:\/\/www.lourdes-france.com\/es\/wp-json\/wp\/v2\/pages\/781927","targetHints":{"allow":["GET"]}}],"collection":[{"href":"https:\/\/www.lourdes-france.com\/es\/wp-json\/wp\/v2\/pages"}],"about":[{"href":"https:\/\/www.lourdes-france.com\/es\/wp-json\/wp\/v2\/types\/page"}],"author":[{"embeddable":true,"href":"https:\/\/www.lourdes-france.com\/es\/wp-json\/wp\/v2\/users\/2"}],"replies":[{"embeddable":true,"href":"https:\/\/www.lourdes-france.com\/es\/wp-json\/wp\/v2\/comments?post=781927"}],"version-history":[{"count":0,"href":"https:\/\/www.lourdes-france.com\/es\/wp-json\/wp\/v2\/pages\/781927\/revisions"}],"wp:featuredmedia":[{"embeddable":true,"href":"https:\/\/www.lourdes-france.com\/es\/wp-json\/wp\/v2\/media\/3438"}],"wp:attachment":[{"href":"https:\/\/www.lourdes-france.com\/es\/wp-json\/wp\/v2\/media?parent=781927"}],"curies":[{"name":"wp","href":"https:\/\/api.w.org\/{rel}","templated":true}]}}