{"id":876269,"date":"2026-06-09T15:00:58","date_gmt":"2026-06-09T13:00:58","guid":{"rendered":"https:\/\/www.lourdes-france.com\/pape-a-lourdes\/"},"modified":"2026-08-27T15:28:41","modified_gmt":"2026-08-27T13:28:41","slug":"pape-a-lourdes","status":"publish","type":"page","link":"https:\/\/www.lourdes-france.com\/de\/pape-a-lourdes\/","title":{"rendered":"Der Papst in Lourdes"},"content":{"rendered":"\t\t<div data-elementor-type=\"wp-page\" data-elementor-id=\"876269\" class=\"elementor elementor-876269 elementor-875398\" data-elementor-post-type=\"page\">\n\t\t\t\t\t\t<section class=\"elementor-section elementor-top-section elementor-element elementor-element-6ff9995 elementor-section-boxed elementor-section-height-default elementor-section-height-default\" data-id=\"6ff9995\" data-element_type=\"section\" data-e-type=\"section\">\n\t\t\t\t\t\t<div class=\"elementor-container elementor-column-gap-no\">\n\t\t\t\t\t<div class=\"elementor-column elementor-col-100 elementor-top-column elementor-element elementor-element-188c684\" data-id=\"188c684\" data-element_type=\"column\" data-e-type=\"column\">\n\t\t\t<div class=\"elementor-widget-wrap elementor-element-populated\">\n\t\t\t\t\t\t<div class=\"elementor-element elementor-element-4f2afe1 elementor-widget elementor-widget-image\" data-id=\"4f2afe1\" data-element_type=\"widget\" data-e-type=\"widget\" data-widget_type=\"image.default\">\n\t\t\t\t<div class=\"elementor-widget-container\">\n\t\t\t\t\t\t\t\t\t\t\t\t\t\t\t<img fetchpriority=\"high\" decoding=\"async\" width=\"1024\" height=\"607\" src=\"https:\/\/www.lourdes-france.com\/wp-content\/uploads\/2024\/03\/visuel-annonce_DE_Web-1-1024x607.jpg\" class=\"attachment-large size-large wp-image-877624\" alt=\"\" srcset=\"https:\/\/www.lourdes-france.com\/wp-content\/uploads\/2024\/03\/visuel-annonce_DE_Web-1-1024x607.jpg 1024w, https:\/\/www.lourdes-france.com\/wp-content\/uploads\/2024\/03\/visuel-annonce_DE_Web-1-300x178.jpg 300w, https:\/\/www.lourdes-france.com\/wp-content\/uploads\/2024\/03\/visuel-annonce_DE_Web-1-768x455.jpg 768w, https:\/\/www.lourdes-france.com\/wp-content\/uploads\/2024\/03\/visuel-annonce_DE_Web-1.jpg 1080w\" sizes=\"(max-width: 1024px) 100vw, 1024px\" \/>\t\t\t\t\t\t\t\t\t\t\t\t\t\t\t<\/div>\n\t\t\t\t<\/div>\n\t\t\t\t<div class=\"elementor-element elementor-element-f578417 elementor-widget elementor-widget-heading\" data-id=\"f578417\" data-element_type=\"widget\" data-e-type=\"widget\" data-widget_type=\"heading.default\">\n\t\t\t\t<div class=\"elementor-widget-container\">\n\t\t\t\t\t<h1 class=\"elementor-heading-title elementor-size-default\">Der Papst in Lourdes<\/h1>\t\t\t\t<\/div>\n\t\t\t\t<\/div>\n\t\t\t\t<div class=\"elementor-element elementor-element-b8ab05c elementor-widget elementor-widget-heading\" data-id=\"b8ab05c\" data-element_type=\"widget\" data-e-type=\"widget\" data-widget_type=\"heading.default\">\n\t\t\t\t<div class=\"elementor-widget-container\">\n\t\t\t\t\t<h2 class=\"elementor-heading-title elementor-size-default\">Papst Leo XIV zu Besuch in Lourdes am 26-27. September 2026<\/h2>\t\t\t\t<\/div>\n\t\t\t\t<\/div>\n\t\t\t\t<div class=\"elementor-element elementor-element-d815f3d elementor-widget elementor-widget-text-editor\" data-id=\"d815f3d\" data-element_type=\"widget\" data-e-type=\"widget\" data-widget_type=\"text-editor.default\">\n\t\t\t\t<div class=\"elementor-widget-container\">\n\t\t\t\t\t\t\t\t\t<p>Die Wallfahrtsst\u00e4tte Unserer Lieben Frau von Lourdes wird die Freude und ehrenvolle Aufgabe haben, Seine Heiligkeit Papst Leo XIV. 26-27. September 2026, zu empfangen. Im Rahmen seiner apostolischen Reise nach Frankreich wird er als Pilger unter den Pilgern weilen.<\/p>\t\t\t\t\t\t\t\t<\/div>\n\t\t\t\t<\/div>\n\t\t\t\t\t<\/div>\n\t\t<\/div>\n\t\t\t\t\t<\/div>\n\t\t<\/section>\n\t\t\t\t<section class=\"elementor-section elementor-top-section elementor-element elementor-element-5708471 elementor-section-boxed elementor-section-height-default elementor-section-height-default\" data-id=\"5708471\" data-element_type=\"section\" data-e-type=\"section\" id=\"programme\">\n\t\t\t\t\t\t<div class=\"elementor-container elementor-column-gap-default\">\n\t\t\t\t\t<div class=\"elementor-column elementor-col-100 elementor-top-column elementor-element elementor-element-3803625\" data-id=\"3803625\" data-element_type=\"column\" data-e-type=\"column\">\n\t\t\t<div class=\"elementor-widget-wrap elementor-element-populated\">\n\t\t\t\t\t\t<section class=\"elementor-section elementor-inner-section elementor-element elementor-element-772344a elementor-section-boxed elementor-section-height-default elementor-section-height-default\" data-id=\"772344a\" data-element_type=\"section\" data-e-type=\"section\">\n\t\t\t\t\t\t<div class=\"elementor-container elementor-column-gap-default\">\n\t\t\t\t\t<div class=\"elementor-column elementor-col-50 elementor-inner-column elementor-element elementor-element-b1c0679\" data-id=\"b1c0679\" data-element_type=\"column\" data-e-type=\"column\">\n\t\t\t<div class=\"elementor-widget-wrap elementor-element-populated\">\n\t\t\t\t\t\t<div class=\"elementor-element elementor-element-0642cfc elementor-widget elementor-widget-image\" data-id=\"0642cfc\" data-element_type=\"widget\" data-e-type=\"widget\" data-widget_type=\"image.default\">\n\t\t\t\t<div class=\"elementor-widget-container\">\n\t\t\t\t\t\t\t\t\t\t\t\t\t\t\t<img decoding=\"async\" width=\"819\" height=\"1024\" src=\"https:\/\/www.lourdes-france.com\/wp-content\/uploads\/2026\/08\/visuel-programme-FR-819x1024.jpg\" class=\"attachment-large size-large wp-image-877460\" alt=\"\" srcset=\"https:\/\/www.lourdes-france.com\/wp-content\/uploads\/2026\/08\/visuel-programme-FR-819x1024.jpg 819w, https:\/\/www.lourdes-france.com\/wp-content\/uploads\/2026\/08\/visuel-programme-FR-240x300.jpg 240w, https:\/\/www.lourdes-france.com\/wp-content\/uploads\/2026\/08\/visuel-programme-FR-768x960.jpg 768w, https:\/\/www.lourdes-france.com\/wp-content\/uploads\/2026\/08\/visuel-programme-FR.jpg 1080w\" sizes=\"(max-width: 819px) 100vw, 819px\" \/>\t\t\t\t\t\t\t\t\t\t\t\t\t\t\t<\/div>\n\t\t\t\t<\/div>\n\t\t\t\t\t<\/div>\n\t\t<\/div>\n\t\t\t\t<div class=\"elementor-column elementor-col-50 elementor-inner-column elementor-element elementor-element-a08c070\" data-id=\"a08c070\" data-element_type=\"column\" data-e-type=\"column\">\n\t\t\t<div class=\"elementor-widget-wrap elementor-element-populated\">\n\t\t\t\t\t\t<div class=\"elementor-element elementor-element-766453d elementor-widget elementor-widget-heading\" data-id=\"766453d\" data-element_type=\"widget\" data-e-type=\"widget\" data-widget_type=\"heading.default\">\n\t\t\t\t<div class=\"elementor-widget-container\">\n\t\t\t\t\t<h2 class=\"elementor-heading-title elementor-size-default\">Programm in Lourdes<\/h2>\t\t\t\t<\/div>\n\t\t\t\t<\/div>\n\t\t\t\t<div class=\"elementor-element elementor-element-524b6b5 elementor-widget elementor-widget-text-editor\" data-id=\"524b6b5\" data-element_type=\"widget\" data-e-type=\"widget\" data-widget_type=\"text-editor.default\">\n\t\t\t\t<div class=\"elementor-widget-container\">\n\t\t\t\t\t\t\t\t\t<p><span style=\"color: #000000;\"><strong>26. September<br \/><\/strong><\/span><br \/>19:05 Uhr: Ankunft am internationalen Flughafen \u201eTarbes-Lourdes-Pyr\u00e9n\u00e9es\u201c<br \/>19:40 Uhr: Gebet an der Erscheinungsgrotte<\/p><p><span style=\"color: #000000;\"><strong>27. September<br \/><\/strong><\/span><br \/>09:00 Uhr: Begegnung mit den Bisch\u00f6fen der Franz\u00f6sischen Bischofskonferenz \u2013 Ansprache des Heiligen Vaters (Sainte-Bernadette-Saal)<br \/>11:00 Uhr: Sonntagsmesse auf der Pr\u00e4rie, anschlie\u00dfend Angelusgebet<\/p><p>15:30 Uhr: Begegnung mit den Hospitaliers und den Kranken im \u201eAccueil Notre-Dame\u201c \u2013 Ansprache des Heiligen Vaters<br \/>16:45 Uhr: Privates Treffen mit den Ordensschwestern des kontemplativen Lebens (Karmeliterkloster von Lourdes)<br \/>21:00 Uhr: Rosenkranzgebet und marianische Lichterprozession \u2013 Ansprache des Heiligen Vaters<\/p>\t\t\t\t\t\t\t\t<\/div>\n\t\t\t\t<\/div>\n\t\t\t\t\t<\/div>\n\t\t<\/div>\n\t\t\t\t\t<\/div>\n\t\t<\/section>\n\t\t\t\t\t<\/div>\n\t\t<\/div>\n\t\t\t\t\t<\/div>\n\t\t<\/section>\n\t\t\t\t<section class=\"elementor-section elementor-top-section elementor-element elementor-element-3335e1d elementor-section-boxed elementor-section-height-default elementor-section-height-default\" data-id=\"3335e1d\" data-element_type=\"section\" data-e-type=\"section\" id=\"inscription\" data-settings=\"{&quot;background_background&quot;:&quot;classic&quot;}\">\n\t\t\t\t\t\t<div class=\"elementor-container elementor-column-gap-default\">\n\t\t\t\t\t<div class=\"elementor-column elementor-col-100 elementor-top-column elementor-element elementor-element-3a708aa\" data-id=\"3a708aa\" data-element_type=\"column\" data-e-type=\"column\">\n\t\t\t<div class=\"elementor-widget-wrap elementor-element-populated\">\n\t\t\t\t\t\t<div class=\"elementor-element elementor-element-530962f elementor-widget elementor-widget-text-editor\" data-id=\"530962f\" data-element_type=\"widget\" data-e-type=\"widget\" data-widget_type=\"text-editor.default\">\n\t\t\t\t<div class=\"elementor-widget-container\">\n\t\t\t\t\t\t\t\t\t<h5><strong><span style=\"color: #ff0000;\">Die Anmeldung zur Teilnahme an den Feierlichkeiten, denen Papst Leo XIV. in Lourdes am Samstag, den 26., und Sonntag, den 27. September 2026, vorsteht, ist nun geschlossen.<\/span><\/strong><br \/><br \/><\/h5><p>Angesichts des erwarteten au\u00dfergew\u00f6hnlich hohen Besucherandrangs und um bestm\u00f6gliche Bedingungen f\u00fcr Empfang, Sicherheit und Organisation zu gew\u00e4hrleisten, hat das Heiligtum seine maximale Aufnahmekapazit\u00e4t erreicht.<br \/>150.000 Menschen werden gemeinsam mit dem Papst im Heiligtum beten.<br \/>Millionen werden die Feierlichkeiten \u00fcber Fernsehen und Radio verfolgen.<br \/>Wenn Sie sich bereits angemeldet haben, ist Ihre Anmeldung ordnungsgem\u00e4\u00df erfasst.<br \/>Sie kann nun nicht mehr ge\u00e4ndert werden.<br \/>In den n\u00e4chsten Tagen werden die Zugangsausweise per E-Mail versandt.<br \/>Diese m\u00fcssen am Eingang des Heiligtums vorgelegt werden, um Zugang zur Wiese oder zur Esplanade zu erhalten.<\/p>\t\t\t\t\t\t\t\t<\/div>\n\t\t\t\t<\/div>\n\t\t\t\t\t<\/div>\n\t\t<\/div>\n\t\t\t\t\t<\/div>\n\t\t<\/section>\n\t\t\t\t<section class=\"elementor-section elementor-top-section elementor-element elementor-element-0e48098 elementor-section-boxed elementor-section-height-default elementor-section-height-default\" data-id=\"0e48098\" data-element_type=\"section\" data-e-type=\"section\">\n\t\t\t\t\t\t<div class=\"elementor-container elementor-column-gap-default\">\n\t\t\t\t\t<div class=\"elementor-column elementor-col-100 elementor-top-column elementor-element elementor-element-5f6bf82\" data-id=\"5f6bf82\" data-element_type=\"column\" data-e-type=\"column\">\n\t\t\t<div class=\"elementor-widget-wrap elementor-element-populated\">\n\t\t\t\t\t\t<div class=\"elementor-element elementor-element-c604f91 elementor-widget elementor-widget-heading\" data-id=\"c604f91\" data-element_type=\"widget\" data-e-type=\"widget\" data-widget_type=\"heading.default\">\n\t\t\t\t<div class=\"elementor-widget-container\">\n\t\t\t\t\t<h4 class=\"elementor-heading-title elementor-size-default\">\u201eDieser Besuch ist in erster Linie der Besuch des Nachfolgers Petri, der kommt, um seine Br\u00fcder im Glauben zu st\u00e4rken und sich an unsere Zivilgesellschaft wenden.\u201c<\/h4>\t\t\t\t<\/div>\n\t\t\t\t<\/div>\n\t\t\t\t<div class=\"elementor-element elementor-element-550ae1c elementor-widget elementor-widget-heading\" data-id=\"550ae1c\" data-element_type=\"widget\" data-e-type=\"widget\" data-widget_type=\"heading.default\">\n\t\t\t\t<div class=\"elementor-widget-container\">\n\t\t\t\t\t<h5 class=\"elementor-heading-title elementor-size-default\">Bischof Jean-Marc Micas von Tarbes und Lourdes<\/h5>\t\t\t\t<\/div>\n\t\t\t\t<\/div>\n\t\t\t\t\t<\/div>\n\t\t<\/div>\n\t\t\t\t\t<\/div>\n\t\t<\/section>\n\t\t\t\t<section class=\"elementor-section elementor-top-section elementor-element elementor-element-9e9e9e9 elementor-section-boxed elementor-section-height-default elementor-section-height-default\" data-id=\"9e9e9e9\" data-element_type=\"section\" data-e-type=\"section\" data-settings=\"{&quot;background_background&quot;:&quot;classic&quot;}\">\n\t\t\t\t\t\t<div class=\"elementor-container elementor-column-gap-default\">\n\t\t\t\t\t<div class=\"elementor-column elementor-col-100 elementor-top-column elementor-element elementor-element-a427f58\" data-id=\"a427f58\" data-element_type=\"column\" data-e-type=\"column\">\n\t\t\t<div class=\"elementor-widget-wrap elementor-element-populated\">\n\t\t\t\t\t\t<div class=\"elementor-element elementor-element-f6bcca2 elementor-widget elementor-widget-heading\" data-id=\"f6bcca2\" data-element_type=\"widget\" data-e-type=\"widget\" data-widget_type=\"heading.default\">\n\t\t\t\t<div class=\"elementor-widget-container\">\n\t\t\t\t\t<h3 class=\"elementor-heading-title elementor-size-default\">Der Papst kommt nach Lourdes.<\/BR>\nHelfen wir dem Heiligtum, alle Pilger willkommen zu hei\u00dfen.<\/BR>\nEin historischer Besuch, eine au\u00dfergew\u00f6hnliche Herausforderung<\/h3>\t\t\t\t<\/div>\n\t\t\t\t<\/div>\n\t\t\t\t<div class=\"elementor-element elementor-element-08f37c3 elementor-widget elementor-widget-text-editor\" data-id=\"08f37c3\" data-element_type=\"widget\" data-e-type=\"widget\" data-widget_type=\"text-editor.default\">\n\t\t\t\t<div class=\"elementor-widget-container\">\n\t\t\t\t\t\t\t\t\t<p><span style=\"color: #ffffff;\">Hunderttausende Gl\u00e4ubige werden erwartet, um dieses Ereignis mitzuerleben. Das Heiligtum hatte bereits die Gnade, den heiligen Johannes Paul II. und Benedikt XVI. zu empfangen. Gest\u00fctzt auf diese Erfahrung bereitet es diesen neuen Besuch mit gr\u00f6\u00dfter Sorgfalt vor. Jedes Detail wird im Voraus geplant, damit dieser Tag unter den bestm\u00f6glichen Umst\u00e4nden verl\u00e4uft.<\/span><\/p>\t\t\t\t\t\t\t\t<\/div>\n\t\t\t\t<\/div>\n\t\t\t\t<div class=\"elementor-element elementor-element-21c91b6 elementor-align-center elementor-widget elementor-widget-button\" data-id=\"21c91b6\" data-element_type=\"widget\" data-e-type=\"widget\" data-widget_type=\"button.default\">\n\t\t\t\t<div class=\"elementor-widget-container\">\n\t\t\t\t\t\t\t\t\t<div class=\"elementor-button-wrapper\">\n\t\t\t\t\t<a class=\"elementor-button elementor-button-link elementor-size-sm\" href=\"https:\/\/pape.lourdes-france.org\/de\/?utm_source=web&#038;utm_medium=com&#038;utm_campaign=pape2026\">\n\t\t\t\t\t\t<span class=\"elementor-button-content-wrapper\">\n\t\t\t\t\t\t<span class=\"elementor-button-icon\">\n\t\t\t\t<i aria-hidden=\"true\" class=\"fas fa-heart\"><\/i>\t\t\t<\/span>\n\t\t\t\t\t\t\t\t\t<span class=\"elementor-button-text\">Ich spende<\/span>\n\t\t\t\t\t<\/span>\n\t\t\t\t\t<\/a>\n\t\t\t\t<\/div>\n\t\t\t\t\t\t\t\t<\/div>\n\t\t\t\t<\/div>\n\t\t\t\t\t<\/div>\n\t\t<\/div>\n\t\t\t\t\t<\/div>\n\t\t<\/section>\n\t\t\t\t<section class=\"elementor-section elementor-top-section elementor-element elementor-element-9fc9189 elementor-section-boxed elementor-section-height-default elementor-section-height-default\" data-id=\"9fc9189\" data-element_type=\"section\" data-e-type=\"section\">\n\t\t\t\t\t\t<div class=\"elementor-container elementor-column-gap-default\">\n\t\t\t\t\t<div class=\"elementor-column elementor-col-100 elementor-top-column elementor-element elementor-element-3f09ff0\" data-id=\"3f09ff0\" data-element_type=\"column\" data-e-type=\"column\">\n\t\t\t<div class=\"elementor-widget-wrap elementor-element-populated\">\n\t\t\t\t\t\t<div class=\"elementor-element elementor-element-ebba71f elementor-widget elementor-widget-heading\" data-id=\"ebba71f\" data-element_type=\"widget\" data-e-type=\"widget\" data-widget_type=\"heading.default\">\n\t\t\t\t<div class=\"elementor-widget-container\">\n\t\t\t\t\t<h2 class=\"elementor-heading-title elementor-size-default\">Eine Organisation, die dem Ereignis gerecht wird<\/h2>\t\t\t\t<\/div>\n\t\t\t\t<\/div>\n\t\t\t\t<div class=\"elementor-element elementor-element-34bc6f4 elementor-widget elementor-widget-text-editor\" data-id=\"34bc6f4\" data-element_type=\"widget\" data-e-type=\"widget\" data-widget_type=\"text-editor.default\">\n\t\t\t\t<div class=\"elementor-widget-container\">\n\t\t\t\t\t\t\t\t\t<p>Damit jeder diesen Tag unter den bestm\u00f6glichen Bedingungen miterleben kann, m\u00fcssen au\u00dfergew\u00f6hnliche Vorkehrungen getroffen werden. \u00dcber 2 Millionen Euro werden ben\u00f6tigt, um die technischen Anlagen, die Beschallungsanlage, die Gro\u00dfbildschirme, die Sicherheitsvorkehrungen, die Betreuung der Pilger, der Freiwilligen und der Medien sowie die Vorbereitung der Feierlichkeiten zu finanzieren.<br \/>\u2022 \u00dcber 10 Kilometer Sicherheitsabsperrungen<br \/>\u2022 \u00dcber 600 eingesetzte Freiwillige<br \/>\u2022 Fast 1.000 Journalisten, die in einem eigens f\u00fcr diesen Anlass ausgestatteten internationalen Pressezentrum empfangen werden<br \/>\u2022 \u00dcber 10 Gro\u00dfbildschirme und eine verst\u00e4rkte Tonanlage<br \/>\u2022 Ein Podium mit 400 Pl\u00e4tzen f\u00fcr Bisch\u00f6fe und Kardin\u00e4le<br \/>\u2022 Fast 3.000 Priester werden erwartet<br \/>\u2022 Fast 1.000 provisorische Sanit\u00e4ranlagen<br \/>\u2022 Ein verst\u00e4rktes Konzept f\u00fcr Sauberkeit und Abfallentsorgung<\/p>\t\t\t\t\t\t\t\t<\/div>\n\t\t\t\t<\/div>\n\t\t\t\t\t<\/div>\n\t\t<\/div>\n\t\t\t\t\t<\/div>\n\t\t<\/section>\n\t\t\t\t<section class=\"elementor-section elementor-top-section elementor-element elementor-element-2ee52d4 elementor-section-boxed elementor-section-height-default elementor-section-height-default\" data-id=\"2ee52d4\" data-element_type=\"section\" data-e-type=\"section\">\n\t\t\t\t\t\t<div class=\"elementor-container elementor-column-gap-default\">\n\t\t\t\t\t<div class=\"elementor-column elementor-col-100 elementor-top-column elementor-element elementor-element-dc92d34\" data-id=\"dc92d34\" data-element_type=\"column\" data-e-type=\"column\">\n\t\t\t<div class=\"elementor-widget-wrap elementor-element-populated\">\n\t\t\t\t\t\t<div class=\"elementor-element elementor-element-d08cec1 elementor-widget elementor-widget-heading\" data-id=\"d08cec1\" data-element_type=\"widget\" data-e-type=\"widget\" data-widget_type=\"heading.default\">\n\t\t\t\t<div class=\"elementor-widget-container\">\n\t\t\t\t\t<h2 class=\"elementor-heading-title elementor-size-default\">Ihre Spende tr\u00e4gt auch zur Gestaltung der Zukunft bei<\/h2>\t\t\t\t<\/div>\n\t\t\t\t<\/div>\n\t\t\t\t<div class=\"elementor-element elementor-element-0b7f53c elementor-widget elementor-widget-text-editor\" data-id=\"0b7f53c\" data-element_type=\"widget\" data-e-type=\"widget\" data-widget_type=\"text-editor.default\">\n\t\t\t\t<div class=\"elementor-widget-container\">\n\t\t\t\t\t\t\t\t\t<h5>Der Besuch des Papstes dauert nur einen Tag.<br \/>Die Betreuung der Pilger hingegen nimmt kein Ende.<\/h5><p>Unsere Aufgabe ist es, jeden Pilger, jeden Kranken und jede Familie vor, w\u00e4hrend und nach dem Besuch des Heiligen Vaters weiterhin mit derselben Sorgfalt zu betreuen. Die meisten der anl\u00e4sslich dieses Besuchs installierten Einrichtungen werden auch lange nach der Abreise des Papstes noch genutzt werden. Die Verbesserungen hinsichtlich der Wegef\u00fchrung, des Empfangs, der Barrierefreiheit und der Infrastruktur werden den Millionen von Pilgern, die jedes Jahr nach Lourdes kommen, noch viele Jahre lang zugutekommen.<\/p>\t\t\t\t\t\t\t\t<\/div>\n\t\t\t\t<\/div>\n\t\t\t\t\t<\/div>\n\t\t<\/div>\n\t\t\t\t\t<\/div>\n\t\t<\/section>\n\t\t\t\t<section class=\"elementor-section elementor-top-section elementor-element elementor-element-d2feb07 elementor-section-boxed elementor-section-height-default elementor-section-height-default\" data-id=\"d2feb07\" data-element_type=\"section\" data-e-type=\"section\">\n\t\t\t\t\t\t<div class=\"elementor-container elementor-column-gap-default\">\n\t\t\t\t\t<div class=\"elementor-column elementor-col-100 elementor-top-column elementor-element elementor-element-aed1464\" data-id=\"aed1464\" data-element_type=\"column\" data-e-type=\"column\">\n\t\t\t<div class=\"elementor-widget-wrap elementor-element-populated\">\n\t\t\t\t\t\t<div class=\"elementor-element elementor-element-1e5f957 elementor-widget elementor-widget-heading\" data-id=\"1e5f957\" data-element_type=\"widget\" data-e-type=\"widget\" data-widget_type=\"heading.default\">\n\t\t\t\t<div class=\"elementor-widget-container\">\n\t\t\t\t\t<h2 class=\"elementor-heading-title elementor-size-default\">Ihre Spende unterst\u00fctzt nicht nur einen historischen Tag.<\/h2>\t\t\t\t<\/div>\n\t\t\t\t<\/div>\n\t\t\t\t<div class=\"elementor-element elementor-element-c45bc50 elementor-widget elementor-widget-heading\" data-id=\"c45bc50\" data-element_type=\"widget\" data-e-type=\"widget\" data-widget_type=\"heading.default\">\n\t\t\t\t<div class=\"elementor-widget-container\">\n\t\t\t\t\t<h2 class=\"elementor-heading-title elementor-size-default\">Sie hilft dem Heiligtum, seinen Auftrag nachhaltig fortzuf\u00fchren.<\/h2>\t\t\t\t<\/div>\n\t\t\t\t<\/div>\n\t\t\t\t<div class=\"elementor-element elementor-element-5d0fe53 elementor-align-center elementor-widget elementor-widget-button\" data-id=\"5d0fe53\" data-element_type=\"widget\" data-e-type=\"widget\" data-widget_type=\"button.default\">\n\t\t\t\t<div class=\"elementor-widget-container\">\n\t\t\t\t\t\t\t\t\t<div class=\"elementor-button-wrapper\">\n\t\t\t\t\t<a class=\"elementor-button elementor-button-link elementor-size-sm\" href=\"https:\/\/pape.lourdes-france.org\/de\/?utm_source=web&#038;utm_medium=com&#038;utm_campaign=pape2026\">\n\t\t\t\t\t\t<span class=\"elementor-button-content-wrapper\">\n\t\t\t\t\t\t<span class=\"elementor-button-icon\">\n\t\t\t\t<i aria-hidden=\"true\" class=\"fas fa-heart\"><\/i>\t\t\t<\/span>\n\t\t\t\t\t\t\t\t\t<span class=\"elementor-button-text\">Ich unterst\u00fctze Lourdes<\/span>\n\t\t\t\t\t<\/span>\n\t\t\t\t\t<\/a>\n\t\t\t\t<\/div>\n\t\t\t\t\t\t\t\t<\/div>\n\t\t\t\t<\/div>\n\t\t\t\t\t<\/div>\n\t\t<\/div>\n\t\t\t\t\t<\/div>\n\t\t<\/section>\n\t\t\t\t<section class=\"elementor-section elementor-top-section elementor-element elementor-element-95fccf8 elementor-section-boxed elementor-section-height-default elementor-section-height-default\" data-id=\"95fccf8\" data-element_type=\"section\" data-e-type=\"section\">\n\t\t\t\t\t\t<div class=\"elementor-container elementor-column-gap-default\">\n\t\t\t\t\t<div class=\"elementor-column elementor-col-100 elementor-top-column elementor-element elementor-element-3df88ac\" data-id=\"3df88ac\" data-element_type=\"column\" data-e-type=\"column\">\n\t\t\t<div class=\"elementor-widget-wrap elementor-element-populated\">\n\t\t\t\t\t\t<div class=\"elementor-element elementor-element-5e0eba3 elementor-widget elementor-widget-image\" data-id=\"5e0eba3\" data-element_type=\"widget\" data-e-type=\"widget\" data-widget_type=\"image.default\">\n\t\t\t\t<div class=\"elementor-widget-container\">\n\t\t\t\t\t\t\t\t\t\t\t\t\t\t\t\t<a href=\"https:\/\/www.pape-france.fr\/\">\n\t\t\t\t\t\t\t<img decoding=\"async\" width=\"1607\" height=\"629\" src=\"https:\/\/www.lourdes-france.com\/wp-content\/uploads\/2026\/07\/Pape-France-1.jpg\" class=\"attachment-full size-full wp-image-877136\" alt=\"\" srcset=\"https:\/\/www.lourdes-france.com\/wp-content\/uploads\/2026\/07\/Pape-France-1.jpg 1607w, https:\/\/www.lourdes-france.com\/wp-content\/uploads\/2026\/07\/Pape-France-1-300x117.jpg 300w, https:\/\/www.lourdes-france.com\/wp-content\/uploads\/2026\/07\/Pape-France-1-1024x401.jpg 1024w, https:\/\/www.lourdes-france.com\/wp-content\/uploads\/2026\/07\/Pape-France-1-768x301.jpg 768w, https:\/\/www.lourdes-france.com\/wp-content\/uploads\/2026\/07\/Pape-France-1-1536x601.jpg 1536w\" sizes=\"(max-width: 1607px) 100vw, 1607px\" \/>\t\t\t\t\t\t\t\t<\/a>\n\t\t\t\t\t\t\t\t\t\t\t\t\t\t\t<\/div>\n\t\t\t\t<\/div>\n\t\t\t\t<div class=\"elementor-element elementor-element-fdaa7ca elementor-align-center elementor-widget elementor-widget-button\" data-id=\"fdaa7ca\" data-element_type=\"widget\" data-e-type=\"widget\" data-widget_type=\"button.default\">\n\t\t\t\t<div class=\"elementor-widget-container\">\n\t\t\t\t\t\t\t\t\t<div class=\"elementor-button-wrapper\">\n\t\t\t\t\t<a class=\"elementor-button elementor-button-link elementor-size-sm\" href=\"https:\/\/donner.catholique.fr\/pape-france\/~mon-don?ns_ira_cr_arg=IyMjIyMjIyMjIyMjIyMjIyMjIyMjIyMjIyMjIyMjIyO0ULjC2GF-3A1yCxHge78BNjnwCWobGD3aa4cNFw3J3BHKH3gKLGbyBQA94lUHaT3J6QYSn5PwCPOo8uA19Hh6pcN8pzX1Xhxz6hAcDwoS7EYSJC9JwQyz0FnLBuNEfFkMCdd8JmVimfybY7f2dFaZT9tMC0u8n3ZDgSheHYa7uT5wrF9pIaUORrY1pDB1KAksnRINq-DkmdiWfu7w_n4Aq8uAUnUhx8Hcs59M7jaALIn1f76eq94TJ6fzrz5ytp0&#038;utm_source=pape-france.fr&#038;utm_medium=referral&#038;utm_campaign=pape-france.fr&#038;utm_content=panel&#038;_cv=1\">\n\t\t\t\t\t\t<span class=\"elementor-button-content-wrapper\">\n\t\t\t\t\t\t<span class=\"elementor-button-icon\">\n\t\t\t\t<i aria-hidden=\"true\" class=\"fas fa-heart\"><\/i>\t\t\t<\/span>\n\t\t\t\t\t\t\t\t\t<span class=\"elementor-button-text\">Ich unterst\u00fctze die Kirche Frankreichs <\/span>\n\t\t\t\t\t<\/span>\n\t\t\t\t\t<\/a>\n\t\t\t\t<\/div>\n\t\t\t\t\t\t\t\t<\/div>\n\t\t\t\t<\/div>\n\t\t\t\t\t<\/div>\n\t\t<\/div>\n\t\t\t\t\t<\/div>\n\t\t<\/section>\n\t\t\t\t<section class=\"elementor-section elementor-top-section elementor-element elementor-element-a1adb6c elementor-section-boxed elementor-section-height-default elementor-section-height-default\" data-id=\"a1adb6c\" data-element_type=\"section\" data-e-type=\"section\">\n\t\t\t\t\t\t<div class=\"elementor-container elementor-column-gap-default\">\n\t\t\t\t\t<div class=\"elementor-column elementor-col-100 elementor-top-column elementor-element elementor-element-f3a7b8b\" data-id=\"f3a7b8b\" data-element_type=\"column\" data-e-type=\"column\">\n\t\t\t<div class=\"elementor-widget-wrap elementor-element-populated\">\n\t\t\t\t\t\t<div class=\"elementor-element elementor-element-fce0951 elementor-widget elementor-widget-heading\" data-id=\"fce0951\" data-element_type=\"widget\" data-e-type=\"widget\" data-widget_type=\"heading.default\">\n\t\t\t\t<div class=\"elementor-widget-container\">\n\t\t\t\t\t<h4 class=\"elementor-heading-title elementor-size-default\">Lassen Sie uns gemeinsam den Papst willkommen hei\u00dfen.<\/BR>\nLassen Sie uns gemeinsam weiterhin jeden Pilger willkommen hei\u00dfen.<\/h4>\t\t\t\t<\/div>\n\t\t\t\t<\/div>\n\t\t\t\t\t<\/div>\n\t\t<\/div>\n\t\t\t\t\t<\/div>\n\t\t<\/section>\n\t\t\t\t<\/div>\n\t\t","protected":false},"excerpt":{"rendered":"<p>Der Papst in Lourdes Papst Leo XIV zu Besuch in Lourdes am 26-27. September 2026 Die Wallfahrtsst\u00e4tte Unserer Lieben Frau von Lourdes wird die Freude und ehrenvolle Aufgabe haben, Seine Heiligkeit Papst Leo XIV. 26-27. September 2026, zu empfangen. Im &hellip; <a href=\"https:\/\/www.lourdes-france.com\/de\/pape-a-lourdes\/\">Weiter<\/a><\/p>\n","protected":false},"author":9,"featured_media":0,"parent":0,"menu_order":0,"comment_status":"closed","ping_status":"closed","template":"","meta":{"_acf_changed":false,"footnotes":""},"class_list":["post-876269","page","type-page","status-publish","hentry"],"acf":[],"yoast_head":"<!-- This site is optimized with the Yoast SEO Premium plugin v24.0 (Yoast SEO v27.8) - https:\/\/yoast.com\/product\/yoast-seo-premium-wordpress\/ -->\n<title>Der Papst in Lourdes<\/title>\n<meta name=\"description\" content=\"Le Sanctuaire Notre-Dame de Lourdes aura la joie et l\u2019honneur d\u2019accueillir Sa Saintet\u00e9 le Pape L\u00e9on XIV le dimanche 27 septembre 2026.\" \/>\n<meta name=\"robots\" content=\"index, follow, max-snippet:-1, max-image-preview:large, max-video-preview:-1\" \/>\n<link rel=\"canonical\" href=\"https:\/\/www.lourdes-france.com\/de\/pape-a-lourdes\/\" \/>\n<meta property=\"og:locale\" content=\"de_DE\" \/>\n<meta property=\"og:type\" content=\"article\" \/>\n<meta property=\"og:title\" content=\"Der Papst in Lourdes\" \/>\n<meta property=\"og:description\" content=\"Le Sanctuaire Notre-Dame de Lourdes aura la joie et l\u2019honneur d\u2019accueillir Sa Saintet\u00e9 le Pape L\u00e9on XIV le dimanche 27 septembre 2026.\" \/>\n<meta property=\"og:url\" content=\"https:\/\/www.lourdes-france.com\/de\/pape-a-lourdes\/\" \/>\n<meta property=\"og:site_name\" content=\"Vivre le p\u00e8lerinage de Lourdes\" \/>\n<meta property=\"article:modified_time\" content=\"2026-08-27T13:28:41+00:00\" \/>\n<meta property=\"og:image\" content=\"https:\/\/www.lourdes-france.com\/wp-content\/uploads\/2024\/03\/visuel-annonce_DE_Web-1.jpg\" \/>\n\t<meta property=\"og:image:width\" content=\"1080\" \/>\n\t<meta property=\"og:image:height\" content=\"640\" \/>\n\t<meta property=\"og:image:type\" content=\"image\/jpeg\" \/>\n<meta name=\"twitter:card\" content=\"summary_large_image\" \/>\n<meta name=\"twitter:label1\" content=\"Gesch\u00e4tzte Lesezeit\" \/>\n\t<meta name=\"twitter:data1\" content=\"4\u00a0Minuten\" \/>\n<script type=\"application\/ld+json\" class=\"yoast-schema-graph\">{\"@context\":\"https:\\\/\\\/schema.org\",\"@graph\":[{\"@type\":\"WebPage\",\"@id\":\"https:\\\/\\\/www.lourdes-france.com\\\/de\\\/pape-a-lourdes\\\/\",\"url\":\"https:\\\/\\\/www.lourdes-france.com\\\/de\\\/pape-a-lourdes\\\/\",\"name\":\"Der Papst in Lourdes\",\"isPartOf\":{\"@id\":\"https:\\\/\\\/www.lourdes-france.com\\\/de\\\/#website\"},\"primaryImageOfPage\":{\"@id\":\"https:\\\/\\\/www.lourdes-france.com\\\/de\\\/pape-a-lourdes\\\/#primaryimage\"},\"image\":{\"@id\":\"https:\\\/\\\/www.lourdes-france.com\\\/de\\\/pape-a-lourdes\\\/#primaryimage\"},\"thumbnailUrl\":\"https:\\\/\\\/www.lourdes-france.com\\\/wp-content\\\/uploads\\\/2024\\\/03\\\/visuel-annonce_DE_Web-1-1024x607.jpg\",\"datePublished\":\"2026-06-09T13:00:58+00:00\",\"dateModified\":\"2026-08-27T13:28:41+00:00\",\"description\":\"Le Sanctuaire Notre-Dame de Lourdes aura la joie et l\u2019honneur d\u2019accueillir Sa Saintet\u00e9 le Pape L\u00e9on XIV le dimanche 27 septembre 2026.\",\"breadcrumb\":{\"@id\":\"https:\\\/\\\/www.lourdes-france.com\\\/de\\\/pape-a-lourdes\\\/#breadcrumb\"},\"inLanguage\":\"de\",\"potentialAction\":[{\"@type\":\"ReadAction\",\"target\":[\"https:\\\/\\\/www.lourdes-france.com\\\/de\\\/pape-a-lourdes\\\/\"]}]},{\"@type\":\"ImageObject\",\"inLanguage\":\"de\",\"@id\":\"https:\\\/\\\/www.lourdes-france.com\\\/de\\\/pape-a-lourdes\\\/#primaryimage\",\"url\":\"https:\\\/\\\/www.lourdes-france.com\\\/wp-content\\\/uploads\\\/2024\\\/03\\\/visuel-annonce_DE_Web-1-1024x607.jpg\",\"contentUrl\":\"https:\\\/\\\/www.lourdes-france.com\\\/wp-content\\\/uploads\\\/2024\\\/03\\\/visuel-annonce_DE_Web-1-1024x607.jpg\"},{\"@type\":\"BreadcrumbList\",\"@id\":\"https:\\\/\\\/www.lourdes-france.com\\\/de\\\/pape-a-lourdes\\\/#breadcrumb\",\"itemListElement\":[{\"@type\":\"ListItem\",\"position\":1,\"name\":\"Accueil\",\"item\":\"https:\\\/\\\/www.lourdes-france.com\\\/de\\\/\"},{\"@type\":\"ListItem\",\"position\":2,\"name\":\"Der Papst in Lourdes\"}]},{\"@type\":\"WebSite\",\"@id\":\"https:\\\/\\\/www.lourdes-france.com\\\/de\\\/#website\",\"url\":\"https:\\\/\\\/www.lourdes-france.com\\\/de\\\/\",\"name\":\"Sanctuaire Notre-Dame de Lourdes\",\"description\":\"\",\"publisher\":{\"@id\":\"https:\\\/\\\/www.lourdes-france.com\\\/de\\\/#organization\"},\"potentialAction\":[{\"@type\":\"SearchAction\",\"target\":{\"@type\":\"EntryPoint\",\"urlTemplate\":\"https:\\\/\\\/www.lourdes-france.com\\\/de\\\/?s={search_term_string}\"},\"query-input\":{\"@type\":\"PropertyValueSpecification\",\"valueRequired\":true,\"valueName\":\"search_term_string\"}}],\"inLanguage\":\"de\"},{\"@type\":\"Organization\",\"@id\":\"https:\\\/\\\/www.lourdes-france.com\\\/de\\\/#organization\",\"name\":\"Sanctuaire Notre-Dame de Lourdes\",\"url\":\"https:\\\/\\\/www.lourdes-france.com\\\/de\\\/\",\"logo\":{\"@type\":\"ImageObject\",\"inLanguage\":\"de\",\"@id\":\"https:\\\/\\\/www.lourdes-france.com\\\/de\\\/#\\\/schema\\\/logo\\\/image\\\/\",\"url\":\"https:\\\/\\\/www.lourdes-france.com\\\/wp-content\\\/uploads\\\/2021\\\/11\\\/logo-small.png\",\"contentUrl\":\"https:\\\/\\\/www.lourdes-france.com\\\/wp-content\\\/uploads\\\/2021\\\/11\\\/logo-small.png\",\"width\":834,\"height\":521,\"caption\":\"Sanctuaire Notre-Dame de Lourdes\"},\"image\":{\"@id\":\"https:\\\/\\\/www.lourdes-france.com\\\/de\\\/#\\\/schema\\\/logo\\\/image\\\/\"}}]}<\/script>\n<!-- \/ Yoast SEO Premium plugin. -->","yoast_head_json":{"title":"Der Papst in Lourdes","description":"Le Sanctuaire Notre-Dame de Lourdes aura la joie et l\u2019honneur d\u2019accueillir Sa Saintet\u00e9 le Pape L\u00e9on XIV le dimanche 27 septembre 2026.","robots":{"index":"index","follow":"follow","max-snippet":"max-snippet:-1","max-image-preview":"max-image-preview:large","max-video-preview":"max-video-preview:-1"},"canonical":"https:\/\/www.lourdes-france.com\/de\/pape-a-lourdes\/","og_locale":"de_DE","og_type":"article","og_title":"Der Papst in Lourdes","og_description":"Le Sanctuaire Notre-Dame de Lourdes aura la joie et l\u2019honneur d\u2019accueillir Sa Saintet\u00e9 le Pape L\u00e9on XIV le dimanche 27 septembre 2026.","og_url":"https:\/\/www.lourdes-france.com\/de\/pape-a-lourdes\/","og_site_name":"Vivre le p\u00e8lerinage de Lourdes","article_modified_time":"2026-08-27T13:28:41+00:00","og_image":[{"width":1080,"height":640,"url":"https:\/\/www.lourdes-france.com\/wp-content\/uploads\/2024\/03\/visuel-annonce_DE_Web-1.jpg","type":"image\/jpeg"}],"twitter_card":"summary_large_image","twitter_misc":{"Gesch\u00e4tzte Lesezeit":"4\u00a0Minuten"},"schema":{"@context":"https:\/\/schema.org","@graph":[{"@type":"WebPage","@id":"https:\/\/www.lourdes-france.com\/de\/pape-a-lourdes\/","url":"https:\/\/www.lourdes-france.com\/de\/pape-a-lourdes\/","name":"Der Papst in Lourdes","isPartOf":{"@id":"https:\/\/www.lourdes-france.com\/de\/#website"},"primaryImageOfPage":{"@id":"https:\/\/www.lourdes-france.com\/de\/pape-a-lourdes\/#primaryimage"},"image":{"@id":"https:\/\/www.lourdes-france.com\/de\/pape-a-lourdes\/#primaryimage"},"thumbnailUrl":"https:\/\/www.lourdes-france.com\/wp-content\/uploads\/2024\/03\/visuel-annonce_DE_Web-1-1024x607.jpg","datePublished":"2026-06-09T13:00:58+00:00","dateModified":"2026-08-27T13:28:41+00:00","description":"Le Sanctuaire Notre-Dame de Lourdes aura la joie et l\u2019honneur d\u2019accueillir Sa Saintet\u00e9 le Pape L\u00e9on XIV le dimanche 27 septembre 2026.","breadcrumb":{"@id":"https:\/\/www.lourdes-france.com\/de\/pape-a-lourdes\/#breadcrumb"},"inLanguage":"de","potentialAction":[{"@type":"ReadAction","target":["https:\/\/www.lourdes-france.com\/de\/pape-a-lourdes\/"]}]},{"@type":"ImageObject","inLanguage":"de","@id":"https:\/\/www.lourdes-france.com\/de\/pape-a-lourdes\/#primaryimage","url":"https:\/\/www.lourdes-france.com\/wp-content\/uploads\/2024\/03\/visuel-annonce_DE_Web-1-1024x607.jpg","contentUrl":"https:\/\/www.lourdes-france.com\/wp-content\/uploads\/2024\/03\/visuel-annonce_DE_Web-1-1024x607.jpg"},{"@type":"BreadcrumbList","@id":"https:\/\/www.lourdes-france.com\/de\/pape-a-lourdes\/#breadcrumb","itemListElement":[{"@type":"ListItem","position":1,"name":"Accueil","item":"https:\/\/www.lourdes-france.com\/de\/"},{"@type":"ListItem","position":2,"name":"Der Papst in Lourdes"}]},{"@type":"WebSite","@id":"https:\/\/www.lourdes-france.com\/de\/#website","url":"https:\/\/www.lourdes-france.com\/de\/","name":"Sanctuaire Notre-Dame de Lourdes","description":"","publisher":{"@id":"https:\/\/www.lourdes-france.com\/de\/#organization"},"potentialAction":[{"@type":"SearchAction","target":{"@type":"EntryPoint","urlTemplate":"https:\/\/www.lourdes-france.com\/de\/?s={search_term_string}"},"query-input":{"@type":"PropertyValueSpecification","valueRequired":true,"valueName":"search_term_string"}}],"inLanguage":"de"},{"@type":"Organization","@id":"https:\/\/www.lourdes-france.com\/de\/#organization","name":"Sanctuaire Notre-Dame de Lourdes","url":"https:\/\/www.lourdes-france.com\/de\/","logo":{"@type":"ImageObject","inLanguage":"de","@id":"https:\/\/www.lourdes-france.com\/de\/#\/schema\/logo\/image\/","url":"https:\/\/www.lourdes-france.com\/wp-content\/uploads\/2021\/11\/logo-small.png","contentUrl":"https:\/\/www.lourdes-france.com\/wp-content\/uploads\/2021\/11\/logo-small.png","width":834,"height":521,"caption":"Sanctuaire Notre-Dame de Lourdes"},"image":{"@id":"https:\/\/www.lourdes-france.com\/de\/#\/schema\/logo\/image\/"}}]}},"_links":{"self":[{"href":"https:\/\/www.lourdes-france.com\/de\/wp-json\/wp\/v2\/pages\/876269","targetHints":{"allow":["GET"]}}],"collection":[{"href":"https:\/\/www.lourdes-france.com\/de\/wp-json\/wp\/v2\/pages"}],"about":[{"href":"https:\/\/www.lourdes-france.com\/de\/wp-json\/wp\/v2\/types\/page"}],"author":[{"embeddable":true,"href":"https:\/\/www.lourdes-france.com\/de\/wp-json\/wp\/v2\/users\/9"}],"replies":[{"embeddable":true,"href":"https:\/\/www.lourdes-france.com\/de\/wp-json\/wp\/v2\/comments?post=876269"}],"version-history":[{"count":10,"href":"https:\/\/www.lourdes-france.com\/de\/wp-json\/wp\/v2\/pages\/876269\/revisions"}],"predecessor-version":[{"id":878281,"href":"https:\/\/www.lourdes-france.com\/de\/wp-json\/wp\/v2\/pages\/876269\/revisions\/878281"}],"wp:attachment":[{"href":"https:\/\/www.lourdes-france.com\/de\/wp-json\/wp\/v2\/media?parent=876269"}],"curies":[{"name":"wp","href":"https:\/\/api.w.org\/{rel}","templated":true}]}}