{"id":840871,"date":"2024-12-09T16:16:10","date_gmt":"2024-12-09T15:16:10","guid":{"rendered":"https:\/\/www.lourdes-france.com\/jubile2025-a-lourdes\/"},"modified":"2025-04-10T10:57:12","modified_gmt":"2025-04-10T08:57:12","slug":"jubilaeum-2025-in-lourdes","status":"publish","type":"page","link":"https:\/\/www.lourdes-france.com\/de\/jubilaeum-2025-in-lourdes\/","title":{"rendered":"Jubil\u00e4um 2025 in Lourdes"},"content":{"rendered":"\t\t<div data-elementor-type=\"wp-page\" data-elementor-id=\"840871\" class=\"elementor elementor-840871 elementor-840222\" data-elementor-post-type=\"page\">\n\t\t\t\t\t\t<section class=\"elementor-section elementor-top-section elementor-element elementor-element-2813f1c elementor-section-full_width elementor-section-stretched elementor-section-height-default elementor-section-height-default\" data-id=\"2813f1c\" data-element_type=\"section\" data-settings=\"{&quot;stretch_section&quot;:&quot;section-stretched&quot;,&quot;background_background&quot;:&quot;classic&quot;}\">\n\t\t\t\t\t\t\t<div class=\"elementor-background-overlay\"><\/div>\n\t\t\t\t\t\t\t<div class=\"elementor-container elementor-column-gap-default\">\n\t\t\t\t\t<div class=\"elementor-column elementor-col-100 elementor-top-column elementor-element elementor-element-e351cb5\" data-id=\"e351cb5\" data-element_type=\"column\">\n\t\t\t<div class=\"elementor-widget-wrap elementor-element-populated\">\n\t\t\t\t\t\t<div class=\"elementor-element elementor-element-5815d49 elementor-widget elementor-widget-heading\" data-id=\"5815d49\" data-element_type=\"widget\" data-widget_type=\"heading.default\">\n\t\t\t\t<div class=\"elementor-widget-container\">\n\t\t\t\t\t<h2 class=\"elementor-heading-title elementor-size-default\">Das Heilige Jahr\n2025 \nin Lourdes<\/h2>\t\t\t\t<\/div>\n\t\t\t\t<\/div>\n\t\t\t\t\t<\/div>\n\t\t<\/div>\n\t\t\t\t\t<\/div>\n\t\t<\/section>\n\t\t\t\t<section class=\"elementor-section elementor-top-section elementor-element elementor-element-9dc5932 elementor-section-boxed elementor-section-height-default elementor-section-height-default\" data-id=\"9dc5932\" data-element_type=\"section\">\n\t\t\t\t\t\t<div class=\"elementor-container elementor-column-gap-default\">\n\t\t\t\t\t<div class=\"elementor-column elementor-col-100 elementor-top-column elementor-element elementor-element-3f25079\" data-id=\"3f25079\" data-element_type=\"column\">\n\t\t\t<div class=\"elementor-widget-wrap elementor-element-populated\">\n\t\t\t\t\t\t<div class=\"elementor-element elementor-element-3209396 elementor-widget elementor-widget-heading\" data-id=\"3209396\" data-element_type=\"widget\" data-widget_type=\"heading.default\">\n\t\t\t\t<div class=\"elementor-widget-container\">\n\t\t\t\t\t<h3 class=\"elementor-heading-title elementor-size-default\">Alle Wege f\u00fchren zur Hoffnung...<\/h3>\t\t\t\t<\/div>\n\t\t\t\t<\/div>\n\t\t\t\t<div class=\"elementor-element elementor-element-a670972 elementor-widget elementor-widget-text-editor\" data-id=\"a670972\" data-element_type=\"widget\" data-widget_type=\"text-editor.default\">\n\t\t\t\t<div class=\"elementor-widget-container\">\n\t\t\t\t\t\t\t\t\t<p>Pilger aus aller Welt werden in Rom zusammenkommen, um durch die Heilige Pforte zu gehen, doch es wird auch m\u00f6glich sein, die Gnade des Heiligen Jahres im Heiligtum Unserer Lieben Frau von Lourdes zu erfahren. Das Jubil\u00e4umsjahr wurde in Lourdes mit der Feier der Heiligen Messe am 31. Dezember um 23 Uhr in der Grotte offiziell er\u00f6ffnet.<\/p>\t\t\t\t\t\t\t\t<\/div>\n\t\t\t\t<\/div>\n\t\t\t\t<div class=\"elementor-element elementor-element-11c444f elementor-widget elementor-widget-video\" data-id=\"11c444f\" data-element_type=\"widget\" data-settings=\"{&quot;youtube_url&quot;:&quot;https:\\\/\\\/youtu.be\\\/lJa3yR94vWo&quot;,&quot;video_type&quot;:&quot;youtube&quot;,&quot;controls&quot;:&quot;yes&quot;}\" data-widget_type=\"video.default\">\n\t\t\t\t<div class=\"elementor-widget-container\">\n\t\t\t\t\t\t\t<div class=\"elementor-wrapper elementor-open-inline\">\n\t\t\t<div class=\"elementor-video\"><\/div>\t\t<\/div>\n\t\t\t\t\t\t<\/div>\n\t\t\t\t<\/div>\n\t\t\t\t<section class=\"elementor-section elementor-inner-section elementor-element elementor-element-a7fccaa elementor-section-boxed elementor-section-height-default elementor-section-height-default\" data-id=\"a7fccaa\" data-element_type=\"section\">\n\t\t\t\t\t\t<div class=\"elementor-container elementor-column-gap-default\">\n\t\t\t\t\t<div class=\"elementor-column elementor-col-50 elementor-inner-column elementor-element elementor-element-a0a969c\" data-id=\"a0a969c\" data-element_type=\"column\">\n\t\t\t<div class=\"elementor-widget-wrap elementor-element-populated\">\n\t\t\t\t\t\t<div class=\"elementor-element elementor-element-1ba4efb elementor-widget elementor-widget-heading\" data-id=\"1ba4efb\" data-element_type=\"widget\" data-widget_type=\"heading.default\">\n\t\t\t\t<div class=\"elementor-widget-container\">\n\t\t\t\t\t<h3 class=\"elementor-heading-title elementor-size-default\">Lourdes, Ort des Jubil\u00e4ums<\/h3>\t\t\t\t<\/div>\n\t\t\t\t<\/div>\n\t\t\t\t<div class=\"elementor-element elementor-element-0b4a240 elementor-widget elementor-widget-text-editor\" data-id=\"0b4a240\" data-element_type=\"widget\" data-widget_type=\"text-editor.default\">\n\t\t\t\t<div class=\"elementor-widget-container\">\n\t\t\t\t\t\t\t\t\t<p><span style=\"font-family: Liberation Serif, serif;\"><span style=\"font-size: medium;\">Bischof Jean-Marc Micas, der Bischof von Tarbes und Lourdes, hat per\u00a0<span style=\"text-decoration: underline;\"><strong>Dekret\u00a0<\/strong><\/span>vom 21. November 2024 festgelegt, dass das Heiligtum Unserer Lieben Frau von Lourdes als Ort bestimmt wird, an dem die Gl\u00e4ubigen w\u00e4hrend des Jubil\u00e4umsjahres die Gnade des vollkommenen Ablasses empfangen k\u00f6nnen.<\/span><\/span><\/p>\t\t\t\t\t\t\t\t<\/div>\n\t\t\t\t<\/div>\n\t\t\t\t<div class=\"elementor-element elementor-element-7f5e430 elementor-align-center elementor-widget elementor-widget-button\" data-id=\"7f5e430\" data-element_type=\"widget\" data-widget_type=\"button.default\">\n\t\t\t\t<div class=\"elementor-widget-container\">\n\t\t\t\t\t\t\t\t\t<div class=\"elementor-button-wrapper\">\n\t\t\t\t\t<a class=\"elementor-button elementor-button-link elementor-size-sm\" href=\"https:\/\/www.lourdes-france.com\/wp-content\/uploads\/2024\/12\/Decret-Pelerins-de-lesperance_DE.pdf\" target=\"_blank\">\n\t\t\t\t\t\t<span class=\"elementor-button-content-wrapper\">\n\t\t\t\t\t\t\t\t\t<span class=\"elementor-button-text\">Lesen Sie das Dekret von Bischof Jean-Marc Micas.<\/span>\n\t\t\t\t\t<\/span>\n\t\t\t\t\t<\/a>\n\t\t\t\t<\/div>\n\t\t\t\t\t\t\t\t<\/div>\n\t\t\t\t<\/div>\n\t\t\t\t<div class=\"elementor-element elementor-element-6e7559b elementor-widget elementor-widget-text-editor\" data-id=\"6e7559b\" data-element_type=\"widget\" data-widget_type=\"text-editor.default\">\n\t\t\t\t<div class=\"elementor-widget-container\">\n\t\t\t\t\t\t\t\t\t<p align=\"justify\">Die Sendung und das Zeugnis des Evangeliums beruhen immer weniger auf Taten, obwohl diese wesentlich sind, als vielmehr auf der sichtbaren Einheit, dem gegenseitigen Respekt und der br\u00fcderlichen Verbundenheit.<br \/>F\u00fcr diejenigen, die nicht nach Rom reisen k\u00f6nnen,\u00a0<strong>l\u00e4dt das Heiligtum in Lourdes zu einer Wallfahrt unter dem Geleit von Maria, der Mutter der Hoffnung,<\/strong>\u00a0und Maria, Mutter der Kirche, ein.\u00a0Diese Zeit wird eine gute Gelegenheit sein, f\u00fcr die Kirche, die Welt, den Frieden und alle Besucher und Pilger des Heiligtums zu beten, damit alle in der Hoffnung, im Glauben und in der Liebe verbunden seien.<\/p>\t\t\t\t\t\t\t\t<\/div>\n\t\t\t\t<\/div>\n\t\t\t\t<div class=\"elementor-element elementor-element-533655b elementor-align-center elementor-widget elementor-widget-button\" data-id=\"533655b\" data-element_type=\"widget\" data-widget_type=\"button.default\">\n\t\t\t\t<div class=\"elementor-widget-container\">\n\t\t\t\t\t\t\t\t\t<div class=\"elementor-button-wrapper\">\n\t\t\t\t\t<a class=\"elementor-button elementor-button-link elementor-size-sm\" href=\"https:\/\/www.lourdes-france.com\/wp-content\/uploads\/2025\/03\/2025_MESSE-DU-THEME_DE-1.pdf\" target=\"_blank\">\n\t\t\t\t\t\t<span class=\"elementor-button-content-wrapper\">\n\t\t\t\t\t\t\t\t\t<span class=\"elementor-button-text\">Heilige Messe zum Jahresthema zum Herunterladen.<\/span>\n\t\t\t\t\t<\/span>\n\t\t\t\t\t<\/a>\n\t\t\t\t<\/div>\n\t\t\t\t\t\t\t\t<\/div>\n\t\t\t\t<\/div>\n\t\t\t\t<div class=\"elementor-element elementor-element-c35fe9f elementor-align-center elementor-widget elementor-widget-button\" data-id=\"c35fe9f\" data-element_type=\"widget\" data-widget_type=\"button.default\">\n\t\t\t\t<div class=\"elementor-widget-container\">\n\t\t\t\t\t\t\t\t\t<div class=\"elementor-button-wrapper\">\n\t\t\t\t\t<a class=\"elementor-button elementor-button-link elementor-size-sm\" href=\"https:\/\/www.lourdes-france.com\/wp-content\/uploads\/2025\/03\/logo-jubile-2025-blanc_de-2.png\" target=\"_blank\">\n\t\t\t\t\t\t<span class=\"elementor-button-content-wrapper\">\n\t\t\t\t\t\t\t\t\t<span class=\"elementor-button-text\">Logo des Jahresthemas zum Herunterladen<\/span>\n\t\t\t\t\t<\/span>\n\t\t\t\t\t<\/a>\n\t\t\t\t<\/div>\n\t\t\t\t\t\t\t\t<\/div>\n\t\t\t\t<\/div>\n\t\t\t\t<div class=\"elementor-element elementor-element-dc231e6 elementor-align-center elementor-widget elementor-widget-button\" data-id=\"dc231e6\" data-element_type=\"widget\" data-widget_type=\"button.default\">\n\t\t\t\t<div class=\"elementor-widget-container\">\n\t\t\t\t\t\t\t\t\t<div class=\"elementor-button-wrapper\">\n\t\t\t\t\t<a class=\"elementor-button elementor-button-link elementor-size-sm\" href=\"https:\/\/www.lourdes-france.com\/wp-content\/uploads\/2025\/03\/Theme_2025_DE.pdf\" target=\"_blank\">\n\t\t\t\t\t\t<span class=\"elementor-button-content-wrapper\">\n\t\t\t\t\t\t\t\t\t<span class=\"elementor-button-text\">Pastoral-Thema 2025 zum Herunterladen<\/span>\n\t\t\t\t\t<\/span>\n\t\t\t\t\t<\/a>\n\t\t\t\t<\/div>\n\t\t\t\t\t\t\t\t<\/div>\n\t\t\t\t<\/div>\n\t\t\t\t\t<\/div>\n\t\t<\/div>\n\t\t\t\t<div class=\"elementor-column elementor-col-50 elementor-inner-column elementor-element elementor-element-b25c204\" data-id=\"b25c204\" data-element_type=\"column\">\n\t\t\t<div class=\"elementor-widget-wrap elementor-element-populated\">\n\t\t\t\t\t\t<div class=\"elementor-element elementor-element-f63e738 elementor-widget elementor-widget-heading\" data-id=\"f63e738\" data-element_type=\"widget\" data-widget_type=\"heading.default\">\n\t\t\t\t<div class=\"elementor-widget-container\">\n\t\t\t\t\t<h3 class=\"elementor-heading-title elementor-size-default\">Den vollkommenen Ablass in Lourdes empfangen.<\/h3>\t\t\t\t<\/div>\n\t\t\t\t<\/div>\n\t\t\t\t<div class=\"elementor-element elementor-element-648ce07 elementor-widget elementor-widget-text-editor\" data-id=\"648ce07\" data-element_type=\"widget\" data-widget_type=\"text-editor.default\">\n\t\t\t\t<div class=\"elementor-widget-container\">\n\t\t\t\t\t\t\t\t\t<p align=\"justify\"><strong>Der Vatikan hat angek\u00fcndigt, dass\u00a0im Rahmen des Jubil\u00e4umsjahres 2025\u00a0ein vollkommener Ablass<\/strong> <strong>gew\u00e4hrt wird<\/strong>. Durch die Gew\u00e4hrung eines vollkommenen Ablasses bringt die katholische Kirche ihren Wunsch zum Ausdruck, dass die Gl\u00e4ubigen die Barmherzigkeit Gottes erfahren. Denn die Gew\u00e4hrung eines vollkommenen Ablasses bedeutet, den Erlass der S\u00fcndenfolgen zu verleihen.<\/p>\t\t\t\t\t\t\t\t<\/div>\n\t\t\t\t<\/div>\n\t\t\t\t<div class=\"elementor-element elementor-element-13621cc elementor-align-center elementor-widget elementor-widget-button\" data-id=\"13621cc\" data-element_type=\"widget\" data-widget_type=\"button.default\">\n\t\t\t\t<div class=\"elementor-widget-container\">\n\t\t\t\t\t\t\t\t\t<div class=\"elementor-button-wrapper\">\n\t\t\t\t\t<a class=\"elementor-button elementor-button-link elementor-size-sm\" href=\"https:\/\/www.lourdes-france.com\/wp-content\/uploads\/2024\/12\/Communication-indulgence_DE.pdf\" target=\"_blank\">\n\t\t\t\t\t\t<span class=\"elementor-button-content-wrapper\">\n\t\t\t\t\t\t\t\t\t<span class=\"elementor-button-text\">Den vollkommenen Ablass erhalten.<\/span>\n\t\t\t\t\t<\/span>\n\t\t\t\t\t<\/a>\n\t\t\t\t<\/div>\n\t\t\t\t\t\t\t\t<\/div>\n\t\t\t\t<\/div>\n\t\t\t\t<div class=\"elementor-element elementor-element-7c18df0 elementor-widget elementor-widget-text-editor\" data-id=\"7c18df0\" data-element_type=\"widget\" data-widget_type=\"text-editor.default\">\n\t\t\t\t<div class=\"elementor-widget-container\">\n\t\t\t\t\t\t\t\t\t<p><strong>Die Bedingungen, um die Gnade des vollkommenen Ablasses zu empfangen.<\/strong><br \/>Um den vollkommenen Ablass zu erhalten, muss man folgende Bedingungen erf\u00fcllen: das Werk verrichten, an das der Ablass gekn\u00fcpft ist, wie z. B. die Kathedrale oder das Heiligtum in Lourdes besuchen, und innerhalb der n\u00e4chsten sieben Tage die S\u00fcndenvergebung durch die Beichte sakramental zu empfangen, die<strong>\u00a0heilige Kommunion<\/strong>\u00a0zu empfangen <strong>und in den Anliegen des Papstes zu beten.<\/strong><\/p><p><strong>Die zu vollbringenden Werke<\/strong><br \/>Die Gl\u00e4ubigen k\u00f6nnen den Ablass erhalten, indem sie eines der folgenden Werke vollbringen: Durch die Teilnahme am <a href=\"https:\/\/www.lourdes-france.com\/de\/pilger-fur-einen-tag\/der-kreuzweg\/\" target=\"_blank\" rel=\"noopener\"><span style=\"text-decoration: underline;\"><strong>Kreuzweg<\/strong><\/span><\/a>, dem Beten des <span style=\"text-decoration: underline;\"><strong>Rosenkranzes<\/strong><\/span>, der Teilnahme an einer <strong>Marianischen <a href=\"https:\/\/www.lourdes-france.com\/de\/pilger-fur-einen-tag\/marianische-lichterprozession\/\" target=\"_blank\" rel=\"noopener\"><span style=\"text-decoration: underline;\">Lichterprozession<\/span><\/a><\/strong> oder der Vollendung des <span style=\"text-decoration: underline;\"><a href=\"https:\/\/www.lourdes-france.com\/de\/chemin-du-jubile\/\" target=\"_blank\" rel=\"noopener\"><strong>Jubil\u00e4umsweges<\/strong> <\/a><\/span>im Heiligtum Unserer Lieben Frau von Lourdes.<br \/>Da die g\u00f6ttliche Barmherzigkeit w\u00e4hrend des Jubil\u00e4umsjahres reichlich angeboten wird, werden sich die <a href=\"https:\/\/www.lourdes-france.com\/de\/die-geistlichen-der-wallfahrtsstatte\/\" target=\"_blank\" rel=\"noopener\"><span style=\"text-decoration: underline;\"><strong>Kapl\u00e4ne<\/strong> <\/span><\/a>gro\u00dfherzig zur Verf\u00fcgung stellen, um das\u00a0<strong>Sakrament der Bu\u00dfe<\/strong> zu spenden.<\/p><p><strong>Alle Wege in Lourdes <\/strong><strong>f\u00fchren zur Hoffnung:<\/strong><br \/>&#8211; Tragen Sie das Licht der Hoffnung in einer Prozession mit den kranken Br\u00fcdern und Schwestern.<br \/>&#8211; Besingen Sie die Hoffnung in allen Sprachen.<br \/>&#8211; Beten Sie mit Maria auf dem Weg der Hoffnung.<\/p>\t\t\t\t\t\t\t\t<\/div>\n\t\t\t\t<\/div>\n\t\t\t\t\t<\/div>\n\t\t<\/div>\n\t\t\t\t\t<\/div>\n\t\t<\/section>\n\t\t\t\t<div class=\"elementor-element elementor-element-c5cf25b elementor-widget elementor-widget-heading\" data-id=\"c5cf25b\" data-element_type=\"widget\" data-widget_type=\"heading.default\">\n\t\t\t\t<div class=\"elementor-widget-container\">\n\t\t\t\t\t<h4 class=\"elementor-heading-title elementor-size-default\">Der Jubil\u00e4umsweg, ein Lehr-Kurs durch das Heiligtum.<\/h4>\t\t\t\t<\/div>\n\t\t\t\t<\/div>\n\t\t\t\t<section class=\"elementor-section elementor-inner-section elementor-element elementor-element-6c47734 elementor-section-boxed elementor-section-height-default elementor-section-height-default\" data-id=\"6c47734\" data-element_type=\"section\">\n\t\t\t\t\t\t<div class=\"elementor-container elementor-column-gap-default\">\n\t\t\t\t\t<div class=\"elementor-column elementor-col-50 elementor-inner-column elementor-element elementor-element-4004587\" data-id=\"4004587\" data-element_type=\"column\">\n\t\t\t<div class=\"elementor-widget-wrap elementor-element-populated\">\n\t\t\t\t\t\t<div class=\"elementor-element elementor-element-82d78d7 elementor-widget elementor-widget-text-editor\" data-id=\"82d78d7\" data-element_type=\"widget\" data-widget_type=\"text-editor.default\">\n\t\t\t\t<div class=\"elementor-widget-container\">\n\t\t\t\t\t\t\t\t\t<p><strong><span style=\"color: #000000;\">Der Jubil\u00e4umsweg f\u00fcr EINZELPERSONEN in Lourdes:<\/span><\/strong><\/p><p><span style=\"color: #000000;\"><strong>Seit dem 11. Februar 2025 k\u00f6nnen Pilger<\/strong>, die in Lourdes anwesend sind, in Begleitung der Mitarbeiter des Heiligtums den Jubil\u00e4umsweg beschreiten. Dieser Weg wird bis zur Er\u00f6ffnung der Wallfahrtssaison jedes Wochenende angeboten, danach t\u00e4glich w\u00e4hrend der Saison und der Schulferien.<\/span><\/p><p><span style=\"color: #000000;\">Au\u00dferhalb der vorgeschlagenen Zeiten k\u00f6nnen Sie den Jubil\u00e4umsweg selbstst\u00e4ndig gehen. Sie k\u00f6nnen hierzu den Weg zur Meditation herunterladen und sich zuvor im Informationszentrum des Heiligtums einfinden, um dort n\u00e4here Informationen zu erfragen.<\/span><\/p><p><span style=\"color: #000000;\">Informationszentrum: +33(0)5 62 42 20 08<\/span><\/p>\t\t\t\t\t\t\t\t<\/div>\n\t\t\t\t<\/div>\n\t\t\t\t<div class=\"elementor-element elementor-element-99889c4 elementor-align-center elementor-widget elementor-widget-button\" data-id=\"99889c4\" data-element_type=\"widget\" data-widget_type=\"button.default\">\n\t\t\t\t<div class=\"elementor-widget-container\">\n\t\t\t\t\t\t\t\t\t<div class=\"elementor-button-wrapper\">\n\t\t\t\t\t<a class=\"elementor-button elementor-button-link elementor-size-sm\" href=\"https:\/\/www.lourdes-france.com\/wp-content\/uploads\/2025\/03\/2025_02_04_Guide-pour-faire-le-Chemin-du-Jubile-sans-etre-accompagne_DE.pdf\" target=\"_blank\">\n\t\t\t\t\t\t<span class=\"elementor-button-content-wrapper\">\n\t\t\t\t\t\t\t\t\t<span class=\"elementor-button-text\">Den Leitfaden f\u00fcr den Jubil\u00e4umsweg herunterladen<\/span>\n\t\t\t\t\t<\/span>\n\t\t\t\t\t<\/a>\n\t\t\t\t<\/div>\n\t\t\t\t\t\t\t\t<\/div>\n\t\t\t\t<\/div>\n\t\t\t\t\t<\/div>\n\t\t<\/div>\n\t\t\t\t<div class=\"elementor-column elementor-col-50 elementor-inner-column elementor-element elementor-element-c38d5fd\" data-id=\"c38d5fd\" data-element_type=\"column\">\n\t\t\t<div class=\"elementor-widget-wrap elementor-element-populated\">\n\t\t\t\t\t\t<div class=\"elementor-element elementor-element-c73322f elementor-widget elementor-widget-text-editor\" data-id=\"c73322f\" data-element_type=\"widget\" data-widget_type=\"text-editor.default\">\n\t\t\t\t<div class=\"elementor-widget-container\">\n\t\t\t\t\t\t\t\t\t<p><span style=\"color: #000000;\"><strong>Der Jubil\u00e4umsweg f\u00fcr GRUPPEN:<\/strong><\/span><\/p><p><br \/><span style=\"color: #000000;\">Die Begleitperson der Gruppe wird gebeten, den Leitfaden f\u00fcr den Jubil\u00e4umsweg, die Credentiale und das Logo herunterzuladen, um den Stempel empfangen zu k\u00f6nnen.<\/span><\/p>\t\t\t\t\t\t\t\t<\/div>\n\t\t\t\t<\/div>\n\t\t\t\t<div class=\"elementor-element elementor-element-8536384 elementor-align-center elementor-widget elementor-widget-button\" data-id=\"8536384\" data-element_type=\"widget\" data-widget_type=\"button.default\">\n\t\t\t\t<div class=\"elementor-widget-container\">\n\t\t\t\t\t\t\t\t\t<div class=\"elementor-button-wrapper\">\n\t\t\t\t\t<a class=\"elementor-button elementor-button-link elementor-size-sm\" href=\"https:\/\/www.lourdes-france.com\/wp-content\/uploads\/2025\/03\/2025_01_13_Chemin-Jubile_DE.pdf\" target=\"_blank\">\n\t\t\t\t\t\t<span class=\"elementor-button-content-wrapper\">\n\t\t\t\t\t\t\t\t\t<span class=\"elementor-button-text\">Download des Leitfadens Animator f\u00fcr die Gruppe<\/span>\n\t\t\t\t\t<\/span>\n\t\t\t\t\t<\/a>\n\t\t\t\t<\/div>\n\t\t\t\t\t\t\t\t<\/div>\n\t\t\t\t<\/div>\n\t\t\t\t<div class=\"elementor-element elementor-element-98aa800 elementor-align-center elementor-widget elementor-widget-button\" data-id=\"98aa800\" data-element_type=\"widget\" data-widget_type=\"button.default\">\n\t\t\t\t<div class=\"elementor-widget-container\">\n\t\t\t\t\t\t\t\t\t<div class=\"elementor-button-wrapper\">\n\t\t\t\t\t<a class=\"elementor-button elementor-button-link elementor-size-sm\" href=\"https:\/\/www.lourdes-france.com\/wp-content\/uploads\/2025\/03\/credential-DE.pdf\" target=\"_blank\">\n\t\t\t\t\t\t<span class=\"elementor-button-content-wrapper\">\n\t\t\t\t\t\t\t\t\t<span class=\"elementor-button-text\">Download der Credentale<\/span>\n\t\t\t\t\t<\/span>\n\t\t\t\t\t<\/a>\n\t\t\t\t<\/div>\n\t\t\t\t\t\t\t\t<\/div>\n\t\t\t\t<\/div>\n\t\t\t\t<div class=\"elementor-element elementor-element-3202053 elementor-align-center elementor-widget elementor-widget-button\" data-id=\"3202053\" data-element_type=\"widget\" data-widget_type=\"button.default\">\n\t\t\t\t<div class=\"elementor-widget-container\">\n\t\t\t\t\t\t\t\t\t<div class=\"elementor-button-wrapper\">\n\t\t\t\t\t<a class=\"elementor-button elementor-button-link elementor-size-sm\" href=\"https:\/\/www.lourdes-france.com\/wp-content\/uploads\/2025\/03\/logo-jubile-2025_de_noir.png\" target=\"_blank\">\n\t\t\t\t\t\t<span class=\"elementor-button-content-wrapper\">\n\t\t\t\t\t\t\t\t\t<span class=\"elementor-button-text\">Logo zum Erstellen des Stempels herunterladen<\/span>\n\t\t\t\t\t<\/span>\n\t\t\t\t\t<\/a>\n\t\t\t\t<\/div>\n\t\t\t\t\t\t\t\t<\/div>\n\t\t\t\t<\/div>\n\t\t\t\t<div class=\"elementor-element elementor-element-015213c elementor-widget elementor-widget-spacer\" data-id=\"015213c\" data-element_type=\"widget\" data-widget_type=\"spacer.default\">\n\t\t\t\t<div class=\"elementor-widget-container\">\n\t\t\t\t\t\t\t<div class=\"elementor-spacer\">\n\t\t\t<div class=\"elementor-spacer-inner\"><\/div>\n\t\t<\/div>\n\t\t\t\t\t\t<\/div>\n\t\t\t\t<\/div>\n\t\t\t\t<div class=\"elementor-element elementor-element-7253145 elementor-widget elementor-widget-text-editor\" data-id=\"7253145\" data-element_type=\"widget\" data-widget_type=\"text-editor.default\">\n\t\t\t\t<div class=\"elementor-widget-container\">\n\t\t\t\t\t\t\t\t\t<p><span style=\"color: #000000;\">Informationen und Reservierungen:+33 (0)5 62 42 79 02<\/span><\/p>\t\t\t\t\t\t\t\t<\/div>\n\t\t\t\t<\/div>\n\t\t\t\t\t<\/div>\n\t\t<\/div>\n\t\t\t\t\t<\/div>\n\t\t<\/section>\n\t\t\t\t<section class=\"elementor-section elementor-inner-section elementor-element elementor-element-e756fd6 elementor-section-boxed elementor-section-height-default elementor-section-height-default\" data-id=\"e756fd6\" data-element_type=\"section\">\n\t\t\t\t\t\t<div class=\"elementor-container elementor-column-gap-default\">\n\t\t\t\t\t<div class=\"elementor-column elementor-col-50 elementor-inner-column elementor-element elementor-element-2c230a4\" data-id=\"2c230a4\" data-element_type=\"column\">\n\t\t\t<div class=\"elementor-widget-wrap elementor-element-populated\">\n\t\t\t\t\t\t<div class=\"elementor-element elementor-element-477944f elementor-widget__width-initial elementor-widget elementor-widget-image\" data-id=\"477944f\" data-element_type=\"widget\" data-widget_type=\"image.default\">\n\t\t\t\t<div class=\"elementor-widget-container\">\n\t\t\t\t\t\t\t\t\t\t\t\t\t\t\t<img fetchpriority=\"high\" decoding=\"async\" width=\"294\" height=\"1024\" src=\"https:\/\/www.lourdes-france.com\/wp-content\/uploads\/2025\/03\/totem-jubile-fr_Page_1-scaled-1-294x1024.jpg\" class=\"attachment-large size-large wp-image-849621\" alt=\"\" srcset=\"https:\/\/www.lourdes-france.com\/wp-content\/uploads\/2025\/03\/totem-jubile-fr_Page_1-scaled-1-294x1024.jpg 294w, https:\/\/www.lourdes-france.com\/wp-content\/uploads\/2025\/03\/totem-jubile-fr_Page_1-scaled-1-86x300.jpg 86w, https:\/\/www.lourdes-france.com\/wp-content\/uploads\/2025\/03\/totem-jubile-fr_Page_1-scaled-1.jpg 734w\" sizes=\"(max-width: 294px) 100vw, 294px\" \/>\t\t\t\t\t\t\t\t\t\t\t\t\t\t\t<\/div>\n\t\t\t\t<\/div>\n\t\t\t\t\t<\/div>\n\t\t<\/div>\n\t\t\t\t<div class=\"elementor-column elementor-col-50 elementor-inner-column elementor-element elementor-element-efbdeaf\" data-id=\"efbdeaf\" data-element_type=\"column\">\n\t\t\t<div class=\"elementor-widget-wrap elementor-element-populated\">\n\t\t\t\t\t\t<div class=\"elementor-element elementor-element-c835139 elementor-widget elementor-widget-spacer\" data-id=\"c835139\" data-element_type=\"widget\" data-widget_type=\"spacer.default\">\n\t\t\t\t<div class=\"elementor-widget-container\">\n\t\t\t\t\t\t\t<div class=\"elementor-spacer\">\n\t\t\t<div class=\"elementor-spacer-inner\"><\/div>\n\t\t<\/div>\n\t\t\t\t\t\t<\/div>\n\t\t\t\t<\/div>\n\t\t\t\t<div class=\"elementor-element elementor-element-c74eb5f elementor-widget elementor-widget-image\" data-id=\"c74eb5f\" data-element_type=\"widget\" data-widget_type=\"image.default\">\n\t\t\t\t<div class=\"elementor-widget-container\">\n\t\t\t\t\t\t\t\t\t\t\t\t\t\t\t<img decoding=\"async\" width=\"1024\" height=\"640\" src=\"https:\/\/www.lourdes-france.com\/wp-content\/uploads\/2025\/03\/plan-jubilee_fr-2-1024x640.png\" class=\"attachment-large size-large wp-image-849629\" alt=\"\" srcset=\"https:\/\/www.lourdes-france.com\/wp-content\/uploads\/2025\/03\/plan-jubilee_fr-2-1024x640.png 1024w, https:\/\/www.lourdes-france.com\/wp-content\/uploads\/2025\/03\/plan-jubilee_fr-2-300x188.png 300w, https:\/\/www.lourdes-france.com\/wp-content\/uploads\/2025\/03\/plan-jubilee_fr-2-768x480.png 768w, https:\/\/www.lourdes-france.com\/wp-content\/uploads\/2025\/03\/plan-jubilee_fr-2-1536x960.png 1536w, https:\/\/www.lourdes-france.com\/wp-content\/uploads\/2025\/03\/plan-jubilee_fr-2-2048x1280.png 2048w, https:\/\/www.lourdes-france.com\/wp-content\/uploads\/2025\/03\/plan-jubilee_fr-2-80x50.png 80w\" sizes=\"(max-width: 1024px) 100vw, 1024px\" \/>\t\t\t\t\t\t\t\t\t\t\t\t\t\t\t<\/div>\n\t\t\t\t<\/div>\n\t\t\t\t\t<\/div>\n\t\t<\/div>\n\t\t\t\t\t<\/div>\n\t\t<\/section>\n\t\t\t\t<div class=\"elementor-element elementor-element-7931b31 elementor-widget elementor-widget-text-editor\" data-id=\"7931b31\" data-element_type=\"widget\" data-widget_type=\"text-editor.default\">\n\t\t\t\t<div class=\"elementor-widget-container\">\n\t\t\t\t\t\t\t\t\t<h5><span style=\"color: #000000;\"><span style=\"color: #997e4c;\">Weitere Informationen, insbesondere zu den Uhrzeiten, erhalten Sie im Informationszentrum<\/span><strong><span style=\"color: #997e4c;\">, ad:<\/span> <\/strong><a href=\"https:\/\/www.lourdes-france.com\/de\/chemin-du-jubile\/\" target=\"_blank\" rel=\"noopener\"><strong>Aktivit\u00e4t Jubil\u00e4umsweg<\/strong><\/a><\/span><\/h5>\t\t\t\t\t\t\t\t<\/div>\n\t\t\t\t<\/div>\n\t\t\t\t<div class=\"elementor-element elementor-element-c2c5234 elementor-blockquote--skin-quotation elementor-widget elementor-widget-blockquote\" data-id=\"c2c5234\" data-element_type=\"widget\" data-widget_type=\"blockquote.default\">\n\t\t\t\t<div class=\"elementor-widget-container\">\n\t\t\t\t\t\t\t<blockquote class=\"elementor-blockquote\">\n\t\t\t<p class=\"elementor-blockquote__content\">\n\t\t\t\tGott zeigt sich immer bereit zur Vergebung und er wird nicht m\u00fcde, sie immer wieder neu und in unerwarteter Weise anzubieten. \u2026 Im Sakrament der Vers\u00f6hnung vergibt Gott die S\u00fcnden, die damit wirklich ausgel\u00f6scht sind. Und trotzdem bleiben die negativen Spuren, die diese in unserem Verhalten und in unserem Denken hinterlassen haben. Die Barmherzigkeit Gottes ist aber auch st\u00e4rker als diese. Sie wird zum\u00a0Ablass, den der Vater durch die Kirche, die Braut Christi, dem S\u00fcnder, dem vergeben wurde, schenkt und der ihn von allen Konsequenzen der S\u00fcnde befreit, so dass er wieder neu aus Liebe handeln kann und vielmehr in der Liebe w\u00e4chst, als erneut in die S\u00fcnde zu fallen.\t\t\t<\/p>\n\t\t\t\t\t\t\t<div class=\"e-q-footer\">\n\t\t\t\t\t\t\t\t\t\t\t<cite class=\"elementor-blockquote__author\">MV Nr.22, Papst Franziskus.<\/cite>\n\t\t\t\t\t\t\t\t\t\t\t\t\t\t<\/div>\n\t\t\t\t\t<\/blockquote>\n\t\t\t\t\t\t<\/div>\n\t\t\t\t<\/div>\n\t\t\t\t\t<\/div>\n\t\t<\/div>\n\t\t\t\t\t<\/div>\n\t\t<\/section>\n\t\t\t\t<section class=\"elementor-section elementor-top-section elementor-element elementor-element-a62ad84 elementor-section-boxed elementor-section-height-default elementor-section-height-default\" data-id=\"a62ad84\" data-element_type=\"section\">\n\t\t\t\t\t\t<div class=\"elementor-container elementor-column-gap-default\">\n\t\t\t\t\t<div class=\"elementor-column elementor-col-50 elementor-top-column elementor-element elementor-element-74dcecb\" data-id=\"74dcecb\" data-element_type=\"column\">\n\t\t\t<div class=\"elementor-widget-wrap elementor-element-populated\">\n\t\t\t\t\t\t<div class=\"elementor-element elementor-element-376dd38 elementor-widget__width-initial elementor-widget elementor-widget-image\" data-id=\"376dd38\" data-element_type=\"widget\" data-widget_type=\"image.default\">\n\t\t\t\t<div class=\"elementor-widget-container\">\n\t\t\t\t\t\t\t\t\t\t\t\t\t\t\t<img decoding=\"async\" width=\"794\" height=\"609\" src=\"https:\/\/www.lourdes-france.com\/wp-content\/uploads\/2025\/01\/Logo-DE.jpg\" class=\"attachment-large size-large wp-image-842697\" alt=\"\" srcset=\"https:\/\/www.lourdes-france.com\/wp-content\/uploads\/2025\/01\/Logo-DE.jpg 794w, https:\/\/www.lourdes-france.com\/wp-content\/uploads\/2025\/01\/Logo-DE-300x230.jpg 300w, https:\/\/www.lourdes-france.com\/wp-content\/uploads\/2025\/01\/Logo-DE-768x589.jpg 768w\" sizes=\"(max-width: 794px) 100vw, 794px\" \/>\t\t\t\t\t\t\t\t\t\t\t\t\t\t\t<\/div>\n\t\t\t\t<\/div>\n\t\t\t\t\t<\/div>\n\t\t<\/div>\n\t\t\t\t<div class=\"elementor-column elementor-col-50 elementor-top-column elementor-element elementor-element-66f42f2\" data-id=\"66f42f2\" data-element_type=\"column\">\n\t\t\t<div class=\"elementor-widget-wrap elementor-element-populated\">\n\t\t\t\t\t\t<div class=\"elementor-element elementor-element-1201012 elementor-widget elementor-widget-image\" data-id=\"1201012\" data-element_type=\"widget\" data-widget_type=\"image.default\">\n\t\t\t\t<div class=\"elementor-widget-container\">\n\t\t\t\t\t\t\t\t\t\t\t\t\t\t\t<img loading=\"lazy\" decoding=\"async\" width=\"1024\" height=\"528\" src=\"https:\/\/www.lourdes-france.com\/wp-content\/uploads\/2025\/01\/logo-jubile-2025_de-2-1-1024x528.png\" class=\"attachment-large size-large wp-image-842713\" alt=\"\" srcset=\"https:\/\/www.lourdes-france.com\/wp-content\/uploads\/2025\/01\/logo-jubile-2025_de-2-1-1024x528.png 1024w, https:\/\/www.lourdes-france.com\/wp-content\/uploads\/2025\/01\/logo-jubile-2025_de-2-1-300x155.png 300w, https:\/\/www.lourdes-france.com\/wp-content\/uploads\/2025\/01\/logo-jubile-2025_de-2-1-768x396.png 768w, https:\/\/www.lourdes-france.com\/wp-content\/uploads\/2025\/01\/logo-jubile-2025_de-2-1-1536x791.png 1536w, https:\/\/www.lourdes-france.com\/wp-content\/uploads\/2025\/01\/logo-jubile-2025_de-2-1.png 1667w\" sizes=\"(max-width: 1024px) 100vw, 1024px\" \/>\t\t\t\t\t\t\t\t\t\t\t\t\t\t\t<\/div>\n\t\t\t\t<\/div>\n\t\t\t\t\t<\/div>\n\t\t<\/div>\n\t\t\t\t\t<\/div>\n\t\t<\/section>\n\t\t\t\t<\/div>\n\t\t","protected":false},"excerpt":{"rendered":"<p>Das Heilige Jahr 2025 in Lourdes Alle Wege f\u00fchren zur Hoffnung&#8230; Pilger aus aller Welt werden in Rom zusammenkommen, um durch die Heilige Pforte zu gehen, doch es wird auch m\u00f6glich sein, die Gnade des Heiligen Jahres im Heiligtum Unserer &hellip; <a href=\"https:\/\/www.lourdes-france.com\/de\/jubilaeum-2025-in-lourdes\/\">Weiter<\/a><\/p>\n","protected":false},"author":9,"featured_media":0,"parent":0,"menu_order":0,"comment_status":"closed","ping_status":"closed","template":"","meta":{"_acf_changed":false,"footnotes":""},"class_list":["post-840871","page","type-page","status-publish","hentry"],"acf":[],"yoast_head":"<!-- This site is optimized with the Yoast SEO Premium plugin v24.0 (Yoast SEO v26.3) - https:\/\/yoast.com\/wordpress\/plugins\/seo\/ -->\n<title>Jubil\u00e4um 2025 in Lourdes<\/title>\n<meta name=\"description\" content=\"Pilger aus aller Welt werden in Rom zusammenkommen, um durch die Heilige Pforte zu gehen. Erleben Sie die Gnade des Jubil\u00e4ums in Lourdes.\" \/>\n<meta name=\"robots\" content=\"index, follow, max-snippet:-1, max-image-preview:large, max-video-preview:-1\" \/>\n<link rel=\"canonical\" href=\"https:\/\/www.lourdes-france.com\/de\/jubilaeum-2025-in-lourdes\/\" \/>\n<meta property=\"og:locale\" content=\"de_DE\" \/>\n<meta property=\"og:type\" content=\"article\" \/>\n<meta property=\"og:title\" content=\"Jubil\u00e4um 2025 in Lourdes\" \/>\n<meta property=\"og:description\" content=\"Pilger aus aller Welt werden in Rom zusammenkommen, um durch die Heilige Pforte zu gehen. Erleben Sie die Gnade des Jubil\u00e4ums in Lourdes.\" \/>\n<meta property=\"og:url\" content=\"https:\/\/www.lourdes-france.com\/de\/jubilaeum-2025-in-lourdes\/\" \/>\n<meta property=\"og:site_name\" content=\"Vivre le p\u00e8lerinage de Lourdes\" \/>\n<meta property=\"article:modified_time\" content=\"2025-04-10T08:57:12+00:00\" \/>\n<meta property=\"og:image\" content=\"https:\/\/www.lourdes-france.com\/wp-content\/uploads\/2025\/03\/totem-jubile-fr_Page_1-scaled-1-294x1024.jpg\" \/>\n<meta name=\"twitter:card\" content=\"summary_large_image\" \/>\n<meta name=\"twitter:label1\" content=\"Gesch\u00e4tzte Lesezeit\" \/>\n\t<meta name=\"twitter:data1\" content=\"5\u00a0Minuten\" \/>\n<script type=\"application\/ld+json\" class=\"yoast-schema-graph\">{\"@context\":\"https:\/\/schema.org\",\"@graph\":[{\"@type\":\"WebPage\",\"@id\":\"https:\/\/www.lourdes-france.com\/de\/jubilaeum-2025-in-lourdes\/\",\"url\":\"https:\/\/www.lourdes-france.com\/de\/jubilaeum-2025-in-lourdes\/\",\"name\":\"Jubil\u00e4um 2025 in Lourdes\",\"isPartOf\":{\"@id\":\"https:\/\/www.lourdes-france.com\/de\/#website\"},\"primaryImageOfPage\":{\"@id\":\"https:\/\/www.lourdes-france.com\/de\/jubilaeum-2025-in-lourdes\/#primaryimage\"},\"image\":{\"@id\":\"https:\/\/www.lourdes-france.com\/de\/jubilaeum-2025-in-lourdes\/#primaryimage\"},\"thumbnailUrl\":\"https:\/\/www.lourdes-france.com\/wp-content\/uploads\/2025\/03\/totem-jubile-fr_Page_1-scaled-1-294x1024.jpg\",\"datePublished\":\"2024-12-09T15:16:10+00:00\",\"dateModified\":\"2025-04-10T08:57:12+00:00\",\"description\":\"Pilger aus aller Welt werden in Rom zusammenkommen, um durch die Heilige Pforte zu gehen. Erleben Sie die Gnade des Jubil\u00e4ums in Lourdes.\",\"breadcrumb\":{\"@id\":\"https:\/\/www.lourdes-france.com\/de\/jubilaeum-2025-in-lourdes\/#breadcrumb\"},\"inLanguage\":\"de\",\"potentialAction\":[{\"@type\":\"ReadAction\",\"target\":[\"https:\/\/www.lourdes-france.com\/de\/jubilaeum-2025-in-lourdes\/\"]}]},{\"@type\":\"ImageObject\",\"inLanguage\":\"de\",\"@id\":\"https:\/\/www.lourdes-france.com\/de\/jubilaeum-2025-in-lourdes\/#primaryimage\",\"url\":\"https:\/\/www.lourdes-france.com\/wp-content\/uploads\/2025\/03\/totem-jubile-fr_Page_1-scaled-1-294x1024.jpg\",\"contentUrl\":\"https:\/\/www.lourdes-france.com\/wp-content\/uploads\/2025\/03\/totem-jubile-fr_Page_1-scaled-1-294x1024.jpg\"},{\"@type\":\"BreadcrumbList\",\"@id\":\"https:\/\/www.lourdes-france.com\/de\/jubilaeum-2025-in-lourdes\/#breadcrumb\",\"itemListElement\":[{\"@type\":\"ListItem\",\"position\":1,\"name\":\"Accueil\",\"item\":\"https:\/\/www.lourdes-france.com\/de\/\"},{\"@type\":\"ListItem\",\"position\":2,\"name\":\"Jubil\u00e4um 2025 in Lourdes\"}]},{\"@type\":\"WebSite\",\"@id\":\"https:\/\/www.lourdes-france.com\/de\/#website\",\"url\":\"https:\/\/www.lourdes-france.com\/de\/\",\"name\":\"Sanctuaire Notre-Dame de Lourdes\",\"description\":\"\",\"publisher\":{\"@id\":\"https:\/\/www.lourdes-france.com\/de\/#organization\"},\"potentialAction\":[{\"@type\":\"SearchAction\",\"target\":{\"@type\":\"EntryPoint\",\"urlTemplate\":\"https:\/\/www.lourdes-france.com\/de\/?s={search_term_string}\"},\"query-input\":{\"@type\":\"PropertyValueSpecification\",\"valueRequired\":true,\"valueName\":\"search_term_string\"}}],\"inLanguage\":\"de\"},{\"@type\":\"Organization\",\"@id\":\"https:\/\/www.lourdes-france.com\/de\/#organization\",\"name\":\"Sanctuaire Notre-Dame de Lourdes\",\"url\":\"https:\/\/www.lourdes-france.com\/de\/\",\"logo\":{\"@type\":\"ImageObject\",\"inLanguage\":\"de\",\"@id\":\"https:\/\/www.lourdes-france.com\/de\/#\/schema\/logo\/image\/\",\"url\":\"https:\/\/www.lourdes-france.com\/wp-content\/uploads\/2021\/11\/logo-small.png\",\"contentUrl\":\"https:\/\/www.lourdes-france.com\/wp-content\/uploads\/2021\/11\/logo-small.png\",\"width\":834,\"height\":521,\"caption\":\"Sanctuaire Notre-Dame de Lourdes\"},\"image\":{\"@id\":\"https:\/\/www.lourdes-france.com\/de\/#\/schema\/logo\/image\/\"}}]}<\/script>\n<!-- \/ Yoast SEO Premium plugin. -->","yoast_head_json":{"title":"Jubil\u00e4um 2025 in Lourdes","description":"Pilger aus aller Welt werden in Rom zusammenkommen, um durch die Heilige Pforte zu gehen. Erleben Sie die Gnade des Jubil\u00e4ums in Lourdes.","robots":{"index":"index","follow":"follow","max-snippet":"max-snippet:-1","max-image-preview":"max-image-preview:large","max-video-preview":"max-video-preview:-1"},"canonical":"https:\/\/www.lourdes-france.com\/de\/jubilaeum-2025-in-lourdes\/","og_locale":"de_DE","og_type":"article","og_title":"Jubil\u00e4um 2025 in Lourdes","og_description":"Pilger aus aller Welt werden in Rom zusammenkommen, um durch die Heilige Pforte zu gehen. Erleben Sie die Gnade des Jubil\u00e4ums in Lourdes.","og_url":"https:\/\/www.lourdes-france.com\/de\/jubilaeum-2025-in-lourdes\/","og_site_name":"Vivre le p\u00e8lerinage de Lourdes","article_modified_time":"2025-04-10T08:57:12+00:00","og_image":[{"url":"https:\/\/www.lourdes-france.com\/wp-content\/uploads\/2025\/03\/totem-jubile-fr_Page_1-scaled-1-294x1024.jpg","type":"","width":"","height":""}],"twitter_card":"summary_large_image","twitter_misc":{"Gesch\u00e4tzte Lesezeit":"5\u00a0Minuten"},"schema":{"@context":"https:\/\/schema.org","@graph":[{"@type":"WebPage","@id":"https:\/\/www.lourdes-france.com\/de\/jubilaeum-2025-in-lourdes\/","url":"https:\/\/www.lourdes-france.com\/de\/jubilaeum-2025-in-lourdes\/","name":"Jubil\u00e4um 2025 in Lourdes","isPartOf":{"@id":"https:\/\/www.lourdes-france.com\/de\/#website"},"primaryImageOfPage":{"@id":"https:\/\/www.lourdes-france.com\/de\/jubilaeum-2025-in-lourdes\/#primaryimage"},"image":{"@id":"https:\/\/www.lourdes-france.com\/de\/jubilaeum-2025-in-lourdes\/#primaryimage"},"thumbnailUrl":"https:\/\/www.lourdes-france.com\/wp-content\/uploads\/2025\/03\/totem-jubile-fr_Page_1-scaled-1-294x1024.jpg","datePublished":"2024-12-09T15:16:10+00:00","dateModified":"2025-04-10T08:57:12+00:00","description":"Pilger aus aller Welt werden in Rom zusammenkommen, um durch die Heilige Pforte zu gehen. Erleben Sie die Gnade des Jubil\u00e4ums in Lourdes.","breadcrumb":{"@id":"https:\/\/www.lourdes-france.com\/de\/jubilaeum-2025-in-lourdes\/#breadcrumb"},"inLanguage":"de","potentialAction":[{"@type":"ReadAction","target":["https:\/\/www.lourdes-france.com\/de\/jubilaeum-2025-in-lourdes\/"]}]},{"@type":"ImageObject","inLanguage":"de","@id":"https:\/\/www.lourdes-france.com\/de\/jubilaeum-2025-in-lourdes\/#primaryimage","url":"https:\/\/www.lourdes-france.com\/wp-content\/uploads\/2025\/03\/totem-jubile-fr_Page_1-scaled-1-294x1024.jpg","contentUrl":"https:\/\/www.lourdes-france.com\/wp-content\/uploads\/2025\/03\/totem-jubile-fr_Page_1-scaled-1-294x1024.jpg"},{"@type":"BreadcrumbList","@id":"https:\/\/www.lourdes-france.com\/de\/jubilaeum-2025-in-lourdes\/#breadcrumb","itemListElement":[{"@type":"ListItem","position":1,"name":"Accueil","item":"https:\/\/www.lourdes-france.com\/de\/"},{"@type":"ListItem","position":2,"name":"Jubil\u00e4um 2025 in Lourdes"}]},{"@type":"WebSite","@id":"https:\/\/www.lourdes-france.com\/de\/#website","url":"https:\/\/www.lourdes-france.com\/de\/","name":"Sanctuaire Notre-Dame de Lourdes","description":"","publisher":{"@id":"https:\/\/www.lourdes-france.com\/de\/#organization"},"potentialAction":[{"@type":"SearchAction","target":{"@type":"EntryPoint","urlTemplate":"https:\/\/www.lourdes-france.com\/de\/?s={search_term_string}"},"query-input":{"@type":"PropertyValueSpecification","valueRequired":true,"valueName":"search_term_string"}}],"inLanguage":"de"},{"@type":"Organization","@id":"https:\/\/www.lourdes-france.com\/de\/#organization","name":"Sanctuaire Notre-Dame de Lourdes","url":"https:\/\/www.lourdes-france.com\/de\/","logo":{"@type":"ImageObject","inLanguage":"de","@id":"https:\/\/www.lourdes-france.com\/de\/#\/schema\/logo\/image\/","url":"https:\/\/www.lourdes-france.com\/wp-content\/uploads\/2021\/11\/logo-small.png","contentUrl":"https:\/\/www.lourdes-france.com\/wp-content\/uploads\/2021\/11\/logo-small.png","width":834,"height":521,"caption":"Sanctuaire Notre-Dame de Lourdes"},"image":{"@id":"https:\/\/www.lourdes-france.com\/de\/#\/schema\/logo\/image\/"}}]}},"_links":{"self":[{"href":"https:\/\/www.lourdes-france.com\/de\/wp-json\/wp\/v2\/pages\/840871","targetHints":{"allow":["GET"]}}],"collection":[{"href":"https:\/\/www.lourdes-france.com\/de\/wp-json\/wp\/v2\/pages"}],"about":[{"href":"https:\/\/www.lourdes-france.com\/de\/wp-json\/wp\/v2\/types\/page"}],"author":[{"embeddable":true,"href":"https:\/\/www.lourdes-france.com\/de\/wp-json\/wp\/v2\/users\/9"}],"replies":[{"embeddable":true,"href":"https:\/\/www.lourdes-france.com\/de\/wp-json\/wp\/v2\/comments?post=840871"}],"version-history":[{"count":0,"href":"https:\/\/www.lourdes-france.com\/de\/wp-json\/wp\/v2\/pages\/840871\/revisions"}],"wp:attachment":[{"href":"https:\/\/www.lourdes-france.com\/de\/wp-json\/wp\/v2\/media?parent=840871"}],"curies":[{"name":"wp","href":"https:\/\/api.w.org\/{rel}","templated":true}]}}