{"id":798900,"date":"2023-02-14T10:35:37","date_gmt":"2023-02-14T09:35:37","guid":{"rendered":"https:\/\/www.lourdes-france.com\/pilger-fur-einen-tag\/celebrer-apparitions-notre-dame-lourdes-bernadette\/"},"modified":"2023-02-27T12:34:57","modified_gmt":"2023-02-27T11:34:57","slug":"feiern-und-begehen-sie-im-jahr-2023-die-erscheinungen-unserer-lieben-frau-von-lourdes-vor-bernadette","status":"publish","type":"page","link":"https:\/\/www.lourdes-france.com\/de\/pilger-fur-einen-tag\/feiern-und-begehen-sie-im-jahr-2023-die-erscheinungen-unserer-lieben-frau-von-lourdes-vor-bernadette\/","title":{"rendered":"<strong>Feiern und begehen Sie im Jahr 2023 die Erscheinungen Unserer Lieben Frau von Lourdes vor Bernadette<\/strong>"},"content":{"rendered":"\t\t<div data-elementor-type=\"wp-page\" data-elementor-id=\"798900\" class=\"elementor elementor-798900 elementor-798220\" data-elementor-post-type=\"page\">\n\t\t\t\t\t\t<section class=\"elementor-section elementor-top-section elementor-element elementor-element-757d9fc elementor-section-full_width elementor-section-stretched elementor-section-height-default elementor-section-height-default\" data-id=\"757d9fc\" data-element_type=\"section\" data-settings=\"{&quot;stretch_section&quot;:&quot;section-stretched&quot;,&quot;background_background&quot;:&quot;classic&quot;}\">\n\t\t\t\t\t\t<div class=\"elementor-container elementor-column-gap-default\">\n\t\t\t\t\t<div class=\"elementor-column elementor-col-100 elementor-top-column elementor-element elementor-element-02f9526\" data-id=\"02f9526\" data-element_type=\"column\">\n\t\t\t<div class=\"elementor-widget-wrap elementor-element-populated\">\n\t\t\t\t\t\t<div class=\"elementor-element elementor-element-27a98aa elementor-widget elementor-widget-image\" data-id=\"27a98aa\" data-element_type=\"widget\" data-widget_type=\"image.default\">\n\t\t\t\t<div class=\"elementor-widget-container\">\n\t\t\t\t\t\t\t\t\t\t\t\t\t\t\t<img fetchpriority=\"high\" decoding=\"async\" width=\"2560\" height=\"1440\" src=\"https:\/\/www.lourdes-france.com\/wp-content\/uploads\/2023\/02\/programme-apparitions.jpg\" class=\"attachment-full size-full wp-image-798308\" alt=\"Feiern und begehen Sie im Jahr 2023 die Erscheinungen Unserer Lieben Frau von Lourdes vor Bernadette\" srcset=\"https:\/\/www.lourdes-france.com\/wp-content\/uploads\/2023\/02\/programme-apparitions.jpg 2560w, https:\/\/www.lourdes-france.com\/wp-content\/uploads\/2023\/02\/programme-apparitions-300x169.jpg 300w, https:\/\/www.lourdes-france.com\/wp-content\/uploads\/2023\/02\/programme-apparitions-1024x576.jpg 1024w, https:\/\/www.lourdes-france.com\/wp-content\/uploads\/2023\/02\/programme-apparitions-768x432.jpg 768w, https:\/\/www.lourdes-france.com\/wp-content\/uploads\/2023\/02\/programme-apparitions-1536x864.jpg 1536w, https:\/\/www.lourdes-france.com\/wp-content\/uploads\/2023\/02\/programme-apparitions-2048x1152.jpg 2048w\" sizes=\"(max-width: 2560px) 100vw, 2560px\" \/>\t\t\t\t\t\t\t\t\t\t\t\t\t\t\t<\/div>\n\t\t\t\t<\/div>\n\t\t\t\t\t<\/div>\n\t\t<\/div>\n\t\t\t\t\t<\/div>\n\t\t<\/section>\n\t\t\t\t<section class=\"elementor-section elementor-top-section elementor-element elementor-element-5c5fe96 elementor-section-boxed elementor-section-height-default elementor-section-height-default\" data-id=\"5c5fe96\" data-element_type=\"section\">\n\t\t\t\t\t\t<div class=\"elementor-container elementor-column-gap-default\">\n\t\t\t\t\t<div class=\"elementor-column elementor-col-100 elementor-top-column elementor-element elementor-element-51f1815\" data-id=\"51f1815\" data-element_type=\"column\">\n\t\t\t<div class=\"elementor-widget-wrap elementor-element-populated\">\n\t\t\t\t\t\t<div class=\"elementor-element elementor-element-b51dbe4 elementor-invisible elementor-widget elementor-widget-heading\" data-id=\"b51dbe4\" data-element_type=\"widget\" data-settings=\"{&quot;_animation&quot;:&quot;slideInLeft&quot;}\" data-widget_type=\"heading.default\">\n\t\t\t\t<div class=\"elementor-widget-container\">\n\t\t\t\t\t<h2 class=\"elementor-heading-title elementor-size-default\">Feiern und begehen Sie im Jahr 2023 die Erscheinungen Unserer Lieben Frau von Lourdes vor Bernadette<\/h2>\t\t\t\t<\/div>\n\t\t\t\t<\/div>\n\t\t\t\t<div class=\"elementor-element elementor-element-60fa02c elementor-invisible elementor-widget elementor-widget-text-editor\" data-id=\"60fa02c\" data-element_type=\"widget\" data-settings=\"{&quot;_animation&quot;:&quot;slideInRight&quot;}\" data-widget_type=\"text-editor.default\">\n\t\t\t\t<div class=\"elementor-widget-container\">\n\t\t\t\t\t\t\t\t\t<h4><span style=\"color: #ffffff;\">Im Jahr 2023 schl\u00e4gt die Wallfahrtst\u00e4tte ein spezielles Programm f\u00fcr die Tage der Erscheinungen vor<\/span><\/h4>\t\t\t\t\t\t\t\t<\/div>\n\t\t\t\t<\/div>\n\t\t\t\t<div class=\"elementor-element elementor-element-654daef elementor-widget elementor-widget-image\" data-id=\"654daef\" data-element_type=\"widget\" data-widget_type=\"image.default\">\n\t\t\t\t<div class=\"elementor-widget-container\">\n\t\t\t\t\t\t\t\t\t\t\t\t\t\t\t<img decoding=\"async\" width=\"768\" height=\"487\" src=\"https:\/\/www.lourdes-france.com\/wp-content\/uploads\/2023\/02\/jours4-768x487.jpg\" class=\"attachment-medium_large size-medium_large wp-image-798912\" alt=\"\" srcset=\"https:\/\/www.lourdes-france.com\/wp-content\/uploads\/2023\/02\/jours4-768x487.jpg 768w, https:\/\/www.lourdes-france.com\/wp-content\/uploads\/2023\/02\/jours4-300x190.jpg 300w, https:\/\/www.lourdes-france.com\/wp-content\/uploads\/2023\/02\/jours4-1024x649.jpg 1024w, https:\/\/www.lourdes-france.com\/wp-content\/uploads\/2023\/02\/jours4-1536x973.jpg 1536w, https:\/\/www.lourdes-france.com\/wp-content\/uploads\/2023\/02\/jours4-80x50.jpg 80w, https:\/\/www.lourdes-france.com\/wp-content\/uploads\/2023\/02\/jours4.jpg 1752w\" sizes=\"(max-width: 768px) 100vw, 768px\" \/>\t\t\t\t\t\t\t\t\t\t\t\t\t\t\t<\/div>\n\t\t\t\t<\/div>\n\t\t\t\t\t<\/div>\n\t\t<\/div>\n\t\t\t\t\t<\/div>\n\t\t<\/section>\n\t\t\t\t<section class=\"elementor-section elementor-top-section elementor-element elementor-element-fe0e2c4 elementor-section-boxed elementor-section-height-default elementor-section-height-default\" data-id=\"fe0e2c4\" data-element_type=\"section\">\n\t\t\t\t\t\t<div class=\"elementor-container elementor-column-gap-default\">\n\t\t\t\t\t<div class=\"elementor-column elementor-col-100 elementor-top-column elementor-element elementor-element-12fbf71\" data-id=\"12fbf71\" data-element_type=\"column\">\n\t\t\t<div class=\"elementor-widget-wrap elementor-element-populated\">\n\t\t\t\t\t\t<div class=\"elementor-element elementor-element-e7a871a elementor-widget elementor-widget-heading\" data-id=\"e7a871a\" data-element_type=\"widget\" data-widget_type=\"heading.default\">\n\t\t\t\t<div class=\"elementor-widget-container\">\n\t\t\t\t\t<h3 class=\"elementor-heading-title elementor-size-default\">Programm zur Feier der Erscheinungen<\/h3>\t\t\t\t<\/div>\n\t\t\t\t<\/div>\n\t\t\t\t<div class=\"elementor-element elementor-element-8ca55d5 elementor-widget elementor-widget-text-editor\" data-id=\"8ca55d5\" data-element_type=\"widget\" data-widget_type=\"text-editor.default\">\n\t\t\t\t<div class=\"elementor-widget-container\">\n\t\t\t\t\t\t\t\t\t<h5><strong><span style=\"color: #ffffff;\">Ein internationaler Vorschlag der Seelsorge zu jedem Erscheinungtag<\/span><\/strong><\/h5>\t\t\t\t\t\t\t\t<\/div>\n\t\t\t\t<\/div>\n\t\t\t\t<section class=\"elementor-section elementor-inner-section elementor-element elementor-element-af99cd9 elementor-section-boxed elementor-section-height-default elementor-section-height-default\" data-id=\"af99cd9\" data-element_type=\"section\">\n\t\t\t\t\t\t<div class=\"elementor-container elementor-column-gap-default\">\n\t\t\t\t\t<div class=\"elementor-column elementor-col-50 elementor-inner-column elementor-element elementor-element-4978ef5\" data-id=\"4978ef5\" data-element_type=\"column\">\n\t\t\t<div class=\"elementor-widget-wrap elementor-element-populated\">\n\t\t\t\t\t\t<div class=\"elementor-element elementor-element-aa2e195 elementor-widget elementor-widget-image\" data-id=\"aa2e195\" data-element_type=\"widget\" data-widget_type=\"image.default\">\n\t\t\t\t<div class=\"elementor-widget-container\">\n\t\t\t\t\t\t\t\t\t\t\t\t\t\t\t<img decoding=\"async\" width=\"1024\" height=\"834\" src=\"https:\/\/www.lourdes-france.com\/wp-content\/uploads\/2023\/02\/2K8_APPARITIONS-18-1024x834.jpg\" class=\"attachment-large size-large wp-image-798328\" alt=\"2K8_APPARITIONS 18\" srcset=\"https:\/\/www.lourdes-france.com\/wp-content\/uploads\/2023\/02\/2K8_APPARITIONS-18-1024x834.jpg 1024w, https:\/\/www.lourdes-france.com\/wp-content\/uploads\/2023\/02\/2K8_APPARITIONS-18-300x244.jpg 300w, https:\/\/www.lourdes-france.com\/wp-content\/uploads\/2023\/02\/2K8_APPARITIONS-18-768x626.jpg 768w, https:\/\/www.lourdes-france.com\/wp-content\/uploads\/2023\/02\/2K8_APPARITIONS-18-1536x1251.jpg 1536w, https:\/\/www.lourdes-france.com\/wp-content\/uploads\/2023\/02\/2K8_APPARITIONS-18-2048x1669.jpg 2048w\" sizes=\"(max-width: 1024px) 100vw, 1024px\" \/>\t\t\t\t\t\t\t\t\t\t\t\t\t\t\t<\/div>\n\t\t\t\t<\/div>\n\t\t\t\t\t<\/div>\n\t\t<\/div>\n\t\t\t\t<div class=\"elementor-column elementor-col-50 elementor-inner-column elementor-element elementor-element-faed4a8\" data-id=\"faed4a8\" data-element_type=\"column\">\n\t\t\t<div class=\"elementor-widget-wrap elementor-element-populated\">\n\t\t\t\t\t\t<div class=\"elementor-element elementor-element-692799b elementor-widget elementor-widget-text-editor\" data-id=\"692799b\" data-element_type=\"widget\" data-widget_type=\"text-editor.default\">\n\t\t\t\t<div class=\"elementor-widget-container\">\n\t\t\t\t\t\t\t\t\t<p><span style=\"color: #ffffff;\">Am Vorabend einer Erscheinung<\/span><br \/><span style=\"color: #ffffff;\">20h30 Internationaler Licht-Rosenkranz<\/span><\/p><p><span style=\"color: #ffffff;\">Am Erscheinungstag<\/span><\/p><p><span style=\"color: #ffffff;\">08h00 Hl. Messe in der Basilika zur Unbefleckten Empf\u00e4ngnis<\/span><br \/><span style=\"color: #ffffff;\">10h00 Hl. Messe an der Grotte<\/span><br \/><span style=\"color: #ffffff;\">11h15 Hl. Messe in der Basilika Unserer Lieben Frau vom Rosenkranz<\/span><br \/><span style=\"color: #ffffff;\">12h00 Angelus an der Grotte und Akklamation der Erscheinung<\/span><br \/><span style=\"color: #ffffff;\">14h00 M\u00f6glichkeit zur Geste des Wassers <\/span><br \/><span style=\"color: #ffffff;\">15h30 Rosenkranzgebet an der Grotte und Akklamation der Erscheinung<\/span><br \/><span style=\"color: #ffffff;\">16h15 Akklamation der Erscheinung und katechetische Erl\u00e4uterung eines Seelsorgers <\/span><br \/><span style=\"color: #ffffff;\">16h30 Messe in der Basilika Unserer Lieben Frau vom Rosenkranz<\/span><br \/><span style=\"color: #ffffff;\">17h15 Sakramentale Anbetung und Segen f\u00fcr die Pilger in der Rosenkranzbasilika <\/span><br \/><span style=\"color: #ffffff;\">20h30 Internationaler Licht-Rosenkranz<\/span><\/p>\t\t\t\t\t\t\t\t<\/div>\n\t\t\t\t<\/div>\n\t\t\t\t\t<\/div>\n\t\t<\/div>\n\t\t\t\t\t<\/div>\n\t\t<\/section>\n\t\t\t\t<div class=\"elementor-element elementor-element-64103f6 elementor-widget elementor-widget-text-editor\" data-id=\"64103f6\" data-element_type=\"widget\" data-widget_type=\"text-editor.default\">\n\t\t\t\t<div class=\"elementor-widget-container\">\n\t\t\t\t\t\t\t\t\t<h5><span style=\"color: #ffffff;\">Sonderprogramme f\u00fcr zur 17. Erscheinung (am Karfreitag) und zur 18. Erscheinung, am 16. Juli.<\/span><\/h5>\t\t\t\t\t\t\t\t<\/div>\n\t\t\t\t<\/div>\n\t\t\t\t\t<\/div>\n\t\t<\/div>\n\t\t\t\t\t<\/div>\n\t\t<\/section>\n\t\t\t\t<section class=\"elementor-section elementor-top-section elementor-element elementor-element-52032d0 elementor-section-boxed elementor-section-height-default elementor-section-height-default\" data-id=\"52032d0\" data-element_type=\"section\">\n\t\t\t\t\t\t<div class=\"elementor-container elementor-column-gap-default\">\n\t\t\t\t\t<div class=\"elementor-column elementor-col-100 elementor-top-column elementor-element elementor-element-4c74e52\" data-id=\"4c74e52\" data-element_type=\"column\">\n\t\t\t<div class=\"elementor-widget-wrap elementor-element-populated\">\n\t\t\t\t\t\t<div class=\"elementor-element elementor-element-d241c40 elementor-widget elementor-widget-heading\" data-id=\"d241c40\" data-element_type=\"widget\" data-widget_type=\"heading.default\">\n\t\t\t\t<div class=\"elementor-widget-container\">\n\t\t\t\t\t<h3 class=\"elementor-heading-title elementor-size-default\">18 Marienerscheinungen zuteil<\/h3>\t\t\t\t<\/div>\n\t\t\t\t<\/div>\n\t\t\t\t<div class=\"elementor-element elementor-element-c2db7ca elementor-widget elementor-widget-text-editor\" data-id=\"c2db7ca\" data-element_type=\"widget\" data-widget_type=\"text-editor.default\">\n\t\t\t\t<div class=\"elementor-widget-container\">\n\t\t\t\t\t\t\t\t\t<p><strong><span style=\"color: #ffffff;\">Zwischen Donnerstag, dem 11. Februar und dem 16. Juli 1858, dem Fest Unserer Lieben Frau auf dem Berge Karmel, wurden Bernadette Soubirous 18 Marienerscheinungen zuteil.<\/span><\/strong><\/p>\t\t\t\t\t\t\t\t<\/div>\n\t\t\t\t<\/div>\n\t\t\t\t<div class=\"elementor-element elementor-element-cf4edcc elementor-widget elementor-widget-text-editor\" data-id=\"cf4edcc\" data-element_type=\"widget\" data-widget_type=\"text-editor.default\">\n\t\t\t\t<div class=\"elementor-widget-container\">\n\t\t\t\t\t\t\t\t\t<p><span style=\"color: #ffffff;\"><strong>Am Donnerstagmorgen, 11. Februar 1858,<\/strong> Bernadette, ihre Schwester Marie genannt Toinette und Jeanne Abadie, eine Freundin, bewegen sich zwischen dem Gave und dem M\u00fchlenkanal um Holz zu sammeln. Als sie ihre Schuhe auszieht, um den Kanal zu \u00fcberqueren und zu den anderen aufzuschlie\u00dfen, h\u00f6rt sie zweimal ein Ger\u00e4usch, \u201ewie ein Windsto\u00df\u201c. [&#8230;] Sie sieht \u201e<em>Eine in Wei\u00df gekleidete Dame; Sie hatte ein wei\u00dfes Kleid, einen wei\u00dfen Schleier, einen blauen G\u00fcrtel und eine gelbe Rose an jedem Fu\u00df.<\/em>\u201c<br \/><span style=\"color: #997e4c;\"><a style=\"color: #997e4c;\" href=\"https:\/\/www.lourdes-france.com\/de\/11-februar-unsere-liebe-frau-von-lourdes-und-welttag-der-kranken\/\" target=\"_blank\" rel=\"noopener\"><strong>PROGRAMM DEM 11. FEBRUAR<\/strong><\/a><\/span><\/span><\/p><p><span style=\"color: #ffffff;\"><strong>Am Sonntag, 14. Februar,<\/strong> auf Anraten ihrer Gefolgschaft, die ein d\u00e4monisches Ph\u00e4nomen bef\u00fcrchten, bespritzt Bernadette die Erscheinung mit Weihwasser. Die Dame l\u00e4chelte und senkte das Haupt. Am Ende des Rosenkranzgebetes entschwindet sie.<\/span><\/p><p><span style=\"color: #ffffff;\"><strong>Am Donnerstag, 18. Februar,<\/strong> Bernadette soll die Erscheinung bitten ihren Namen aufzuschreiben: Sie h\u00e4lt einen Stift und Papier hin, erh\u00e4lt aber in okzitanischer Sprache, im \u201ePatois (Dialekt) von Lourdes\u201c nur diese Antwort: <em>\u201eDas ist nicht notwendig.<\/em>\u201c Dann richtet sie diese h\u00f6fliche Einladung an sie: \u201e<em>H\u00e4tten Sie die G\u00fcte f\u00fcr 15 Tage hierherzukommen\u201c<\/em>? Dem f\u00fcgte die Dame hinzu: \u201e<em>Ich verspreche Ihnen nicht, Sie in dieser Welt gl\u00fccklich zu machen, sondern in der anderen!\u201c<br \/><\/em><\/span><span style=\"color: #997e4c;\"><a style=\"color: #997e4c;\" href=\"https:\/\/www.lourdes-france.com\/de\/18-februar-fest-der-heiligen-bernadette-in-lourdes\/\" target=\"_blank\" rel=\"noopener\"><strong>PROGRAMM FEST DER HEILIGEN BERNADETTE<\/strong><\/a><\/span><\/p><p><span style=\"color: #ffffff;\"><strong>Am 19. Februar,<\/strong> Bernadette kommt mit einer gesegneten und brennenden Kerze in die Grotte. Aus dieser Geste entstand der Brauch, Kerzen mitzubringen und sie vor der Grotte anzuz\u00fcnden.<\/span><\/p><p><span style=\"color: #ffffff;\"><strong>Am 20. Februar,<\/strong> die Dame lehrte sie ein pers\u00f6nliches Gebet. Am Ende der Erscheinung umf\u00e4ngt Bernadette eine tiefe Traurigkeit.<\/span><\/p><p><span style=\"color: #ffffff;\"><strong>Am 21. Februar<\/strong>, die Dame zeigt sich Bernadette am fr\u00fchen Morgen. Hundert Menschen begleiten sie. Sie wurde danach von Polizeichef Jacomet verh\u00f6rt. Er will, dass sie aussagt was sie gesehen habe. Bernadette spricht mit ihm nur \u00fcber \u201eAquer\u00f4\u201c (dieses da).<\/span><\/p><p><span style=\"color: #ffffff;\"><strong>Montag, 22. Februar,<\/strong> ihre Eltern verbieten Bernadette zur Grotte zur\u00fcckzukehren. Jedoch zieht sie eine unwiderstehliche Kraft dorthin, sie sieht jedoch nichts, als ob die Jungfrau selbst den Anweisungen ihrer Eltern nachkommen w\u00fcrde.<\/span><\/p><p><span style=\"color: #ffffff;\"><strong>Am 23. Februar,<\/strong> umgeben von hundertf\u00fcnfzig Menschen geht Bernadette zur Grotte. Die Erscheinung enth\u00fcllt ihr ein Geheimnis, das \u201enur f\u00fcr sie\u201c bestimmt ist.<\/span><\/p><p><span style=\"color: #ffffff;\"><strong>Am 24. Februar,<\/strong> die Erscheinung sagt erneut: \u201e<em>Bu\u00dfe! Bu\u00dfe! Bu\u00dfe! Beten Sie zu Gott f\u00fcr die S\u00fcnder. Gehen Sie und k\u00fcssen Sie die Erde zur Bekehrung der S\u00fcnder.\u201c<\/em><\/span><\/p><p><span style=\"color: #ffffff;\"><strong>Am 25. Februar<\/strong>, Bernadette berichtet: \u201eSie sagt mir, ich solle gehen und aus der Quelle trinken (&#8230;). Ich fand nur ein wenig schlammiges Wasser. Beim vierten Versuch konnte ich trinken. Sie lie\u00df mich auch ein (Kresse) Gras essen, das in der N\u00e4he der Quelle war, dann entschwand die <strong>\u201eErscheinung und ich ging.\u201c<br \/><a href=\"https:\/\/www.lourdes-france.com\/de\/25-februar-neunte-erscheinung\/\" target=\"_blank\" rel=\"noopener\"><span style=\"color: #997e4c;\">NEUNTE ERSCHEINUNG<\/span><\/a><\/strong><\/span><\/p><p><span style=\"color: #ffffff;\"><strong>Am 26. Februar,<\/strong> ein Tag ohne Erscheinen. Bernadette betete schweren Herzens den Rosenkranz\u2026<\/span><\/p><p><span style=\"color: #ffffff;\"><strong>Am 27. Februar,<\/strong> Bernadette vollzieht erneut die Bu\u00df\u00fcbungen (die Erde k\u00fcssen, bittere Kr\u00e4uter essen, Wasser trinken).<\/span><\/p><p><span style=\"color: #ffffff;\"><strong>Am 28. Februar,<\/strong> mehr als tausend Menschen erleben die Verz\u00fcckung Bernadette. Sie vollzieht erneut die Bu\u00df-Gesten (bittere Kr\u00e4uter essen, Wasser trinken). Sie wurde anschlie\u00dfend zu Richter Ribes gebracht, der ihr mit Gef\u00e4ngnis drohte.<\/span><\/p><p><span style=\"color: #ffffff;\"><strong>Am 1. M\u00e4rz,<\/strong> Bernadette vollzeiht erneut die Bu\u00df-Gesten.<\/span><\/p><p><span style=\"color: #ffffff;\"><strong>Am 2. M\u00e4rz:<\/strong> Eine Kapelle und eine Prozession<\/span><br \/><span style=\"color: #ffffff;\">Gegen Ende der f\u00fcnfzehn Tage, \u00fcberbrachte Bernadette mit viel Mut Pfarrer Peyramale diese Botschaft: \u201e<em>Gehen Sie zu den Priestern und sagen Sie ihnen, man m\u00f6ge hier eine Kapelle errichten und hierher in Prozession kommen<\/em>.\u201c Der Pfarrer von Lourdes wollte jedoch nur eines wissen: den Namen der Dame. Er verlangt zudem Beweise: den Rosenstrauch (Hagebutte) der Grotte mitten im Winter bl\u00fchen zu sehen.<br \/><a href=\"https:\/\/www.lourdes-france.com\/de\/am-2-maerz-1858-eine-kapelle-und-eine-prozession\/\" target=\"_blank\" rel=\"noopener\"><span style=\"color: #997e4c;\"><strong>EINE KAPELLE UND EINE PROZESSION<\/strong><\/span><\/a><\/span><\/p><p><span style=\"color: #ffffff;\"><strong>Am 3. M\u00e4rz:<\/strong> Um 7 Uhr morgens, in Anwesenheit von dreitausend Menschen, geht Bernadette zur Grotte, aber die Erscheinung erscheint nicht! Nach der Schule folgt sie einer inneren Eingebung auf Einladung der Dame. Sie geht zur Grotte und fragt sie noch einmal nach ihrem Namen. Die Antwort ist ein L\u00e4cheln. Pfarrer Peyramale sagte ihr wiederum: \u201e<strong>Wenn die Dame wirklich eine Kapelle will, lass sie ihren Namen nennen und den Rosenstrauch der Grotte erbl\u00fchen.\u201c<\/strong><\/span><\/p><p><span style=\"color: #ffffff;\"><strong>Am 4. M\u00e4rz:<\/strong> Alle erwarteten an diesem letzten Tag der f\u00fcnfzehn Tage auf ein gro\u00dfes Wunder oder eine gro\u00dfe Enth\u00fcllung, denn die Botschaft vom 18. Februar hatte gelautet: \u201e<em>Wollen Sie mir die G\u00fcte erweisen, f\u00fcr 15 Tage hierherzukommen\u201c?<\/em> und die f\u00fcnfzehn Tage enden am 4. M\u00e4rz. 8.000 Menschen str\u00f6mten auf beide Seiten des Gave zusammen.<\/span><br \/><span style=\"color: #ffffff;\">An diesem \u201egro\u00dfen Tag\u201c gesehen weder Wunder noch Offenbarungen. Die Erscheinung verl\u00e4uft still. Die Erscheinung hat ihren Namen immer noch nicht ausgesprochen. Bernadette wei\u00df nicht einmal, ob sie zur Grotte zur\u00fcckkehren wird\u2026<\/span><\/p><p><span style=\"color: #ffffff;\"><strong>Am 25. M\u00e4rz 1858:<\/strong> <strong>\u201eIch bin die Unbefleckte Empf\u00e4ngnis\u201c<\/strong><\/span><br \/><span style=\"color: #ffffff;\">Bernadette wird sehr fr\u00fch am Morgen des 25. M\u00e4rz, dem Tag der Verk\u00fcndigung des Herrn, ohne Vorank\u00fcndigung zur Grotte hingezogen. Sie hat immer noch die gleiche Sorge: Wie lautet der Name von Aquer\u00f4, den der Pfarrer verlangt. Bernadette fragt danach mit einer lang vorbereiteten zeremoniellen Formel: \u201e<em>Fr\u00e4ulein, h\u00e4tten Sie die G\u00fcte mir zu sagen, wer Sie sind, bitte?\u201c<\/em><\/span><br \/><span style=\"color: #ffffff;\">Bernadette berichtet: <em>\u201eSie erhob die Augen zum Himmel, faltete zum Gebet ihre zur Erde ausgestreckten und ge\u00f6ffneten H\u00e4nde und sagte zu mir: \u201eQue soy era imma<\/em>culada councepciou\u201c (Ich bin die Unbefleckte Empf\u00e4ngnis).\u201c<\/span><\/p><p><span style=\"color: #ffffff;\"><strong>Am 7. April 1858:<\/strong> W\u00e4hrend dieser Erscheinung empf\u00e4ngt Bernadette ihre brennende Kerze. Die Flamme z\u00fcngelte f\u00fcr l\u00e4ngere Zeit um ihre Hand, ohne sie zu verbrennen. Diese Tatsache wird unmittelbar vom Arzt, Dr. Douzous, festgestellt.<\/span><\/p><p><span style=\"color: #ffffff;\"><strong>Am 16. Juli<\/strong> (der letzten Erscheinung), am Fest Unserer Lieben Frau auf dem Berge Karmel. Bernadette versp\u00fcrt den geheimnisvollen Ruf zur Grotte zu gehen, aber der Zutritt zu Massabielle ist verboten und durch eine Palisade versperrt. Also begibt sie sich gegen\u00fcber der Grotte auf die andere Seite des Gave &#8230; und sieht die Jungfrau Maria ein letztes Mal: <em>\u201eEs schien mir, als sei ich vor der Grotte, in der gleichen Entfernung wie die anderen Male, ich sah nur die Jungfrau, ich habe sie noch nie so sch\u00f6n gesehen!&#8220;<\/em><\/span><\/p>\t\t\t\t\t\t\t\t<\/div>\n\t\t\t\t<\/div>\n\t\t\t\t<div class=\"elementor-element elementor-element-e2e70af elementor-widget elementor-widget-image\" data-id=\"e2e70af\" data-element_type=\"widget\" data-widget_type=\"image.default\">\n\t\t\t\t<div class=\"elementor-widget-container\">\n\t\t\t\t\t\t\t\t\t\t\t\t\t\t\t<img loading=\"lazy\" decoding=\"async\" width=\"1024\" height=\"330\" src=\"https:\/\/www.lourdes-france.com\/wp-content\/uploads\/2023\/02\/K22_3291-Panorama-Modifier2-copie-1024x330.jpg\" class=\"attachment-large size-large wp-image-798290\" alt=\"Procession panoramique\" srcset=\"https:\/\/www.lourdes-france.com\/wp-content\/uploads\/2023\/02\/K22_3291-Panorama-Modifier2-copie-1024x330.jpg 1024w, https:\/\/www.lourdes-france.com\/wp-content\/uploads\/2023\/02\/K22_3291-Panorama-Modifier2-copie-300x97.jpg 300w, https:\/\/www.lourdes-france.com\/wp-content\/uploads\/2023\/02\/K22_3291-Panorama-Modifier2-copie-768x247.jpg 768w, https:\/\/www.lourdes-france.com\/wp-content\/uploads\/2023\/02\/K22_3291-Panorama-Modifier2-copie-1536x495.jpg 1536w, https:\/\/www.lourdes-france.com\/wp-content\/uploads\/2023\/02\/K22_3291-Panorama-Modifier2-copie-2048x659.jpg 2048w\" sizes=\"(max-width: 1024px) 100vw, 1024px\" \/>\t\t\t\t\t\t\t\t\t\t\t\t\t\t\t<\/div>\n\t\t\t\t<\/div>\n\t\t\t\t\t<\/div>\n\t\t<\/div>\n\t\t\t\t\t<\/div>\n\t\t<\/section>\n\t\t\t\t<\/div>\n\t\t","protected":false},"excerpt":{"rendered":"<p>Feiern und begehen Sie im Jahr 2023 die Erscheinungen Unserer Lieben Frau von Lourdes vor Bernadette Im Jahr 2023 schl\u00e4gt die Wallfahrtst\u00e4tte ein spezielles Programm f\u00fcr die Tage der Erscheinungen vor Programm zur Feier der Erscheinungen Ein internationaler Vorschlag der &hellip; <a href=\"https:\/\/www.lourdes-france.com\/de\/pilger-fur-einen-tag\/feiern-und-begehen-sie-im-jahr-2023-die-erscheinungen-unserer-lieben-frau-von-lourdes-vor-bernadette\/\">Weiter<\/a><\/p>\n","protected":false},"author":7,"featured_media":798308,"parent":786765,"menu_order":0,"comment_status":"closed","ping_status":"closed","template":"","meta":{"_acf_changed":false,"footnotes":""},"class_list":["post-798900","page","type-page","status-publish","has-post-thumbnail","hentry"],"acf":[],"yoast_head":"<!-- This site is optimized with the Yoast SEO Premium plugin v24.0 (Yoast SEO v26.3) - https:\/\/yoast.com\/wordpress\/plugins\/seo\/ -->\n<title>Feiern und begehen Sie im Jahr 2023 die Erscheinungen Unserer Lieben Frau von Lourdes vor Bernadette - Vivre le p\u00e8lerinage de Lourdes<\/title>\n<meta name=\"description\" content=\"Im Jahr 2023 schl\u00e4gt die Wallfahrtst\u00e4tte ein spezielles Programm f\u00fcr die Tage der Erscheinungen vor.\" \/>\n<meta name=\"robots\" content=\"index, follow, max-snippet:-1, max-image-preview:large, max-video-preview:-1\" \/>\n<link rel=\"canonical\" href=\"https:\/\/www.lourdes-france.com\/de\/pilger-fur-einen-tag\/feiern-und-begehen-sie-im-jahr-2023-die-erscheinungen-unserer-lieben-frau-von-lourdes-vor-bernadette\/\" \/>\n<meta property=\"og:locale\" content=\"de_DE\" \/>\n<meta property=\"og:type\" content=\"article\" \/>\n<meta property=\"og:title\" content=\"Feiern und begehen Sie im Jahr 2023 die Erscheinungen Unserer Lieben Frau von Lourdes vor Bernadette\" \/>\n<meta property=\"og:description\" content=\"Im Jahr 2023 schl\u00e4gt die Wallfahrtst\u00e4tte ein spezielles Programm f\u00fcr die Tage der Erscheinungen vor.\" \/>\n<meta property=\"og:url\" content=\"https:\/\/www.lourdes-france.com\/de\/pilger-fur-einen-tag\/feiern-und-begehen-sie-im-jahr-2023-die-erscheinungen-unserer-lieben-frau-von-lourdes-vor-bernadette\/\" \/>\n<meta property=\"og:site_name\" content=\"Vivre le p\u00e8lerinage de Lourdes\" \/>\n<meta property=\"article:modified_time\" content=\"2023-02-27T11:34:57+00:00\" \/>\n<meta property=\"og:image\" content=\"https:\/\/www.lourdes-france.com\/wp-content\/uploads\/2023\/02\/programme-apparitions.jpg\" \/>\n\t<meta property=\"og:image:width\" content=\"2560\" \/>\n\t<meta property=\"og:image:height\" content=\"1440\" \/>\n\t<meta property=\"og:image:type\" content=\"image\/jpeg\" \/>\n<meta name=\"twitter:card\" content=\"summary_large_image\" \/>\n<meta name=\"twitter:label1\" content=\"Gesch\u00e4tzte Lesezeit\" \/>\n\t<meta name=\"twitter:data1\" content=\"8\u00a0Minuten\" \/>\n<script type=\"application\/ld+json\" class=\"yoast-schema-graph\">{\"@context\":\"https:\/\/schema.org\",\"@graph\":[{\"@type\":\"WebPage\",\"@id\":\"https:\/\/www.lourdes-france.com\/de\/pilger-fur-einen-tag\/feiern-und-begehen-sie-im-jahr-2023-die-erscheinungen-unserer-lieben-frau-von-lourdes-vor-bernadette\/\",\"url\":\"https:\/\/www.lourdes-france.com\/de\/pilger-fur-einen-tag\/feiern-und-begehen-sie-im-jahr-2023-die-erscheinungen-unserer-lieben-frau-von-lourdes-vor-bernadette\/\",\"name\":\"Feiern und begehen Sie im Jahr 2023 die Erscheinungen Unserer Lieben Frau von Lourdes vor Bernadette - Vivre le p\u00e8lerinage de Lourdes\",\"isPartOf\":{\"@id\":\"https:\/\/www.lourdes-france.com\/de\/#website\"},\"primaryImageOfPage\":{\"@id\":\"https:\/\/www.lourdes-france.com\/de\/pilger-fur-einen-tag\/feiern-und-begehen-sie-im-jahr-2023-die-erscheinungen-unserer-lieben-frau-von-lourdes-vor-bernadette\/#primaryimage\"},\"image\":{\"@id\":\"https:\/\/www.lourdes-france.com\/de\/pilger-fur-einen-tag\/feiern-und-begehen-sie-im-jahr-2023-die-erscheinungen-unserer-lieben-frau-von-lourdes-vor-bernadette\/#primaryimage\"},\"thumbnailUrl\":\"https:\/\/www.lourdes-france.com\/wp-content\/uploads\/2023\/02\/programme-apparitions.jpg\",\"datePublished\":\"2023-02-14T09:35:37+00:00\",\"dateModified\":\"2023-02-27T11:34:57+00:00\",\"description\":\"Im Jahr 2023 schl\u00e4gt die Wallfahrtst\u00e4tte ein spezielles Programm f\u00fcr die Tage der Erscheinungen vor.\",\"breadcrumb\":{\"@id\":\"https:\/\/www.lourdes-france.com\/de\/pilger-fur-einen-tag\/feiern-und-begehen-sie-im-jahr-2023-die-erscheinungen-unserer-lieben-frau-von-lourdes-vor-bernadette\/#breadcrumb\"},\"inLanguage\":\"de\",\"potentialAction\":[{\"@type\":\"ReadAction\",\"target\":[\"https:\/\/www.lourdes-france.com\/de\/pilger-fur-einen-tag\/feiern-und-begehen-sie-im-jahr-2023-die-erscheinungen-unserer-lieben-frau-von-lourdes-vor-bernadette\/\"]}]},{\"@type\":\"ImageObject\",\"inLanguage\":\"de\",\"@id\":\"https:\/\/www.lourdes-france.com\/de\/pilger-fur-einen-tag\/feiern-und-begehen-sie-im-jahr-2023-die-erscheinungen-unserer-lieben-frau-von-lourdes-vor-bernadette\/#primaryimage\",\"url\":\"https:\/\/www.lourdes-france.com\/wp-content\/uploads\/2023\/02\/programme-apparitions.jpg\",\"contentUrl\":\"https:\/\/www.lourdes-france.com\/wp-content\/uploads\/2023\/02\/programme-apparitions.jpg\",\"width\":2560,\"height\":1440,\"caption\":\"Feiern und begehen Sie im Jahr 2023 die Erscheinungen Unserer Lieben Frau von Lourdes vor Bernadette\"},{\"@type\":\"BreadcrumbList\",\"@id\":\"https:\/\/www.lourdes-france.com\/de\/pilger-fur-einen-tag\/feiern-und-begehen-sie-im-jahr-2023-die-erscheinungen-unserer-lieben-frau-von-lourdes-vor-bernadette\/#breadcrumb\",\"itemListElement\":[{\"@type\":\"ListItem\",\"position\":1,\"name\":\"Accueil\",\"item\":\"https:\/\/www.lourdes-france.com\/de\/\"},{\"@type\":\"ListItem\",\"position\":2,\"name\":\"Pilger f\u00fcr einen Tag\",\"item\":\"https:\/\/www.lourdes-france.com\/de\/pelerin-dun-jour\/\"},{\"@type\":\"ListItem\",\"position\":3,\"name\":\"Feiern und begehen Sie im Jahr 2023 die Erscheinungen Unserer Lieben Frau von Lourdes vor Bernadette\"}]},{\"@type\":\"WebSite\",\"@id\":\"https:\/\/www.lourdes-france.com\/de\/#website\",\"url\":\"https:\/\/www.lourdes-france.com\/de\/\",\"name\":\"Sanctuaire Notre-Dame de Lourdes\",\"description\":\"\",\"publisher\":{\"@id\":\"https:\/\/www.lourdes-france.com\/de\/#organization\"},\"potentialAction\":[{\"@type\":\"SearchAction\",\"target\":{\"@type\":\"EntryPoint\",\"urlTemplate\":\"https:\/\/www.lourdes-france.com\/de\/?s={search_term_string}\"},\"query-input\":{\"@type\":\"PropertyValueSpecification\",\"valueRequired\":true,\"valueName\":\"search_term_string\"}}],\"inLanguage\":\"de\"},{\"@type\":\"Organization\",\"@id\":\"https:\/\/www.lourdes-france.com\/de\/#organization\",\"name\":\"Sanctuaire Notre-Dame de Lourdes\",\"url\":\"https:\/\/www.lourdes-france.com\/de\/\",\"logo\":{\"@type\":\"ImageObject\",\"inLanguage\":\"de\",\"@id\":\"https:\/\/www.lourdes-france.com\/de\/#\/schema\/logo\/image\/\",\"url\":\"https:\/\/www.lourdes-france.com\/wp-content\/uploads\/2021\/11\/logo-small.png\",\"contentUrl\":\"https:\/\/www.lourdes-france.com\/wp-content\/uploads\/2021\/11\/logo-small.png\",\"width\":834,\"height\":521,\"caption\":\"Sanctuaire Notre-Dame de Lourdes\"},\"image\":{\"@id\":\"https:\/\/www.lourdes-france.com\/de\/#\/schema\/logo\/image\/\"}}]}<\/script>\n<!-- \/ Yoast SEO Premium plugin. -->","yoast_head_json":{"title":"Feiern und begehen Sie im Jahr 2023 die Erscheinungen Unserer Lieben Frau von Lourdes vor Bernadette - Vivre le p\u00e8lerinage de Lourdes","description":"Im Jahr 2023 schl\u00e4gt die Wallfahrtst\u00e4tte ein spezielles Programm f\u00fcr die Tage der Erscheinungen vor.","robots":{"index":"index","follow":"follow","max-snippet":"max-snippet:-1","max-image-preview":"max-image-preview:large","max-video-preview":"max-video-preview:-1"},"canonical":"https:\/\/www.lourdes-france.com\/de\/pilger-fur-einen-tag\/feiern-und-begehen-sie-im-jahr-2023-die-erscheinungen-unserer-lieben-frau-von-lourdes-vor-bernadette\/","og_locale":"de_DE","og_type":"article","og_title":"Feiern und begehen Sie im Jahr 2023 die Erscheinungen Unserer Lieben Frau von Lourdes vor Bernadette","og_description":"Im Jahr 2023 schl\u00e4gt die Wallfahrtst\u00e4tte ein spezielles Programm f\u00fcr die Tage der Erscheinungen vor.","og_url":"https:\/\/www.lourdes-france.com\/de\/pilger-fur-einen-tag\/feiern-und-begehen-sie-im-jahr-2023-die-erscheinungen-unserer-lieben-frau-von-lourdes-vor-bernadette\/","og_site_name":"Vivre le p\u00e8lerinage de Lourdes","article_modified_time":"2023-02-27T11:34:57+00:00","og_image":[{"width":2560,"height":1440,"url":"https:\/\/www.lourdes-france.com\/wp-content\/uploads\/2023\/02\/programme-apparitions.jpg","type":"image\/jpeg"}],"twitter_card":"summary_large_image","twitter_misc":{"Gesch\u00e4tzte Lesezeit":"8\u00a0Minuten"},"schema":{"@context":"https:\/\/schema.org","@graph":[{"@type":"WebPage","@id":"https:\/\/www.lourdes-france.com\/de\/pilger-fur-einen-tag\/feiern-und-begehen-sie-im-jahr-2023-die-erscheinungen-unserer-lieben-frau-von-lourdes-vor-bernadette\/","url":"https:\/\/www.lourdes-france.com\/de\/pilger-fur-einen-tag\/feiern-und-begehen-sie-im-jahr-2023-die-erscheinungen-unserer-lieben-frau-von-lourdes-vor-bernadette\/","name":"Feiern und begehen Sie im Jahr 2023 die Erscheinungen Unserer Lieben Frau von Lourdes vor Bernadette - Vivre le p\u00e8lerinage de Lourdes","isPartOf":{"@id":"https:\/\/www.lourdes-france.com\/de\/#website"},"primaryImageOfPage":{"@id":"https:\/\/www.lourdes-france.com\/de\/pilger-fur-einen-tag\/feiern-und-begehen-sie-im-jahr-2023-die-erscheinungen-unserer-lieben-frau-von-lourdes-vor-bernadette\/#primaryimage"},"image":{"@id":"https:\/\/www.lourdes-france.com\/de\/pilger-fur-einen-tag\/feiern-und-begehen-sie-im-jahr-2023-die-erscheinungen-unserer-lieben-frau-von-lourdes-vor-bernadette\/#primaryimage"},"thumbnailUrl":"https:\/\/www.lourdes-france.com\/wp-content\/uploads\/2023\/02\/programme-apparitions.jpg","datePublished":"2023-02-14T09:35:37+00:00","dateModified":"2023-02-27T11:34:57+00:00","description":"Im Jahr 2023 schl\u00e4gt die Wallfahrtst\u00e4tte ein spezielles Programm f\u00fcr die Tage der Erscheinungen vor.","breadcrumb":{"@id":"https:\/\/www.lourdes-france.com\/de\/pilger-fur-einen-tag\/feiern-und-begehen-sie-im-jahr-2023-die-erscheinungen-unserer-lieben-frau-von-lourdes-vor-bernadette\/#breadcrumb"},"inLanguage":"de","potentialAction":[{"@type":"ReadAction","target":["https:\/\/www.lourdes-france.com\/de\/pilger-fur-einen-tag\/feiern-und-begehen-sie-im-jahr-2023-die-erscheinungen-unserer-lieben-frau-von-lourdes-vor-bernadette\/"]}]},{"@type":"ImageObject","inLanguage":"de","@id":"https:\/\/www.lourdes-france.com\/de\/pilger-fur-einen-tag\/feiern-und-begehen-sie-im-jahr-2023-die-erscheinungen-unserer-lieben-frau-von-lourdes-vor-bernadette\/#primaryimage","url":"https:\/\/www.lourdes-france.com\/wp-content\/uploads\/2023\/02\/programme-apparitions.jpg","contentUrl":"https:\/\/www.lourdes-france.com\/wp-content\/uploads\/2023\/02\/programme-apparitions.jpg","width":2560,"height":1440,"caption":"Feiern und begehen Sie im Jahr 2023 die Erscheinungen Unserer Lieben Frau von Lourdes vor Bernadette"},{"@type":"BreadcrumbList","@id":"https:\/\/www.lourdes-france.com\/de\/pilger-fur-einen-tag\/feiern-und-begehen-sie-im-jahr-2023-die-erscheinungen-unserer-lieben-frau-von-lourdes-vor-bernadette\/#breadcrumb","itemListElement":[{"@type":"ListItem","position":1,"name":"Accueil","item":"https:\/\/www.lourdes-france.com\/de\/"},{"@type":"ListItem","position":2,"name":"Pilger f\u00fcr einen Tag","item":"https:\/\/www.lourdes-france.com\/de\/pelerin-dun-jour\/"},{"@type":"ListItem","position":3,"name":"Feiern und begehen Sie im Jahr 2023 die Erscheinungen Unserer Lieben Frau von Lourdes vor Bernadette"}]},{"@type":"WebSite","@id":"https:\/\/www.lourdes-france.com\/de\/#website","url":"https:\/\/www.lourdes-france.com\/de\/","name":"Sanctuaire Notre-Dame de Lourdes","description":"","publisher":{"@id":"https:\/\/www.lourdes-france.com\/de\/#organization"},"potentialAction":[{"@type":"SearchAction","target":{"@type":"EntryPoint","urlTemplate":"https:\/\/www.lourdes-france.com\/de\/?s={search_term_string}"},"query-input":{"@type":"PropertyValueSpecification","valueRequired":true,"valueName":"search_term_string"}}],"inLanguage":"de"},{"@type":"Organization","@id":"https:\/\/www.lourdes-france.com\/de\/#organization","name":"Sanctuaire Notre-Dame de Lourdes","url":"https:\/\/www.lourdes-france.com\/de\/","logo":{"@type":"ImageObject","inLanguage":"de","@id":"https:\/\/www.lourdes-france.com\/de\/#\/schema\/logo\/image\/","url":"https:\/\/www.lourdes-france.com\/wp-content\/uploads\/2021\/11\/logo-small.png","contentUrl":"https:\/\/www.lourdes-france.com\/wp-content\/uploads\/2021\/11\/logo-small.png","width":834,"height":521,"caption":"Sanctuaire Notre-Dame de Lourdes"},"image":{"@id":"https:\/\/www.lourdes-france.com\/de\/#\/schema\/logo\/image\/"}}]}},"_links":{"self":[{"href":"https:\/\/www.lourdes-france.com\/de\/wp-json\/wp\/v2\/pages\/798900","targetHints":{"allow":["GET"]}}],"collection":[{"href":"https:\/\/www.lourdes-france.com\/de\/wp-json\/wp\/v2\/pages"}],"about":[{"href":"https:\/\/www.lourdes-france.com\/de\/wp-json\/wp\/v2\/types\/page"}],"author":[{"embeddable":true,"href":"https:\/\/www.lourdes-france.com\/de\/wp-json\/wp\/v2\/users\/7"}],"replies":[{"embeddable":true,"href":"https:\/\/www.lourdes-france.com\/de\/wp-json\/wp\/v2\/comments?post=798900"}],"version-history":[{"count":0,"href":"https:\/\/www.lourdes-france.com\/de\/wp-json\/wp\/v2\/pages\/798900\/revisions"}],"up":[{"embeddable":true,"href":"https:\/\/www.lourdes-france.com\/de\/wp-json\/wp\/v2\/pages\/786765"}],"wp:featuredmedia":[{"embeddable":true,"href":"https:\/\/www.lourdes-france.com\/de\/wp-json\/wp\/v2\/media\/798308"}],"wp:attachment":[{"href":"https:\/\/www.lourdes-france.com\/de\/wp-json\/wp\/v2\/media?parent=798900"}],"curies":[{"name":"wp","href":"https:\/\/api.w.org\/{rel}","templated":true}]}}